{"id":1213,"date":"2021-07-22T13:25:26","date_gmt":"2021-07-22T13:25:26","guid":{"rendered":"https:\/\/dramaturgiaparalainfanciaylajuventud.com\/?page_id=1213"},"modified":"2026-04-27T09:20:30","modified_gmt":"2026-04-27T09:20:30","slug":"elementor-1213","status":"publish","type":"page","link":"https:\/\/dramaturgiaparalainfanciaylajuventud.com\/?page_id=1213","title":{"rendered":"PONENTES Y TALLERISTAS"},"content":{"rendered":"\t\t<div data-elementor-type=\"wp-page\" data-elementor-id=\"1213\" class=\"elementor elementor-1213\" data-elementor-post-type=\"page\">\n\t\t\t\t<div class=\"elementor-element elementor-element-bb6adba e-flex e-con-boxed e-con e-parent\" data-id=\"bb6adba\" data-element_type=\"container\" data-e-type=\"container\">\n\t\t\t\t\t<div class=\"e-con-inner\">\n\t\t\t\t<div class=\"elementor-element elementor-element-fd32f5f elementor-widget elementor-widget-heading\" data-id=\"fd32f5f\" data-element_type=\"widget\" data-e-type=\"widget\" data-widget_type=\"heading.default\">\n\t\t\t\t<div class=\"elementor-widget-container\">\n\t\t\t\t\t<h1 class=\"elementor-heading-title elementor-size-default\">TALLERES<\/h1>\t\t\t\t<\/div>\n\t\t\t\t<\/div>\n\t\t\t\t\t<\/div>\n\t\t\t\t<\/div>\n\t\t<div class=\"elementor-element elementor-element-731d8c1 e-flex e-con-boxed e-con e-parent\" data-id=\"731d8c1\" data-element_type=\"container\" data-e-type=\"container\">\n\t\t\t\t\t<div class=\"e-con-inner\">\n\t\t\t\t<div class=\"elementor-element elementor-element-a605196 elementor-widget__width-initial elementor-widget elementor-widget-image\" data-id=\"a605196\" data-element_type=\"widget\" data-e-type=\"widget\" data-widget_type=\"image.default\">\n\t\t\t\t<div class=\"elementor-widget-container\">\n\t\t\t\t\t\t\t\t\t\t\t\t\t\t\t<img decoding=\"async\" src=\"https:\/\/dramaturgiaparalainfanciaylajuventud.com\/wp-content\/uploads\/elementor\/thumbs\/Imagen2-qm5xt5mjk2xwmbxj906hbbr6qj379yhbuc2g59sji0.jpg\" title=\"Jokin Oregi\" alt=\"Jokin Oregi\" loading=\"lazy\" \/>\t\t\t\t\t\t\t\t\t\t\t\t\t\t\t<\/div>\n\t\t\t\t<\/div>\n\t\t<div class=\"elementor-element elementor-element-5d44a28 e-con-full e-flex e-con e-child\" data-id=\"5d44a28\" data-element_type=\"container\" data-e-type=\"container\">\n\t\t\t\t<div class=\"elementor-element elementor-element-5ae9b44 elementor-widget elementor-widget-heading\" data-id=\"5ae9b44\" data-element_type=\"widget\" data-e-type=\"widget\" data-widget_type=\"heading.default\">\n\t\t\t\t<div class=\"elementor-widget-container\">\n\t\t\t\t\t<h2 class=\"elementor-heading-title elementor-size-default\">Jokin Oregi<\/h2>\t\t\t\t<\/div>\n\t\t\t\t<\/div>\n\t\t\t\t<div class=\"elementor-element elementor-element-be96a77 elementor-widget elementor-widget-text-editor\" data-id=\"be96a77\" data-element_type=\"widget\" data-e-type=\"widget\" data-widget_type=\"text-editor.default\">\n\t\t\t\t<div class=\"elementor-widget-container\">\n\t\t\t\t\t\t\t\t\t<p>Dramaturgo y director, es conocido por sus trabajos en la compa\u00f1\u00eda Marie de Jongh, aunque tambi\u00e9n ha colaborado con compa\u00f1\u00edas como Gorakada, La Baldufa, Arena en los Bolsillos, Zum-Zum, La Mar, Yarleku, Vaiv\u00e9n circo, La monto o Engruna Teatre.<\/p><p>En su carrera ha recibido numerosos premios tanto como dramaturgo como director. Le gusta referirse a s\u00ed mismo como escritor de espect\u00e1culos ya que, generalmente, no hace distinci\u00f3n entre escribir y crear.<\/p>\t\t\t\t\t\t\t\t<\/div>\n\t\t\t\t<\/div>\n\t\t\t\t<\/div>\n\t\t\t\t\t<\/div>\n\t\t\t\t<\/div>\n\t\t<div class=\"elementor-element elementor-element-baa806b e-flex e-con-boxed e-con e-parent\" data-id=\"baa806b\" data-element_type=\"container\" data-e-type=\"container\">\n\t\t\t\t\t<div class=\"e-con-inner\">\n\t\t\t\t<div class=\"elementor-element elementor-element-a58ff4a elementor-widget-divider--view-line elementor-widget elementor-widget-divider\" data-id=\"a58ff4a\" data-element_type=\"widget\" data-e-type=\"widget\" data-widget_type=\"divider.default\">\n\t\t\t\t<div class=\"elementor-widget-container\">\n\t\t\t\t\t\t\t<div class=\"elementor-divider\">\n\t\t\t<span class=\"elementor-divider-separator\">\n\t\t\t\t\t\t<\/span>\n\t\t<\/div>\n\t\t\t\t\t\t<\/div>\n\t\t\t\t<\/div>\n\t\t\t\t\t<\/div>\n\t\t\t\t<\/div>\n\t\t<div class=\"elementor-element elementor-element-e603690 e-flex e-con-boxed e-con e-parent\" data-id=\"e603690\" data-element_type=\"container\" data-e-type=\"container\">\n\t\t\t\t\t<div class=\"e-con-inner\">\n\t\t\t\t<div class=\"elementor-element elementor-element-b951050 elementor-widget__width-initial elementor-widget elementor-widget-image\" data-id=\"b951050\" data-element_type=\"widget\" data-e-type=\"widget\" data-widget_type=\"image.default\">\n\t\t\t\t<div class=\"elementor-widget-container\">\n\t\t\t\t\t\t\t\t\t\t\t\t\t\t\t<img decoding=\"async\" src=\"https:\/\/dramaturgiaparalainfanciaylajuventud.com\/wp-content\/uploads\/elementor\/thumbs\/Lucia-Miranda-La-cabeza-del-dragon-01-Javi-Burgos-1-qm5ywamm4qiq1t2vpf88my75746es8uyw1zaj1reew.jpg\" title=\"Lucia Miranda-La cabeza del dragon-01- Javi Burgos (1)\" alt=\"Lucia Miranda-La cabeza del dragon-01- Javi Burgos (1)\" loading=\"lazy\" \/>\t\t\t\t\t\t\t\t\t\t\t\t\t\t\t<\/div>\n\t\t\t\t<\/div>\n\t\t<div class=\"elementor-element elementor-element-1e622f6 e-con-full e-flex e-con e-child\" data-id=\"1e622f6\" data-element_type=\"container\" data-e-type=\"container\">\n\t\t\t\t<div class=\"elementor-element elementor-element-db77c91 elementor-widget elementor-widget-heading\" data-id=\"db77c91\" data-element_type=\"widget\" data-e-type=\"widget\" data-widget_type=\"heading.default\">\n\t\t\t\t<div class=\"elementor-widget-container\">\n\t\t\t\t\t<h2 class=\"elementor-heading-title elementor-size-default\">Luc\u00eda Miranda<\/h2>\t\t\t\t<\/div>\n\t\t\t\t<\/div>\n\t\t\t\t<div class=\"elementor-element elementor-element-f4d5906 elementor-widget elementor-widget-text-editor\" data-id=\"f4d5906\" data-element_type=\"widget\" data-e-type=\"widget\" data-widget_type=\"text-editor.default\">\n\t\t\t\t<div class=\"elementor-widget-container\">\n\t\t\t\t\t\t\t\t\t<p>Directora de escena, gestora cultural, dramaturga y arte-educadora.\u202f\u00a0<\/p><p>Es fundadora de <a href=\"https:\/\/thecrossborderproject.com\/\">The Cross Border Project<\/a>, compa\u00f1\u00eda que trabaja en la intersecci\u00f3n de las artes esc\u00e9nicas y la educaci\u00f3n, y cofundadora del colectivo internacional\u202f<a href=\"https:\/\/www.paisclandestino.com\/\">Pa\u00eds Clandestino<\/a>.<\/p><p>Ha obtenido el Premio El Ojo Cr\u00edtico de RNE de Teatro 2018, el Premio Jos\u00e9 Luis Alonso para J\u00f3venes Directores de la Asociaci\u00f3n de Directores de Escena (ADE) 2013 y la Menci\u00f3n Especial del Jurado de Almagro Off 2011. Sus espect\u00e1culos se han estrenado en ciudades como Nueva York, Miami, Guayaquil, Madrid y Barcelona, obteniendo los premios ACE y HOLA en Nueva York o el ONU Woman de Am\u00e9rica Latina contra la violencia de g\u00e9nero.\u00a0<\/p><p>Como dramaturga ha publicado en Ediciones Ant\u00edgona <em>Fiesta, Fiesta, Fiesta <\/em>(finalista a mejor autor\u00eda teatral Premios Max 2019; <em>Casa<\/em>; <em>Nora,1959<\/em> (CDN) y <em>Alicias buscan Maravillas<\/em> (V Laboratorio de Escritura Teatral SGAE), espect\u00e1culos que tambi\u00e9n ha dirigido. Ha coescrito <em>Pa\u00eds Clandestino<\/em>, que ha girado por festivales en Argentina, S\u00e3o Paulo, Uruguay o Portugal.\u00a0\u00a0<\/p><p>Como artista-educadora ha coordinado proyectos de teatro aplicado a la educaci\u00f3n y la transformaci\u00f3n social en Am\u00e9rica, Europa y \u00c1frica. Desde el 2020 es la coordinadora pedag\u00f3gica de Nuevos Dram\u00e1ticos, el proyecto para infancia del CDN.\u00a0\u00a0<\/p><p>Tiene un M\u00e1ster en Teatro y Educaci\u00f3n por la New York University y un M\u00e1ster en Gesti\u00f3n de Artes Esc\u00e9nicas por el ICCMU-Universidad Complutense. Es miembro del Director\u00b4s Lab del Lincoln Center de Nueva York.<\/p>\t\t\t\t\t\t\t\t<\/div>\n\t\t\t\t<\/div>\n\t\t\t\t<\/div>\n\t\t\t\t\t<\/div>\n\t\t\t\t<\/div>\n\t\t<div class=\"elementor-element elementor-element-afa86a4 e-flex e-con-boxed e-con e-parent\" data-id=\"afa86a4\" data-element_type=\"container\" data-e-type=\"container\">\n\t\t\t\t\t<div class=\"e-con-inner\">\n\t\t\t\t<div class=\"elementor-element elementor-element-5d0e83d elementor-widget-divider--view-line elementor-widget elementor-widget-divider\" data-id=\"5d0e83d\" data-element_type=\"widget\" data-e-type=\"widget\" data-widget_type=\"divider.default\">\n\t\t\t\t<div class=\"elementor-widget-container\">\n\t\t\t\t\t\t\t<div class=\"elementor-divider\">\n\t\t\t<span class=\"elementor-divider-separator\">\n\t\t\t\t\t\t<\/span>\n\t\t<\/div>\n\t\t\t\t\t\t<\/div>\n\t\t\t\t<\/div>\n\t\t\t\t\t<\/div>\n\t\t\t\t<\/div>\n\t\t<div class=\"elementor-element elementor-element-122c05e e-flex e-con-boxed e-con e-parent\" data-id=\"122c05e\" data-element_type=\"container\" data-e-type=\"container\">\n\t\t\t\t\t<div class=\"e-con-inner\">\n\t\t\t\t<div class=\"elementor-element elementor-element-5e5fdec elementor-widget elementor-widget-heading\" data-id=\"5e5fdec\" data-element_type=\"widget\" data-e-type=\"widget\" data-widget_type=\"heading.default\">\n\t\t\t\t<div class=\"elementor-widget-container\">\n\t\t\t\t\t<h1 class=\"elementor-heading-title elementor-size-default\">MESA DE PROYECTOS: LA EDICI\u00d3N Y LA CIRCULACI\u00d3N DE TEXTOS TEATRALES PARA P\u00daBLICO INFANTIL Y JUVENIL<\/h1>\t\t\t\t<\/div>\n\t\t\t\t<\/div>\n\t\t\t\t\t<\/div>\n\t\t\t\t<\/div>\n\t\t<div class=\"elementor-element elementor-element-83c6d03 e-flex e-con-boxed e-con e-parent\" data-id=\"83c6d03\" data-element_type=\"container\" data-e-type=\"container\">\n\t\t\t\t\t<div class=\"e-con-inner\">\n\t\t<div class=\"elementor-element elementor-element-b2576aa e-con-full e-flex e-con e-child\" data-id=\"b2576aa\" data-element_type=\"container\" data-e-type=\"container\">\n\t\t\t\t<div class=\"elementor-element elementor-element-3eb81e8 elementor-widget__width-initial elementor-widget elementor-widget-image\" data-id=\"3eb81e8\" data-element_type=\"widget\" data-e-type=\"widget\" data-widget_type=\"image.default\">\n\t\t\t\t<div class=\"elementor-widget-container\">\n\t\t\t\t\t\t\t\t\t\t\t\t\t\t\t<img decoding=\"async\" src=\"https:\/\/dramaturgiaparalainfanciaylajuventud.com\/wp-content\/uploads\/elementor\/thumbs\/Boris-1-qmvx86lzxrik7z2pqpy7p1toel5ydt07e8u5t1hsc8.jpg\" title=\"Boris 1\" alt=\"Boris Schoemann\" loading=\"lazy\" \/>\t\t\t\t\t\t\t\t\t\t\t\t\t\t\t<\/div>\n\t\t\t\t<\/div>\n\t\t\t\t<\/div>\n\t\t<div class=\"elementor-element elementor-element-49de9e9 e-con-full e-flex e-con e-child\" data-id=\"49de9e9\" data-element_type=\"container\" data-e-type=\"container\">\n\t\t\t\t<div class=\"elementor-element elementor-element-f817f6c elementor-widget elementor-widget-heading\" data-id=\"f817f6c\" data-element_type=\"widget\" data-e-type=\"widget\" data-widget_type=\"heading.default\">\n\t\t\t\t<div class=\"elementor-widget-container\">\n\t\t\t\t\t<h2 class=\"elementor-heading-title elementor-size-default\">Boris Schoemann<\/h2>\t\t\t\t<\/div>\n\t\t\t\t<\/div>\n\t\t\t\t<div class=\"elementor-element elementor-element-f522e1d elementor-widget elementor-widget-text-editor\" data-id=\"f522e1d\" data-element_type=\"widget\" data-e-type=\"widget\" data-widget_type=\"text-editor.default\">\n\t\t\t\t<div class=\"elementor-widget-container\">\n\t\t\t\t\t\t\t\t\t<p><span style=\"font-size: 16px\">Director, actor, traductor, editor y docente teatral nacido en Francia en 1964. Reside y desarrolla sus actividades profesionales en M\u00e9xico desde 1989, pa\u00eds donde se naturaliz\u00f3. En 2000 funda la Compa\u00f1\u00eda Los Endebles y desde entonces es director art\u00edstico del Teatro La Capilla en la Ciudad de M\u00e9xico y de la editorial Los Textos de La Capilla Segunda \u00c9poca. <\/span><\/p><p><span style=\"font-size: 16px\">Ha traducido y dirigido obras de dramaturgos franceses y canadienses contempor\u00e1neos y ha montado y traducido al franc\u00e9s textos de autores mexicanos. Fue miembro del Sistema Nacional de Creadores de Arte en dos ocasiones y ha recibido distintas becas del Fondo Nacional para la Cultura y las Artes, la residencia del Centre des Auteurs Dramatiques de Quebec, de traducci\u00f3n del Centro Internacional de Traducci\u00f3n Literaria de Banff, Canad\u00e1. <\/span><\/p><p><span style=\"font-size: 16px\">Ha participado en el Seminario Internacional de Traductores Teatrales de Montreal y en el Word Exchange del Lark Play Development Centre de Nueva York. Es creador y director de la Semana Internacional de la Dramaturgia Contempor\u00e1nea desde el 2002. Fue co-director art\u00edstico de la Compa\u00f1\u00eda Titular de Teatro de la Universidad Veracruzana de 2005 a 2013. <\/span><\/p><p><span style=\"font-size: 16px\">Recibi\u00f3 el Premio al Mejor director de Teatro de b\u00fasqueda de la Asociaci\u00f3n Mexicana de Cr\u00edticos de Teatro en 2006. En 2009 obtuvo la medalla de la Gobernadora General de Canad\u00e1 por favorecer el desarrollo cultural entre M\u00e9xico y Canad\u00e1, y en 2012 recibi\u00f3 la medalla de los franc\u00f3fonos de Am\u00e9rica. En 2019 celebr\u00f3 sus primeros 30 a\u00f1os en M\u00e9xico con el ciclo \u201cCarrusel Teatral\u201d del Centro Nacional de las Artes, en el que present\u00f3 6 obras en repertorio de la Compa\u00f1\u00eda Los Endebles. <\/span><\/p><p><span style=\"font-size: 16px\">Ha dirigido m\u00e1s de 80 puestas en escena para ni\u00f1os, adolescentes y adultos y actuado en cerca de 40.<\/span><\/p>\t\t\t\t\t\t\t\t<\/div>\n\t\t\t\t<\/div>\n\t\t\t\t<\/div>\n\t\t\t\t\t<\/div>\n\t\t\t\t<\/div>\n\t\t<div class=\"elementor-element elementor-element-a635240 e-flex e-con-boxed e-con e-parent\" data-id=\"a635240\" data-element_type=\"container\" data-e-type=\"container\">\n\t\t\t\t\t<div class=\"e-con-inner\">\n\t\t\t\t<div class=\"elementor-element elementor-element-48fcbd3 elementor-widget-divider--view-line elementor-widget elementor-widget-divider\" data-id=\"48fcbd3\" data-element_type=\"widget\" data-e-type=\"widget\" data-widget_type=\"divider.default\">\n\t\t\t\t<div class=\"elementor-widget-container\">\n\t\t\t\t\t\t\t<div class=\"elementor-divider\">\n\t\t\t<span class=\"elementor-divider-separator\">\n\t\t\t\t\t\t<\/span>\n\t\t<\/div>\n\t\t\t\t\t\t<\/div>\n\t\t\t\t<\/div>\n\t\t\t\t\t<\/div>\n\t\t\t\t<\/div>\n\t\t<div class=\"elementor-element elementor-element-5ce7a8c e-flex e-con-boxed e-con e-parent\" data-id=\"5ce7a8c\" data-element_type=\"container\" data-e-type=\"container\">\n\t\t\t\t\t<div class=\"e-con-inner\">\n\t\t<div class=\"elementor-element elementor-element-6fdc8c8 e-con-full e-flex e-con e-child\" data-id=\"6fdc8c8\" data-element_type=\"container\" data-e-type=\"container\">\n\t\t\t\t<div class=\"elementor-element elementor-element-6521a85 elementor-widget elementor-widget-image\" data-id=\"6521a85\" data-element_type=\"widget\" data-e-type=\"widget\" data-widget_type=\"image.default\">\n\t\t\t\t<div class=\"elementor-widget-container\">\n\t\t\t\t\t\t\t\t\t\t\t\t\t\t\t<img decoding=\"async\" src=\"https:\/\/dramaturgiaparalainfanciaylajuventud.com\/wp-content\/uploads\/elementor\/thumbs\/EMILE-LANSMAN-2014-300-dpi-recadree-1-scaled-qmvxcoa8l9nvowjvinu1lx0ykv135qu1ch1ocmu2m0.jpg\" title=\"EMILE LANSMAN\" alt=\"Emile Lansman\" loading=\"lazy\" \/>\t\t\t\t\t\t\t\t\t\t\t\t\t\t\t<\/div>\n\t\t\t\t<\/div>\n\t\t\t\t<\/div>\n\t\t<div class=\"elementor-element elementor-element-ab01ddd e-con-full e-flex e-con e-child\" data-id=\"ab01ddd\" data-element_type=\"container\" data-e-type=\"container\">\n\t\t\t\t<div class=\"elementor-element elementor-element-4b45ef6 elementor-widget elementor-widget-heading\" data-id=\"4b45ef6\" data-element_type=\"widget\" data-e-type=\"widget\" data-widget_type=\"heading.default\">\n\t\t\t\t<div class=\"elementor-widget-container\">\n\t\t\t\t\t<h2 class=\"elementor-heading-title elementor-size-default\">Emile Lansman<\/h2>\t\t\t\t<\/div>\n\t\t\t\t<\/div>\n\t\t\t\t<div class=\"elementor-element elementor-element-f91353a elementor-widget elementor-widget-text-editor\" data-id=\"f91353a\" data-element_type=\"widget\" data-e-type=\"widget\" data-widget_type=\"text-editor.default\">\n\t\t\t\t<div class=\"elementor-widget-container\">\n\t\t\t\t\t\t\t\t\t<p>Psicopedagogo de formaci\u00f3n, Emile Lansman ha asumido progresivamente cinco funciones: profesor, periodista, programador, formador y editor, lo que le ha convertido en testigo activo del desarrollo del teatro franc\u00f3fono (sobre todo para ni\u00f1os y adolescentes) desde 1968. Su doble formaci\u00f3n (pedag\u00f3gica y cultural) le ha llevado a trabajar a distintos niveles en todo el mundo franc\u00f3fono.<\/p><p>Durante 27 a\u00f1os dirigi\u00f3 la asociaci\u00f3n belga th\u00e9\u00e2tre-\u00e9ducation, ayud\u00f3 a fundar la Asociaci\u00f3n Internacional de Teatro y Educaci\u00f3n (IDEA) y entre 1999 y 2017 fue experto art\u00edstico, luego presidente y finalmente coordinador de la Commission internationale du th\u00e9\u00e2tre francophone (CITF).<\/p><p>Desde 1989, tambi\u00e9n ha desarrollado una importante actividad editorial: 1.410 obras publicadas hasta la fecha, que representan unas 3.000 obras de teatro, un tercio de las cuales son para p\u00fablico joven. Los autores proceden de todo el mundo franc\u00f3fono (Europa, \u00c1frica y Norteam\u00e9rica). En la actualidad, sigue poniendo su experiencia de \u00abbarquero\u00bb al servicio de los proyectos que le solicitan los socios.<\/p><p>Es Oficial de la Ordre des Arts et Lettres de Francia y miembro de la Ordre des Francophones d&#8217;Am\u00e9rique.<\/p>\t\t\t\t\t\t\t\t<\/div>\n\t\t\t\t<\/div>\n\t\t\t\t<\/div>\n\t\t\t\t\t<\/div>\n\t\t\t\t<\/div>\n\t\t<div class=\"elementor-element elementor-element-ac4fee2 e-flex e-con-boxed e-con e-parent\" data-id=\"ac4fee2\" data-element_type=\"container\" data-e-type=\"container\">\n\t\t\t\t\t<div class=\"e-con-inner\">\n\t\t\t\t<div class=\"elementor-element elementor-element-9e7d040 elementor-widget-divider--view-line elementor-widget elementor-widget-divider\" data-id=\"9e7d040\" data-element_type=\"widget\" data-e-type=\"widget\" data-widget_type=\"divider.default\">\n\t\t\t\t<div class=\"elementor-widget-container\">\n\t\t\t\t\t\t\t<div class=\"elementor-divider\">\n\t\t\t<span class=\"elementor-divider-separator\">\n\t\t\t\t\t\t<\/span>\n\t\t<\/div>\n\t\t\t\t\t\t<\/div>\n\t\t\t\t<\/div>\n\t\t\t\t\t<\/div>\n\t\t\t\t<\/div>\n\t\t<div class=\"elementor-element elementor-element-cb3359f e-flex e-con-boxed e-con e-parent\" data-id=\"cb3359f\" data-element_type=\"container\" data-e-type=\"container\">\n\t\t\t\t\t<div class=\"e-con-inner\">\n\t\t<div class=\"elementor-element elementor-element-9b15953 e-con-full e-flex e-con e-child\" data-id=\"9b15953\" data-element_type=\"container\" data-e-type=\"container\">\n\t\t\t\t<div class=\"elementor-element elementor-element-501090f elementor-widget elementor-widget-image\" data-id=\"501090f\" data-element_type=\"widget\" data-e-type=\"widget\" data-widget_type=\"image.default\">\n\t\t\t\t<div class=\"elementor-widget-container\">\n\t\t\t\t\t\t\t\t\t\t\t\t\t\t\t<img decoding=\"async\" src=\"https:\/\/dramaturgiaparalainfanciaylajuventud.com\/wp-content\/uploads\/elementor\/thumbs\/Marie-Pierre-Cattino-c-Sarah-Meunier1-qmzid3nrkdj7yc9gbqon9euh758n9zvyw94cz6hw3c.png\" title=\"Marie-Pierre-Cattino. Foto de Sarah Meunier1\" alt=\"Marie-Pierre-Cattino. Foto de Sarah Meunier1\" loading=\"lazy\" \/>\t\t\t\t\t\t\t\t\t\t\t\t\t\t\t<\/div>\n\t\t\t\t<\/div>\n\t\t\t\t<\/div>\n\t\t<div class=\"elementor-element elementor-element-9bd56b9 e-con-full e-flex e-con e-child\" data-id=\"9bd56b9\" data-element_type=\"container\" data-e-type=\"container\">\n\t\t\t\t<div class=\"elementor-element elementor-element-83a9ec7 elementor-widget elementor-widget-heading\" data-id=\"83a9ec7\" data-element_type=\"widget\" data-e-type=\"widget\" data-widget_type=\"heading.default\">\n\t\t\t\t<div class=\"elementor-widget-container\">\n\t\t\t\t\t<h2 class=\"elementor-heading-title elementor-size-default\">Marie-Pierre Cattino<\/h2>\t\t\t\t<\/div>\n\t\t\t\t<\/div>\n\t\t\t\t<div class=\"elementor-element elementor-element-2d3561f elementor-widget elementor-widget-text-editor\" data-id=\"2d3561f\" data-element_type=\"widget\" data-e-type=\"widget\" data-widget_type=\"text-editor.default\">\n\t\t\t\t<div class=\"elementor-widget-container\">\n\t\t\t\t\t\t\t\t\t<p>Marie-Pierre Cattino es editora y autora.<\/p><p>La creaci\u00f3n de la editorial Ko\u00efn\u00e8 en 2011, por Christian Bach, surge de la constataci\u00f3n de que el papel de los\/las dramaturgos\/as es la piedra angular de las artes esc\u00e9nicas y de la falta de espacio entre directores\/as y autores\/as. Ko\u00efn\u00e8 se ha expandido internacionalmente desde 2020, primero en pa\u00edses de habla inglesa, despu\u00e9s en Grecia, India, Espa\u00f1a y Alemania. En 2020 gan\u00f3 el Gran Premio de Literatura. Desde entonces se han creado tres colecciones, \u201cLes incursions\u201d, \u201c\u00c9chos\u201d y \u201cTrajectoires\u201d.<\/p><p>Marie-Pierre Cattino escribe teatro desde 2006, por lo que tambi\u00e9n se ha aventurado en la edici\u00f3n, con un esp\u00edritu de cooperaci\u00f3n. Sus temas van desde la intimidad de las familias, la historia, la de los inmigrantes, la de los ni\u00f1os que reinventan el mundo para embellecerlo. Marie-Pierre Cattino escribe tanto para j\u00f3venes como para p\u00fablico en general. <em>Top mod\u00e8le dans les airs<\/em>, fue mostrada por ASSITEJ-France, en el marco del programa <em>Un jour un auteur<\/em>. <em>La vall\u00e9e aux pommes<\/em>, una obra para ni\u00f1os que habla de la guerra, ha sido traducida y representada en diferentes idiomas, con el apoyo de la Asociaci\u00f3n Beaumarchais, los Institutos Franceses y la Scop. Cattino ha viajado a por pa\u00edses como el Congo, T\u00fanez, Rep\u00fablica Checa o Egipto, pasando por diversos festivales interescolares y profesionales.<\/p><p>Obtuvo la ayuda a escritores \u00cele de France en 2015-2016. En 2022, recibi\u00f3 el apoyo creativo de Artcena con <em>Dans ses yeux<\/em>. Tambi\u00e9n est\u00e1 escribiendo una adaptaci\u00f3n cinematogr\u00e1fica de la obra, en el marco de una colaboraci\u00f3n para su transmisi\u00f3n, con Les Films du Lion. En abril y mayo de 2024 har\u00e1 una residencia en el Circa de Avi\u00f1\u00f3n, en colaboraci\u00f3n con Sabine Revillet: <em>A l&#8217;aff\u00fbt de l&#8217;imperceptible<\/em>, paseos exploratorios.<\/p>\t\t\t\t\t\t\t\t<\/div>\n\t\t\t\t<\/div>\n\t\t\t\t<\/div>\n\t\t\t\t\t<\/div>\n\t\t\t\t<\/div>\n\t\t<div class=\"elementor-element elementor-element-e0e21d1 e-flex e-con-boxed e-con e-parent\" data-id=\"e0e21d1\" data-element_type=\"container\" data-e-type=\"container\">\n\t\t\t\t\t<div class=\"e-con-inner\">\n\t\t\t\t<div class=\"elementor-element elementor-element-27fd2e4 elementor-widget-divider--view-line elementor-widget elementor-widget-divider\" data-id=\"27fd2e4\" data-element_type=\"widget\" data-e-type=\"widget\" data-widget_type=\"divider.default\">\n\t\t\t\t<div class=\"elementor-widget-container\">\n\t\t\t\t\t\t\t<div class=\"elementor-divider\">\n\t\t\t<span class=\"elementor-divider-separator\">\n\t\t\t\t\t\t<\/span>\n\t\t<\/div>\n\t\t\t\t\t\t<\/div>\n\t\t\t\t<\/div>\n\t\t\t\t\t<\/div>\n\t\t\t\t<\/div>\n\t\t<div class=\"elementor-element elementor-element-3ec89d1 e-flex e-con-boxed e-con e-parent\" data-id=\"3ec89d1\" data-element_type=\"container\" data-e-type=\"container\">\n\t\t\t\t\t<div class=\"e-con-inner\">\n\t\t<div class=\"elementor-element elementor-element-1c12be0 e-con-full e-flex e-con e-child\" data-id=\"1c12be0\" data-element_type=\"container\" data-e-type=\"container\">\n\t\t\t\t<div class=\"elementor-element elementor-element-ec770f2 elementor-widget elementor-widget-image\" data-id=\"ec770f2\" data-element_type=\"widget\" data-e-type=\"widget\" data-widget_type=\"image.default\">\n\t\t\t\t<div class=\"elementor-widget-container\">\n\t\t\t\t\t\t\t\t\t\t\t\t\t\t\t<img fetchpriority=\"high\" decoding=\"async\" width=\"256\" height=\"283\" src=\"https:\/\/dramaturgiaparalainfanciaylajuventud.com\/wp-content\/uploads\/2024\/04\/Maddie-Hindes-e1713614534358.jpeg\" class=\"attachment-2048x2048 size-2048x2048 wp-image-2357\" alt=\"\" srcset=\"https:\/\/dramaturgiaparalainfanciaylajuventud.com\/wp-content\/uploads\/2024\/04\/Maddie-Hindes-e1713614534358.jpeg 256w, https:\/\/dramaturgiaparalainfanciaylajuventud.com\/wp-content\/uploads\/2024\/04\/Maddie-Hindes-e1713614534358-11x12.jpeg 11w\" sizes=\"(max-width: 256px) 100vw, 256px\" \/>\t\t\t\t\t\t\t\t\t\t\t\t\t\t\t<\/div>\n\t\t\t\t<\/div>\n\t\t\t\t<\/div>\n\t\t<div class=\"elementor-element elementor-element-5114549 e-con-full e-flex e-con e-child\" data-id=\"5114549\" data-element_type=\"container\" data-e-type=\"container\">\n\t\t\t\t<div class=\"elementor-element elementor-element-367e263 elementor-widget elementor-widget-heading\" data-id=\"367e263\" data-element_type=\"widget\" data-e-type=\"widget\" data-widget_type=\"heading.default\">\n\t\t\t\t<div class=\"elementor-widget-container\">\n\t\t\t\t\t<h2 class=\"elementor-heading-title elementor-size-default\">Maddie Hindes<\/h2>\t\t\t\t<\/div>\n\t\t\t\t<\/div>\n\t\t\t\t<div class=\"elementor-element elementor-element-b7e6dea elementor-widget elementor-widget-text-editor\" data-id=\"b7e6dea\" data-element_type=\"widget\" data-e-type=\"widget\" data-widget_type=\"text-editor.default\">\n\t\t\t\t<div class=\"elementor-widget-container\">\n\t\t\t\t\t\t\t\t\t<p>Nick Hern Books (NHB) es la principal editorial especializada en artes esc\u00e9nicas del Reino Unido, con m\u00e1s de 2.000 obras y libros de teatro en su cat\u00e1logo.<\/p><p>NHB es la casa de muchos de los dramaturgos y dramaturgas contempor\u00e1neos m\u00e1s interesantes y reconocidos de la actualidad, y trabaja con los principales teatros y productores del Reino Unido e Irlanda para publicar nuevas obras junto con sus producciones profesionales. Tambi\u00e9n publican gu\u00edas pr\u00e1cticas especializadas -sobre disciplinas como la interpretaci\u00f3n, la escritura, la direcci\u00f3n, la producci\u00f3n y el dise\u00f1o- para apoyar a los creativos en su propio trabajo y carrera.<\/p><p>NHB tambi\u00e9n concede licencias para la representaci\u00f3n de sus obras a aficionados, lo que facilita las producciones en escuelas, teatros juveniles, universidades, teatros comunitarios y otras entidades de todo el mundo.<\/p><p><strong>Maddie Hindes<\/strong> es editora asociada en Nick Hern Books, donde trabaja desde 2018. Su papel implica la adquisici\u00f3n de obras de teatro contempor\u00e1neas, y el trabajo editorial en nuevas publicaciones. Uno de los proyectos que ha supervisado es Multiplay Drama, una emocionante serie de obras de gran reparto, escritas espec\u00edficamente para ser representadas por j\u00f3venes. Antes de incorporarse a Nick Hern Books, trabaj\u00f3 en el National Youth Theatre of Great Britain y en el Battersea Arts Centre. Maddie es una \u00e1vida aficionada al teatro, con un profundo conocimiento del estado de la dramaturgia moderna en el Reino Unido.<\/p>\t\t\t\t\t\t\t\t<\/div>\n\t\t\t\t<\/div>\n\t\t\t\t<\/div>\n\t\t\t\t\t<\/div>\n\t\t\t\t<\/div>\n\t\t<div class=\"elementor-element elementor-element-efb210e e-flex e-con-boxed e-con e-parent\" data-id=\"efb210e\" data-element_type=\"container\" data-e-type=\"container\">\n\t\t\t\t\t<div class=\"e-con-inner\">\n\t\t\t\t<div class=\"elementor-element elementor-element-48979e4 elementor-widget-divider--view-line elementor-widget elementor-widget-divider\" data-id=\"48979e4\" data-element_type=\"widget\" data-e-type=\"widget\" data-widget_type=\"divider.default\">\n\t\t\t\t<div class=\"elementor-widget-container\">\n\t\t\t\t\t\t\t<div class=\"elementor-divider\">\n\t\t\t<span class=\"elementor-divider-separator\">\n\t\t\t\t\t\t<\/span>\n\t\t<\/div>\n\t\t\t\t\t\t<\/div>\n\t\t\t\t<\/div>\n\t\t\t\t\t<\/div>\n\t\t\t\t<\/div>\n\t\t<div class=\"elementor-element elementor-element-223e166 e-flex e-con-boxed e-con e-parent\" data-id=\"223e166\" data-element_type=\"container\" data-e-type=\"container\">\n\t\t\t\t\t<div class=\"e-con-inner\">\n\t\t<div class=\"elementor-element elementor-element-99ab66f e-con-full e-flex e-con e-child\" data-id=\"99ab66f\" data-element_type=\"container\" data-e-type=\"container\">\n\t\t\t\t<div class=\"elementor-element elementor-element-f515189 elementor-widget elementor-widget-image\" data-id=\"f515189\" data-element_type=\"widget\" data-e-type=\"widget\" data-widget_type=\"image.default\">\n\t\t\t\t<div class=\"elementor-widget-container\">\n\t\t\t\t\t\t\t\t\t\t\t\t\t\t\t<img decoding=\"async\" width=\"1638\" height=\"2048\" src=\"https:\/\/dramaturgiaparalainfanciaylajuventud.com\/wp-content\/uploads\/2024\/05\/foto-conchita-pina-1638x2048.jpg\" class=\"attachment-2048x2048 size-2048x2048 wp-image-2831\" alt=\"\" \/>\t\t\t\t\t\t\t\t\t\t\t\t\t\t\t<\/div>\n\t\t\t\t<\/div>\n\t\t\t\t<\/div>\n\t\t<div class=\"elementor-element elementor-element-908fc5f e-con-full e-flex e-con e-child\" data-id=\"908fc5f\" data-element_type=\"container\" data-e-type=\"container\">\n\t\t\t\t<div class=\"elementor-element elementor-element-77cdcc2 elementor-widget elementor-widget-heading\" data-id=\"77cdcc2\" data-element_type=\"widget\" data-e-type=\"widget\" data-widget_type=\"heading.default\">\n\t\t\t\t<div class=\"elementor-widget-container\">\n\t\t\t\t\t<h2 class=\"elementor-heading-title elementor-size-default\">Conchita Pi\u00f1a<\/h2>\t\t\t\t<\/div>\n\t\t\t\t<\/div>\n\t\t\t\t<div class=\"elementor-element elementor-element-3b5f75b elementor-widget elementor-widget-text-editor\" data-id=\"3b5f75b\" data-element_type=\"widget\" data-e-type=\"widget\" data-widget_type=\"text-editor.default\">\n\t\t\t\t<div class=\"elementor-widget-container\">\n\t\t\t\t\t\t\t\t\t<p>Licenciada en Filosof\u00eda por la Universidad Complutense de Madrid, es cofundadora de EDICIONES ANT\u00cdGONA, una editorial especializada en la publicaci\u00f3n de textos teatrales contempor\u00e1neos. Dentro de la editorial dirige las colecciones de Teatro, Filosof\u00eda y Cr\u00edtica teatral. Es responsable, adem\u00e1s, del proyecto cultural, educativo y de desarrollo internacional de la editorial.<\/p><p>Colabora con el IEMA (Instituto de Estudio del Mundo Antiguo), filial de Ediciones Ant\u00edgona, un centro de investigaci\u00f3n que desarrolla una labor de difusi\u00f3n del conocimiento sobre la Antig\u00fcedad a trav\u00e9s de cursos, actividades de fomento de la investigaci\u00f3n y talleres formativos.<\/p><p>Tambi\u00e9n de la mano de Ediciones Ant\u00edgona, ha fundado Conchita Pi\u00f1a Agencia de Teatro, una agencia de representaci\u00f3n encargada de promocionar y difundir la dramaturgia m\u00e1s actual. Es cofundadora de la Liga de las Mujeres Profesionales del Teatro.<\/p><p>Forma parte desde 2014 del comit\u00e9 espa\u00f1ol de EURODRAM la red europea de traducci\u00f3n teatral en lenguajes europeos, mediterr\u00e1neos y de Asia Central.<\/p><p>Desde 2019 es Acad\u00e9mica de las Artes Esc\u00e9nicas de Espa\u00f1a. Es socia de ASSITEJ (Asociaci\u00f3n Internacional de Teatro para la Infancia y la Juventud) y de ANILIJ (Asociaci\u00f3n Nacional de Investigaci\u00f3n en Literatura Infantil y Juvenil).<\/p><p>Como actriz, ha estrenado en el Teatro Lara de Madrid su tercer espect\u00e1culo de poes\u00eda <em>Ejercicios de filosof\u00eda para caer de pie<\/em>, con direcci\u00f3n de Juan Carlos Rubio.<\/p>\t\t\t\t\t\t\t\t<\/div>\n\t\t\t\t<\/div>\n\t\t\t\t<\/div>\n\t\t\t\t\t<\/div>\n\t\t\t\t<\/div>\n\t\t<div class=\"elementor-element elementor-element-d4719b7 e-flex e-con-boxed e-con e-parent\" data-id=\"d4719b7\" data-element_type=\"container\" data-e-type=\"container\">\n\t\t\t\t\t<div class=\"e-con-inner\">\n\t\t\t\t<div class=\"elementor-element elementor-element-14f1642 elementor-widget-divider--view-line elementor-widget elementor-widget-divider\" data-id=\"14f1642\" data-element_type=\"widget\" data-e-type=\"widget\" data-widget_type=\"divider.default\">\n\t\t\t\t<div class=\"elementor-widget-container\">\n\t\t\t\t\t\t\t<div class=\"elementor-divider\">\n\t\t\t<span class=\"elementor-divider-separator\">\n\t\t\t\t\t\t<\/span>\n\t\t<\/div>\n\t\t\t\t\t\t<\/div>\n\t\t\t\t<\/div>\n\t\t\t\t\t<\/div>\n\t\t\t\t<\/div>\n\t\t<div class=\"elementor-element elementor-element-f187a47 e-flex e-con-boxed e-con e-parent\" data-id=\"f187a47\" data-element_type=\"container\" data-e-type=\"container\">\n\t\t\t\t\t<div class=\"e-con-inner\">\n\t\t<div class=\"elementor-element elementor-element-a7f87f6 e-con-full e-flex e-con e-child\" data-id=\"a7f87f6\" data-element_type=\"container\" data-e-type=\"container\">\n\t\t\t\t<div class=\"elementor-element elementor-element-18ec7a9 elementor-widget elementor-widget-image\" data-id=\"18ec7a9\" data-element_type=\"widget\" data-e-type=\"widget\" data-widget_type=\"image.default\">\n\t\t\t\t<div class=\"elementor-widget-container\">\n\t\t\t\t\t\t\t\t\t\t\t\t\t\t\t<img decoding=\"async\" width=\"952\" height=\"901\" src=\"https:\/\/dramaturgiaparalainfanciaylajuventud.com\/wp-content\/uploads\/2024\/05\/Miguel-Rojo1-e1715681501808.jpg\" class=\"attachment-2048x2048 size-2048x2048 wp-image-2839\" alt=\"\" srcset=\"https:\/\/dramaturgiaparalainfanciaylajuventud.com\/wp-content\/uploads\/2024\/05\/Miguel-Rojo1-e1715681501808.jpg 952w, https:\/\/dramaturgiaparalainfanciaylajuventud.com\/wp-content\/uploads\/2024\/05\/Miguel-Rojo1-e1715681501808-300x284.jpg 300w, https:\/\/dramaturgiaparalainfanciaylajuventud.com\/wp-content\/uploads\/2024\/05\/Miguel-Rojo1-e1715681501808-768x727.jpg 768w, https:\/\/dramaturgiaparalainfanciaylajuventud.com\/wp-content\/uploads\/2024\/05\/Miguel-Rojo1-e1715681501808-13x12.jpg 13w\" sizes=\"(max-width: 952px) 100vw, 952px\" \/>\t\t\t\t\t\t\t\t\t\t\t\t\t\t\t<\/div>\n\t\t\t\t<\/div>\n\t\t\t\t<\/div>\n\t\t<div class=\"elementor-element elementor-element-aabd302 e-con-full e-flex e-con e-child\" data-id=\"aabd302\" data-element_type=\"container\" data-e-type=\"container\">\n\t\t\t\t<div class=\"elementor-element elementor-element-80d1f86 elementor-widget elementor-widget-heading\" data-id=\"80d1f86\" data-element_type=\"widget\" data-e-type=\"widget\" data-widget_type=\"heading.default\">\n\t\t\t\t<div class=\"elementor-widget-container\">\n\t\t\t\t\t<h2 class=\"elementor-heading-title elementor-size-default\">Miguel Rojo<\/h2>\t\t\t\t<\/div>\n\t\t\t\t<\/div>\n\t\t\t\t<div class=\"elementor-element elementor-element-c17bb5d elementor-widget elementor-widget-text-editor\" data-id=\"c17bb5d\" data-element_type=\"widget\" data-e-type=\"widget\" data-widget_type=\"text-editor.default\">\n\t\t\t\t<div class=\"elementor-widget-container\">\n\t\t\t\t\t\t\t\t\t<p><b>Miguel Rojo<\/b>\u00a0(Madrid, 1985) hace teatro y escribe libros.<\/p><p>Dirige junto a Javier Hernando la compa\u00f1\u00eda de teatro Los B\u00e1rbaros. Sus \u00faltimas piezas son la trilog\u00eda:\u00a0<i>Obra inacabada<\/i>,\u00a0<i>Obra infinita<\/i>\u00a0y\u00a0<i>Obra imposible, <\/i>que estrenaron en el Teatro de la Abad\u00eda, el CDN y el CCC Conde Duque respectivamente.<\/p><p>Sus \u00faltimos libros son\u00a0<i>Zeta<\/i>\u00a0(La U\u00f1a Rota, 2021) y\u00a0<i>El decorado<\/i>\u00a0(Pre-Textos, 2023). En 2024 publicar\u00e1\u00a0<i>Naunet y el mar<\/i>\u00a0en Anaya, ganadora del XXIV Premio SGAE de Teatro Infantil.\u00a0<\/p>\t\t\t\t\t\t\t\t<\/div>\n\t\t\t\t<\/div>\n\t\t\t\t<\/div>\n\t\t\t\t\t<\/div>\n\t\t\t\t<\/div>\n\t\t<div class=\"elementor-element elementor-element-d9058d9 e-flex e-con-boxed e-con e-parent\" data-id=\"d9058d9\" data-element_type=\"container\" data-e-type=\"container\">\n\t\t\t\t\t<div class=\"e-con-inner\">\n\t\t\t\t<div class=\"elementor-element elementor-element-96dbe0d elementor-widget-divider--view-line elementor-widget elementor-widget-divider\" data-id=\"96dbe0d\" data-element_type=\"widget\" data-e-type=\"widget\" data-widget_type=\"divider.default\">\n\t\t\t\t<div class=\"elementor-widget-container\">\n\t\t\t\t\t\t\t<div class=\"elementor-divider\">\n\t\t\t<span class=\"elementor-divider-separator\">\n\t\t\t\t\t\t<\/span>\n\t\t<\/div>\n\t\t\t\t\t\t<\/div>\n\t\t\t\t<\/div>\n\t\t\t\t\t<\/div>\n\t\t\t\t<\/div>\n\t\t<div class=\"elementor-element elementor-element-ab09eb2 e-flex e-con-boxed e-con e-parent\" data-id=\"ab09eb2\" data-element_type=\"container\" data-e-type=\"container\">\n\t\t\t\t\t<div class=\"e-con-inner\">\n\t\t\t\t<div class=\"elementor-element elementor-element-1478679 elementor-widget elementor-widget-heading\" data-id=\"1478679\" data-element_type=\"widget\" data-e-type=\"widget\" data-widget_type=\"heading.default\">\n\t\t\t\t<div class=\"elementor-widget-container\">\n\t\t\t\t\t<h1 class=\"elementor-heading-title elementor-size-default\">MESA DE DEBATE: LA INVESTIGACI\u00d3N EN LA DRAMATURGIA<\/h1>\t\t\t\t<\/div>\n\t\t\t\t<\/div>\n\t\t\t\t\t<\/div>\n\t\t\t\t<\/div>\n\t\t<div class=\"elementor-element elementor-element-6f97ee2 e-flex e-con-boxed e-con e-parent\" data-id=\"6f97ee2\" data-element_type=\"container\" data-e-type=\"container\">\n\t\t\t\t\t<div class=\"e-con-inner\">\n\t\t<div class=\"elementor-element elementor-element-ea1dfdf e-con-full e-flex e-con e-child\" data-id=\"ea1dfdf\" data-element_type=\"container\" data-e-type=\"container\">\n\t\t\t\t<div class=\"elementor-element elementor-element-2a1db75 elementor-widget elementor-widget-image\" data-id=\"2a1db75\" data-element_type=\"widget\" data-e-type=\"widget\" data-widget_type=\"image.default\">\n\t\t\t\t<div class=\"elementor-widget-container\">\n\t\t\t\t\t\t\t\t\t\t\t\t\t\t\t<img decoding=\"async\" src=\"https:\/\/dramaturgiaparalainfanciaylajuventud.com\/wp-content\/uploads\/elementor\/thumbs\/foto-armando-plano-medio-marzo-23-1-scaled-qmzkpijzbr38lnnaeq9holzppv6bjg066295irc3aw.jpg\" title=\"foto armando plano medio marzo 23 (1)\" alt=\"foto armando plano medio marzo 23 (1)\" loading=\"lazy\" \/>\t\t\t\t\t\t\t\t\t\t\t\t\t\t\t<\/div>\n\t\t\t\t<\/div>\n\t\t\t\t<\/div>\n\t\t<div class=\"elementor-element elementor-element-5127cad e-con-full e-flex e-con e-child\" data-id=\"5127cad\" data-element_type=\"container\" data-e-type=\"container\">\n\t\t\t\t<div class=\"elementor-element elementor-element-0e1df69 elementor-widget elementor-widget-heading\" data-id=\"0e1df69\" data-element_type=\"widget\" data-e-type=\"widget\" data-widget_type=\"heading.default\">\n\t\t\t\t<div class=\"elementor-widget-container\">\n\t\t\t\t\t<h2 class=\"elementor-heading-title elementor-size-default\">Marina Bolla\u00edn P\u00e9rez-M\u00ednguez<\/h2>\t\t\t\t<\/div>\n\t\t\t\t<\/div>\n\t\t\t\t<div class=\"elementor-element elementor-element-d76d7be elementor-widget elementor-widget-text-editor\" data-id=\"d76d7be\" data-element_type=\"widget\" data-e-type=\"widget\" data-widget_type=\"text-editor.default\">\n\t\t\t\t<div class=\"elementor-widget-container\">\n\t\t\t\t\t\t\t\t\t<p>Directora Centro de Documentaci\u00f3n de las Artes Esc\u00e9nicas y de la M\u00fasica.<\/p><p>Marina Bolla\u00edn (Madrid, 1967) es doctora por la Universidad Complutense de Madrid en el programa <em>Lengua y Literatura en los medios de comunicaci\u00f3n<\/em> y est\u00e1 en posesi\u00f3n del t\u00edtulo de M\u00e1ster de\u00a0Artes Esc\u00e9nicas, tambi\u00e9n por la UCM.<\/p><p>Ha obtenido tres licenciaturas: en 1993 obtiene en Madrid la licenciatura en Filolog\u00eda Alemana en la UCM y se traslada a vivir a Berl\u00edn, donde reside once a\u00f1os y obtiene dos licenciaturas en la Escuela Superior de M\u00fasica \u201cHanns Eisler\u201d: Titulo Superior de Canto y T\u00edtulo Superior de Direcci\u00f3n Esc\u00e9nica de \u00d3pera y Dramaturgia. Ha sido becaria\u00a0de la Academia de Espa\u00f1a en Roma en la especialidad de Artes Esc\u00e9nicas.\u00a0\u00a0<\/p><p>Ha sido Catedr\u00e1tica de Escena L\u00edrica en la Escuela Superior de Canto de Madrid y profesora de Repertorio en Escena en el Conservatorio Superior de M\u00fasica del Pa\u00eds Vasco Musikene.<\/p><p>Sus montajes teatrales se caracterizan por un trabajo de direcci\u00f3n de escena, adaptaciones y nuevas dramaturgias. Entre ellos destacan: <em>La Verbena de la Paloma, Adi\u00f3s Juli\u00e1n<\/em><em>, Cuerpos deshabitados<\/em>,<em> La \u00f3pera de tres peniques, La Regenta<\/em><em>, Harragas<\/em><em>, Le nozze di Figaro, Bastian y Bastiana, La voix humaine, Pierrot Lunaire, Die Fledermaus, Dido y Eneas, La del Manojo en la T4<\/em>\u00a0y los espect\u00e1culos infantiles <em>La gallina submarina<\/em>, <em>El Duende Calcet\u00edn<\/em> e <em>Historia de Yuco<\/em>.<\/p><p>Ha cantado como artista invitada en distintos teatros entre otros en la Oper Leipzig, Salzburger Festpsiele, Komische Oper Berl\u00edn, o el Volkstheater Rostock, y ha formado parte de la asociaci\u00f3n Yehudi-Menuhin Stifftung Live Musik Now, realizando numerosos conciertos como solista. Adem\u00e1s, realiza conciertos de c\u00e1mara para delegaciones espa\u00f1olas en el extranjero especializ\u00e1ndose en m\u00fasica espa\u00f1ola y ha grabado tres discos compactos con canciones de Federico Garc\u00eda Lorca, Fernando Sor y Enrique Granados.<\/p><p>Ha trabajado como actriz en las pel\u00edculas <em>Las dos orillas<\/em> y <em>Dime una mentira<\/em>, por la que recibi\u00f3\u00a0el premio a la mejor actriz <em>ex aequo<\/em> con Ic\u00edar Bolla\u00edn en el Festival de Cine de Gij\u00f3n 1992.<strong>\u00a0<\/strong><\/p>\t\t\t\t\t\t\t\t<\/div>\n\t\t\t\t<\/div>\n\t\t\t\t<\/div>\n\t\t\t\t\t<\/div>\n\t\t\t\t<\/div>\n\t\t<div class=\"elementor-element elementor-element-e4b907c e-flex e-con-boxed e-con e-parent\" data-id=\"e4b907c\" data-element_type=\"container\" data-e-type=\"container\">\n\t\t\t\t\t<div class=\"e-con-inner\">\n\t\t\t\t<div class=\"elementor-element elementor-element-a693cbf elementor-widget-divider--view-line elementor-widget elementor-widget-divider\" data-id=\"a693cbf\" data-element_type=\"widget\" data-e-type=\"widget\" data-widget_type=\"divider.default\">\n\t\t\t\t<div class=\"elementor-widget-container\">\n\t\t\t\t\t\t\t<div class=\"elementor-divider\">\n\t\t\t<span class=\"elementor-divider-separator\">\n\t\t\t\t\t\t<\/span>\n\t\t<\/div>\n\t\t\t\t\t\t<\/div>\n\t\t\t\t<\/div>\n\t\t\t\t\t<\/div>\n\t\t\t\t<\/div>\n\t\t<div class=\"elementor-element elementor-element-353f10f e-flex e-con-boxed e-con e-parent\" data-id=\"353f10f\" data-element_type=\"container\" data-e-type=\"container\">\n\t\t\t\t\t<div class=\"e-con-inner\">\n\t\t<div class=\"elementor-element elementor-element-7f4e185 e-con-full e-flex e-con e-child\" data-id=\"7f4e185\" data-element_type=\"container\" data-e-type=\"container\">\n\t\t\t\t<div class=\"elementor-element elementor-element-7db448b elementor-widget elementor-widget-image\" data-id=\"7db448b\" data-element_type=\"widget\" data-e-type=\"widget\" data-widget_type=\"image.default\">\n\t\t\t\t<div class=\"elementor-widget-container\">\n\t\t\t\t\t\t\t\t\t\t\t\t\t\t\t<img decoding=\"async\" src=\"https:\/\/dramaturgiaparalainfanciaylajuventud.com\/wp-content\/uploads\/elementor\/thumbs\/Berta-del-Rio-qmzkuf9n0lt58cilquncpdedeazbqjhpicwfqs22t4.jpeg\" title=\"Berta del R\u00edo\" alt=\"Berta del R\u00edo\" loading=\"lazy\" \/>\t\t\t\t\t\t\t\t\t\t\t\t\t\t\t<\/div>\n\t\t\t\t<\/div>\n\t\t\t\t<\/div>\n\t\t<div class=\"elementor-element elementor-element-cfbc173 e-con-full e-flex e-con e-child\" data-id=\"cfbc173\" data-element_type=\"container\" data-e-type=\"container\">\n\t\t\t\t<div class=\"elementor-element elementor-element-512bf9b elementor-widget elementor-widget-heading\" data-id=\"512bf9b\" data-element_type=\"widget\" data-e-type=\"widget\" data-widget_type=\"heading.default\">\n\t\t\t\t<div class=\"elementor-widget-container\">\n\t\t\t\t\t<h2 class=\"elementor-heading-title elementor-size-default\">Berta del R\u00edo<\/h2>\t\t\t\t<\/div>\n\t\t\t\t<\/div>\n\t\t\t\t<div class=\"elementor-element elementor-element-724ddab elementor-widget elementor-widget-text-editor\" data-id=\"724ddab\" data-element_type=\"widget\" data-e-type=\"widget\" data-widget_type=\"text-editor.default\">\n\t\t\t\t<div class=\"elementor-widget-container\">\n\t\t\t\t\t\t\t\t\t<p>Berta del R\u00edo Alcal\u00e1 es trabajadora cultural.<\/p><p>Doctorada en la Universidad de Princeton (EEUU) con la tesis \u201cTeatralidades disidentes: pr\u00e1cticas ciudadanas e imaginarios democr\u00e1ticos (Espa\u00f1a, 1964-1992)\u201d, ha coordinado el proyecto multidisciplinar \u201cVeus i arxius del teatre independent valenci\u00e0\u201d (IVC) y el estudio \u201cAn\u00e0lisi de les tend\u00e8ncies de la dramat\u00fargia valenciana de l\u2019etapa 2010-2020: un exemple d\u2019autores i autors de l\u2019AVEET\u201d (AVEET).<\/p><p>Forma parte de los grupos de estudio Histop\u00eda (UCM) y UtopiAtl\u00e1ntica (CSIC). Est\u00e1 escribiendo el libro de los 50 a\u00f1os de L\u2019Horta Teatre.<\/p><p>Es la responsable de Comunicaci\u00f3n de Acerca Cultura Madrid y forma parte de Yo Cuento Teatro y SinEspacio Teatro.<\/p>\t\t\t\t\t\t\t\t<\/div>\n\t\t\t\t<\/div>\n\t\t\t\t<\/div>\n\t\t\t\t\t<\/div>\n\t\t\t\t<\/div>\n\t\t<div class=\"elementor-element elementor-element-37a6278 e-flex e-con-boxed e-con e-parent\" data-id=\"37a6278\" data-element_type=\"container\" data-e-type=\"container\">\n\t\t\t\t\t<div class=\"e-con-inner\">\n\t\t\t\t<div class=\"elementor-element elementor-element-31438a2 elementor-widget-divider--view-line elementor-widget elementor-widget-divider\" data-id=\"31438a2\" data-element_type=\"widget\" data-e-type=\"widget\" data-widget_type=\"divider.default\">\n\t\t\t\t<div class=\"elementor-widget-container\">\n\t\t\t\t\t\t\t<div class=\"elementor-divider\">\n\t\t\t<span class=\"elementor-divider-separator\">\n\t\t\t\t\t\t<\/span>\n\t\t<\/div>\n\t\t\t\t\t\t<\/div>\n\t\t\t\t<\/div>\n\t\t\t\t\t<\/div>\n\t\t\t\t<\/div>\n\t\t<div class=\"elementor-element elementor-element-daa877d e-flex e-con-boxed e-con e-parent\" data-id=\"daa877d\" data-element_type=\"container\" data-e-type=\"container\">\n\t\t\t\t\t<div class=\"e-con-inner\">\n\t\t<div class=\"elementor-element elementor-element-d72adcc e-con-full e-flex e-con e-child\" data-id=\"d72adcc\" data-element_type=\"container\" data-e-type=\"container\">\n\t\t\t\t<div class=\"elementor-element elementor-element-143504c elementor-widget__width-initial elementor-widget elementor-widget-image\" data-id=\"143504c\" data-element_type=\"widget\" data-e-type=\"widget\" data-widget_type=\"image.default\">\n\t\t\t\t<div class=\"elementor-widget-container\">\n\t\t\t\t\t\t\t\t\t\t\t\t\t\t\t<img decoding=\"async\" src=\"https:\/\/dramaturgiaparalainfanciaylajuventud.com\/wp-content\/uploads\/elementor\/thumbs\/foto_cv_caamano-1-qnfv1e2fpq6hcfa38q3c0418ph57hwt1kcfx2ih8e0.jpg\" title=\"Mar\u00eda J. Caama\u00f1o\" alt=\"Mar\u00eda J. Caama\u00f1o\" loading=\"lazy\" \/>\t\t\t\t\t\t\t\t\t\t\t\t\t\t\t<\/div>\n\t\t\t\t<\/div>\n\t\t\t\t<\/div>\n\t\t<div class=\"elementor-element elementor-element-ca6a1bb e-con-full e-flex e-con e-child\" data-id=\"ca6a1bb\" data-element_type=\"container\" data-e-type=\"container\">\n\t\t\t\t<div class=\"elementor-element elementor-element-ef2551c elementor-widget elementor-widget-heading\" data-id=\"ef2551c\" data-element_type=\"widget\" data-e-type=\"widget\" data-widget_type=\"heading.default\">\n\t\t\t\t<div class=\"elementor-widget-container\">\n\t\t\t\t\t<h2 class=\"elementor-heading-title elementor-size-default\">Mar\u00eda J. Caama\u00f1o<\/h2>\t\t\t\t<\/div>\n\t\t\t\t<\/div>\n\t\t\t\t<div class=\"elementor-element elementor-element-13908a6 elementor-widget elementor-widget-text-editor\" data-id=\"13908a6\" data-element_type=\"widget\" data-e-type=\"widget\" data-widget_type=\"text-editor.default\">\n\t\t\t\t<div class=\"elementor-widget-container\">\n\t\t\t\t\t\t\t\t\t<p>Profesora Contratada Doctora en el \u00e1rea de Did\u00e1ctica de la lengua y la literatura de la Universidade de Santiago de Compostela.<\/p><p>Doctora en Filolog\u00eda Hisp\u00e1nica, con una tesis realizada dentro del <em>Grupo de Investigaci\u00f3n Calder\u00f3n de la Barca (GIC)<\/em>, su \u00e1mbito de especializaci\u00f3n se centr\u00f3 inicialmente en la edici\u00f3n cr\u00edtica de textos literarios y el teatro espa\u00f1ol del Siglo de Oro.<\/p><p>En los \u00faltimos a\u00f1os ha ampliado estas l\u00edneas de investigaci\u00f3n hacia el \u00e1mbito de la did\u00e1ctica de la literatura, fundamentalmente en lo relacionado con la expresi\u00f3n dram\u00e1tica, la educaci\u00f3n literaria y la literatura infantil y juvenil.<\/p><p>Ha publicado monograf\u00edas, art\u00edculos en revistas especializadas, cap\u00edtulos de libro y rese\u00f1as sobre los temas se\u00f1alados.\u00a0<\/p>\t\t\t\t\t\t\t\t<\/div>\n\t\t\t\t<\/div>\n\t\t\t\t<\/div>\n\t\t\t\t\t<\/div>\n\t\t\t\t<\/div>\n\t\t<div class=\"elementor-element elementor-element-4c9638c e-flex e-con-boxed e-con e-parent\" data-id=\"4c9638c\" data-element_type=\"container\" data-e-type=\"container\">\n\t\t\t\t\t<div class=\"e-con-inner\">\n\t\t\t\t<div class=\"elementor-element elementor-element-13ceb57 elementor-widget-divider--view-line elementor-widget elementor-widget-divider\" data-id=\"13ceb57\" data-element_type=\"widget\" data-e-type=\"widget\" data-widget_type=\"divider.default\">\n\t\t\t\t<div class=\"elementor-widget-container\">\n\t\t\t\t\t\t\t<div class=\"elementor-divider\">\n\t\t\t<span class=\"elementor-divider-separator\">\n\t\t\t\t\t\t<\/span>\n\t\t<\/div>\n\t\t\t\t\t\t<\/div>\n\t\t\t\t<\/div>\n\t\t\t\t\t<\/div>\n\t\t\t\t<\/div>\n\t\t<div class=\"elementor-element elementor-element-da53a9e e-flex e-con-boxed e-con e-parent\" data-id=\"da53a9e\" data-element_type=\"container\" data-e-type=\"container\">\n\t\t\t\t\t<div class=\"e-con-inner\">\n\t\t<div class=\"elementor-element elementor-element-7b20897 e-con-full e-flex e-con e-child\" data-id=\"7b20897\" data-element_type=\"container\" data-e-type=\"container\">\n\t\t\t\t<div class=\"elementor-element elementor-element-9ad2a47 elementor-widget__width-initial elementor-widget elementor-widget-image\" data-id=\"9ad2a47\" data-element_type=\"widget\" data-e-type=\"widget\" data-widget_type=\"image.default\">\n\t\t\t\t<div class=\"elementor-widget-container\">\n\t\t\t\t\t\t\t\t\t\t\t\t\t\t\t<img decoding=\"async\" src=\"https:\/\/dramaturgiaparalainfanciaylajuventud.com\/wp-content\/uploads\/elementor\/thumbs\/llergo-qnrip9akw1pm6s9cwolxr6zvw2e0igzr1ch23vw5h4.webp\" title=\"Eva Llergo\" alt=\"Eva Llergo\" loading=\"lazy\" \/>\t\t\t\t\t\t\t\t\t\t\t\t\t\t\t<\/div>\n\t\t\t\t<\/div>\n\t\t\t\t<\/div>\n\t\t<div class=\"elementor-element elementor-element-10ba03e e-con-full e-flex e-con e-child\" data-id=\"10ba03e\" data-element_type=\"container\" data-e-type=\"container\">\n\t\t\t\t<div class=\"elementor-element elementor-element-481b181 elementor-widget elementor-widget-heading\" data-id=\"481b181\" data-element_type=\"widget\" data-e-type=\"widget\" data-widget_type=\"heading.default\">\n\t\t\t\t<div class=\"elementor-widget-container\">\n\t\t\t\t\t<h2 class=\"elementor-heading-title elementor-size-default\">Eva Llergo<\/h2>\t\t\t\t<\/div>\n\t\t\t\t<\/div>\n\t\t\t\t<div class=\"elementor-element elementor-element-d8036ec elementor-widget elementor-widget-text-editor\" data-id=\"d8036ec\" data-element_type=\"widget\" data-e-type=\"widget\" data-widget_type=\"text-editor.default\">\n\t\t\t\t<div class=\"elementor-widget-container\">\n\t\t\t\t\t\t\t\t\t<p>Doctora en Literatura espa\u00f1ola por la Universidad Complutense de Madrid (UCM) con una especialidad en teatro. Tiene estudios de Dramaturgia por el Taller Permanente de Teatro de la UCM. Desde 2012 est\u00e1 centrada en investigaci\u00f3n sobre teatro infantil y juvenil. Trabaja en facultades de Educaci\u00f3n impartiendo Literatura infantil y juvenil y su Did\u00e1ctica en la UNIR, Universidad Nebrija y Universidad Camilo Jos\u00e9 Cela.<\/p><p>Forma parte del grupo de Investigaci\u00f3n de la UCM \u201cEducaci\u00f3n literaria y Literatura infantil (ELLI)\u201d desde 2016 y del grupo de investigaci\u00f3n \u201cLiteratura, Educaci\u00f3n y Cultura (LEC)\u201d de la Universidad Camilo Jos\u00e9 Cela. As\u00ed mismo es miembro de los proyectos de investigaci\u00f3n \u201cLiteratura infantil y juvenil actual. Cultura y Educaci\u00f3n (LIJACE)\u201d (2020-2021) y \u201cLiteratura infantil y juvenil actual. Cultura y Educaci\u00f3n (LIJACE-Nove)\u201d (2022-2023).<\/p><p>Es creadora y directora de la revista digital de teatro y artes esc\u00e9nicas para beb\u00e9s, infancia y juventud <em><a href=\"https:\/\/elpequenoespectador.es\/\" target=\"_blank\" rel=\"noopener noreferrer\" data-auth=\"NotApplicable\" data-linkindex=\"0\">El peque\u00f1o espectador<\/a><\/em>\u00a0desde 2015. En 2018 fund\u00f3 junto con Ignacio Ceballos la compa\u00f1\u00eda\u00a0<a href=\"https:\/\/www.debocaenboca.org\/\" target=\"_blank\" rel=\"noopener noreferrer\" data-auth=\"NotApplicable\" data-linkindex=\"1\">De boca en boca<\/a>\u00a0(continuaci\u00f3n de El Aspersor, fundada en 2005) con la que realizan, distribuyen y producen espect\u00e1culos de artes esc\u00e9nicas destinadas a la infancia y la juventud. En 2021 public\u00f3 su obra teatral destinada a adolescentes\u00a0<a href=\"https:\/\/www.naque.es\/index.php\/virtuemart\/301\/1\/novedades\/tonto,-loco,-salvaje-detail\" target=\"_blank\" rel=\"noopener noreferrer\" data-auth=\"NotApplicable\" data-linkindex=\"2\"><i>Tonto, loco, salvaje<\/i><\/a>\u00a0(Editorial \u00d1aque) que fue\u00a0<a href=\"https:\/\/www.debocaenboca.org\/tontolocosalvaje\" target=\"_blank\" rel=\"noopener noreferrer\" data-auth=\"NotApplicable\" data-linkindex=\"3\">estrenada<\/a> en el teatro Tyl Tyl de Navalcarnero en 2022, encontr\u00e1ndose actualmente de gira por Espa\u00f1a. Es autora tambi\u00e9n de la obra juvenil <i>Europ\u00eda, tierra de nadie\u00a0<\/i>que ser\u00e1 estrenada en 2025.<\/p>\t\t\t\t\t\t\t\t<\/div>\n\t\t\t\t<\/div>\n\t\t\t\t<div class=\"elementor-element elementor-element-8dc9295 elementor-widget-divider--view-line elementor-widget elementor-widget-divider\" data-id=\"8dc9295\" data-element_type=\"widget\" data-e-type=\"widget\" data-widget_type=\"divider.default\">\n\t\t\t\t<div class=\"elementor-widget-container\">\n\t\t\t\t\t\t\t<div class=\"elementor-divider\">\n\t\t\t<span class=\"elementor-divider-separator\">\n\t\t\t\t\t\t<\/span>\n\t\t<\/div>\n\t\t\t\t\t\t<\/div>\n\t\t\t\t<\/div>\n\t\t\t\t<\/div>\n\t\t\t\t\t<\/div>\n\t\t\t\t<\/div>\n\t\t<div class=\"elementor-element elementor-element-3056e7b e-flex e-con-boxed e-con e-parent\" data-id=\"3056e7b\" data-element_type=\"container\" data-e-type=\"container\">\n\t\t\t\t\t<div class=\"e-con-inner\">\n\t\t<div class=\"elementor-element elementor-element-cce65db e-con-full e-flex e-con e-child\" data-id=\"cce65db\" data-element_type=\"container\" data-e-type=\"container\">\n\t\t\t\t<div class=\"elementor-element elementor-element-b580fed elementor-widget__width-initial elementor-widget elementor-widget-image\" data-id=\"b580fed\" data-element_type=\"widget\" data-e-type=\"widget\" data-widget_type=\"image.default\">\n\t\t\t\t<div class=\"elementor-widget-container\">\n\t\t\t\t\t\t\t\t\t\t\t\t\t\t\t<img decoding=\"async\" src=\"https:\/\/dramaturgiaparalainfanciaylajuventud.com\/wp-content\/uploads\/elementor\/thumbs\/foto_fernanda_medina-qo3ijm8aa1i74gb036l3omhnbmd2bvymsoikq75fw8.jpeg\" title=\"foto_fernanda_medina\" alt=\"foto_fernanda_medina\" loading=\"lazy\" \/>\t\t\t\t\t\t\t\t\t\t\t\t\t\t\t<\/div>\n\t\t\t\t<\/div>\n\t\t\t\t<\/div>\n\t\t<div class=\"elementor-element elementor-element-d4e0ea4 e-con-full e-flex e-con e-child\" data-id=\"d4e0ea4\" data-element_type=\"container\" data-e-type=\"container\">\n\t\t\t\t<div class=\"elementor-element elementor-element-d272253 elementor-widget elementor-widget-heading\" data-id=\"d272253\" data-element_type=\"widget\" data-e-type=\"widget\" data-widget_type=\"heading.default\">\n\t\t\t\t<div class=\"elementor-widget-container\">\n\t\t\t\t\t<h2 class=\"elementor-heading-title elementor-size-default\">Fernanda Medina<\/h2>\t\t\t\t<\/div>\n\t\t\t\t<\/div>\n\t\t\t\t<div class=\"elementor-element elementor-element-2c2b7f7 elementor-widget elementor-widget-text-editor\" data-id=\"2c2b7f7\" data-element_type=\"widget\" data-e-type=\"widget\" data-widget_type=\"text-editor.default\">\n\t\t\t\t<div class=\"elementor-widget-container\">\n\t\t\t\t\t\t\t\t\t<p>Responsable del Centro de Documentaci\u00f3n Esc\u00e9nica del Institut Valenci\u00e0 de Cultura.<\/p><p>Fernanda Medina (Val\u00e8ncia, 1963). Grado en Cer\u00e1mica art\u00edstica (1985). Licenciada en Psicolog\u00eda (1989). Se especializ\u00f3 inicialmente en lectura y literatura infantil y juvenil. Entre 1991 y 1995 realiz\u00f3 diversas iniciativas relacionadas con la narraci\u00f3n oral de cuentos ilustrados.<\/p><p>Master en Biblioteconom\u00eda y Documentaci\u00f3n (1992, CEU San Pablo). Posgrado en Procesos Editoriales (2001, UOC). Posgrado en Producci\u00f3n, uso y recepci\u00f3n de la literatura infantil y juvenil (2011, UAB, Banco del Libro).<\/p><p>Docente en el Diploma en Gesti\u00f3n de las Artes Esc\u00e9nicas (UV-ADEIT, 2002-2004) y en el Master Interuniversitario de Gesti\u00f3n Cultural (UV-UPV, 2006-2009).<\/p><p>Coautora del libro <a href=\"https:\/\/ivc.gva.es\/val\/escena-val\/publicacions-escena\/colleccio-caleidoscopi\/abrir-en-oscuro-materiales-para-una-historia-grafica-de-la-escena-valenciana\"><em>Abrir en oscuro: materiales para una historia de la escena valenciana<\/em><\/a> y editora del blog <a href=\"http:\/\/tecnicolor.es\/\"><em>Tecnicolor: un mundo iluminado<\/em><\/a>, dedicado al \u00e1lbum ilustrado.<\/p><p>Desde 1995 es la responsable del <a href=\"https:\/\/documentacionescenica.com\/portada\">Centro de Documentaci\u00f3n Esc\u00e9nica del Institut Valenci\u00e0 de Cultura<\/a> (antes Teatres de la Generalitat). En 1998 crea <a href=\"https:\/\/documentacionescenica.com\/peripecia\/consultes\">Peripecia<\/a>, una base de datos de artes esc\u00e9nicas en l\u00ednea cuya filosof\u00eda es hacer gravitar todas las piezas documentales de una puesta en escena alrededor del registro de un espect\u00e1culo, como germen de la construcci\u00f3n de la memoria esc\u00e9nica valenciana.<\/p><p>Coordinadora de la base de datos de dramaturgia valenciana Dramatea, complementaria de Peripecia, del espacio documental Espacios de trabajo y del proyecto de investigaci\u00f3n hist\u00f3rica Voces y archivos del teatro independiente valenciano. Es editora de la revista de investigaci\u00f3n en artes esc\u00e9nicas <a href=\"https:\/\/www.esceval.com\/\">Escena Valenciana<\/a> y de las tres colecciones editoriales de artes esc\u00e9nicas de la entidad: <a href=\"https:\/\/ivc.gva.es\/es\/escena\/publicaciones-escena\/coleccion-textos-en-escena\">Textos en escena<\/a>, <a href=\"https:\/\/ivc.gva.es\/val\/escena-val\/publicacions-escena\/insula-dramataria-col-val\">Insula Dramataria<\/a> y <a href=\"https:\/\/ivc.gva.es\/val\/escena-val\/publicacions-escena\/colleccio-caleidoscopi\">Caleidoscopio<\/a>.<\/p>\t\t\t\t\t\t\t\t<\/div>\n\t\t\t\t<\/div>\n\t\t\t\t<\/div>\n\t\t\t\t\t<\/div>\n\t\t\t\t<\/div>\n\t\t<div class=\"elementor-element elementor-element-6e198bd e-flex e-con-boxed e-con e-parent\" data-id=\"6e198bd\" data-element_type=\"container\" data-e-type=\"container\">\n\t\t\t\t\t<div class=\"e-con-inner\">\n\t\t\t\t<div class=\"elementor-element elementor-element-6554853 elementor-widget-divider--view-line elementor-widget elementor-widget-divider\" data-id=\"6554853\" data-element_type=\"widget\" data-e-type=\"widget\" data-widget_type=\"divider.default\">\n\t\t\t\t<div class=\"elementor-widget-container\">\n\t\t\t\t\t\t\t<div class=\"elementor-divider\">\n\t\t\t<span class=\"elementor-divider-separator\">\n\t\t\t\t\t\t<\/span>\n\t\t<\/div>\n\t\t\t\t\t\t<\/div>\n\t\t\t\t<\/div>\n\t\t\t\t\t<\/div>\n\t\t\t\t<\/div>\n\t\t<div class=\"elementor-element elementor-element-777ecbe e-flex e-con-boxed e-con e-parent\" data-id=\"777ecbe\" data-element_type=\"container\" data-e-type=\"container\">\n\t\t\t\t\t<div class=\"e-con-inner\">\n\t\t\t\t<div class=\"elementor-element elementor-element-afd3daa elementor-widget elementor-widget-heading\" data-id=\"afd3daa\" data-element_type=\"widget\" data-e-type=\"widget\" data-widget_type=\"heading.default\">\n\t\t\t\t<div class=\"elementor-widget-container\">\n\t\t\t\t\t<h1 class=\"elementor-heading-title elementor-size-default\">MESA DE DEBATE: LA DRAMATURGIA EN LA DANZA<\/h1>\t\t\t\t<\/div>\n\t\t\t\t<\/div>\n\t\t\t\t\t<\/div>\n\t\t\t\t<\/div>\n\t\t<div class=\"elementor-element elementor-element-002ef45 e-flex e-con-boxed e-con e-parent\" data-id=\"002ef45\" data-element_type=\"container\" data-e-type=\"container\">\n\t\t\t\t\t<div class=\"e-con-inner\">\n\t\t<div class=\"elementor-element elementor-element-4fd03dd e-con-full e-flex e-con e-child\" data-id=\"4fd03dd\" data-element_type=\"container\" data-e-type=\"container\">\n\t\t\t\t<div class=\"elementor-element elementor-element-7b243d9 elementor-widget elementor-widget-image\" data-id=\"7b243d9\" data-element_type=\"widget\" data-e-type=\"widget\" data-widget_type=\"image.default\">\n\t\t\t\t<div class=\"elementor-widget-container\">\n\t\t\t\t\t\t\t\t\t\t\t\t\t\t\t<img decoding=\"async\" src=\"https:\/\/dramaturgiaparalainfanciaylajuventud.com\/wp-content\/uploads\/elementor\/thumbs\/IMG_0884-2-scaled-qn1n1y87b6xey7z3wmsye7ze0vd6tb9mt6r90eyi7s.jpg\" title=\"Fernando Leija\" alt=\"Fernando Leija\" loading=\"lazy\" \/>\t\t\t\t\t\t\t\t\t\t\t\t\t\t\t<\/div>\n\t\t\t\t<\/div>\n\t\t\t\t<\/div>\n\t\t<div class=\"elementor-element elementor-element-7f90127 e-con-full e-flex e-con e-child\" data-id=\"7f90127\" data-element_type=\"container\" data-e-type=\"container\">\n\t\t\t\t<div class=\"elementor-element elementor-element-6572b23 elementor-widget elementor-widget-heading\" data-id=\"6572b23\" data-element_type=\"widget\" data-e-type=\"widget\" data-widget_type=\"heading.default\">\n\t\t\t\t<div class=\"elementor-widget-container\">\n\t\t\t\t\t<h2 class=\"elementor-heading-title elementor-size-default\">Fernando Leija Flores (Flores TeatroDanza) <\/h2>\t\t\t\t<\/div>\n\t\t\t\t<\/div>\n\t\t\t\t<div class=\"elementor-element elementor-element-9d780b7 elementor-widget elementor-widget-text-editor\" data-id=\"9d780b7\" data-element_type=\"widget\" data-e-type=\"widget\" data-widget_type=\"text-editor.default\">\n\t\t\t\t<div class=\"elementor-widget-container\">\n\t\t\t\t\t\t\t\t\t<p><span data-contrast=\"auto\">Creador esc\u00e9nico, core\u00f3grafo e int\u00e9rprete mexicano.<\/span><span data-contrast=\"auto\">\u00a0<\/span><span data-ccp-props=\"{&quot;201341983&quot;:0,&quot;335551550&quot;:6,&quot;335551620&quot;:6,&quot;335559740&quot;:276}\">\u00a0<\/span><\/p><p><span data-contrast=\"auto\">Codirector de Flores TeatroDanza, compa\u00f1\u00eda que es miembro de VINCULAR, Red Latinoamericana para los Primeros A\u00f1os, conformada por compa\u00f1\u00edas de Argentina, Brasil, Chile, Espa\u00f1a, Uruguay y M\u00e9xico. Los\/las artistas y compa\u00f1\u00edas que integran esta red comparten el inter\u00e9s de crear propuestas esc\u00e9nicas de calidad profesional para ni\u00f1as y ni\u00f1os en los primeros a\u00f1os, de manera responsable y comprometida, a partir del respeto y la sensibilidad para con el p\u00fablico.<\/span><span data-ccp-props=\"{&quot;201341983&quot;:0,&quot;335551550&quot;:6,&quot;335551620&quot;:6,&quot;335559740&quot;:276}\">\u00a0<\/span><\/p><p><span data-contrast=\"auto\">Amante de la imagen en movimiento, el lenguaje corporal y el trabajo con objetos, su propuesta esc\u00e9nica navega entre la danza teatro, el teatro f\u00edsico y el clown.\u00a0<\/span><span data-ccp-props=\"{&quot;134245417&quot;:false,&quot;201341983&quot;:0,&quot;335551550&quot;:6,&quot;335551620&quot;:6,&quot;335559737&quot;:100,&quot;335559738&quot;:220,&quot;335559740&quot;:276}\">\u00a0<\/span><\/p><p><span data-contrast=\"auto\">Dentro de Flores TeatroDanza ha codirigido y dirigido diversas creaciones para publico general y para infancias como: <em>Flores para los vivos<\/em>, <em>Nan<\/em>, <em>Miedo come todo\u2026 sue\u00f1os al vuelo<\/em> y <em>Ni tan chico, ni tan lejos<\/em>.<\/span><span data-ccp-props=\"{&quot;134245417&quot;:false,&quot;201341983&quot;:0,&quot;335551550&quot;:6,&quot;335551620&quot;:6,&quot;335559737&quot;:100,&quot;335559738&quot;:220,&quot;335559740&quot;:276}\">\u00a0<\/span><\/p><p><span data-contrast=\"auto\">Su trabajo como creador e int\u00e9rprete se ha presentado en diversos foros y festivales tanto dentro como fuera del pa\u00eds, algunos de ellos son: FITPA (GDJ), 42 Muestra Nacional de Teatro (COAH), ENARTES (CDMX), Festival Jos\u00e9 Lim\u00f3n (SIN), Cuerpos en Transito (BC), Festival de Calaveras (AGS), Muestra Estatal de Teatro Rafael Solana (TAM), Festival Lila L\u00f3pez (SLP), Festival Itinerarte (MTY), Encuentro N\u00f3mada (Medell\u00edn), Festival Internacional de Teatro y Artes de Calle (Valladolid), Bilboko Kalealdia (Bilbao), FETEN (Asturias) entre otros.<\/span><span data-ccp-props=\"{&quot;134245417&quot;:false,&quot;201341983&quot;:0,&quot;335551550&quot;:6,&quot;335551620&quot;:6,&quot;335559737&quot;:100,&quot;335559738&quot;:220,&quot;335559740&quot;:276}\">\u00a0<\/span><\/p><p><span data-contrast=\"auto\">Beneficiario en dos ocasiones del Programa de Est\u00edmulo para la Creaci\u00f3n y Desarrollo Art\u00edstico de Tamaulipas. Beneficiario del programa J\u00f3venes creadores del FONCA, 2021-2022.<\/span><span data-ccp-props=\"{&quot;134245417&quot;:false,&quot;201341983&quot;:0,&quot;335551550&quot;:6,&quot;335551620&quot;:6,&quot;335559737&quot;:100,&quot;335559738&quot;:220,&quot;335559740&quot;:276}\">\u00a0<\/span><\/p><p><span data-contrast=\"auto\">En el 2018 gana el premio a mejor obra infantil y mejor actor en la XXXVIII Muestra Estatal de Teatro Rafael Solana en Tampico, Tamaulipas.<\/span><span data-ccp-props=\"{&quot;134245417&quot;:false,&quot;201341983&quot;:0,&quot;335551550&quot;:6,&quot;335551620&quot;:6,&quot;335559737&quot;:100,&quot;335559738&quot;:220,&quot;335559740&quot;:276}\">\u00a0<\/span><\/p><p><span data-contrast=\"auto\">Actualmente radica en Coatepec, Veracruz, desde donde colabora con diferentes proyectos y contin\u00faa enriqueciendo su universo creativo.<\/span><span data-ccp-props=\"{&quot;134245417&quot;:false,&quot;201341983&quot;:0,&quot;335551550&quot;:6,&quot;335551620&quot;:6,&quot;335559737&quot;:100,&quot;335559738&quot;:220,&quot;335559740&quot;:276}\">\u00a0<\/span><\/p>\t\t\t\t\t\t\t\t<\/div>\n\t\t\t\t<\/div>\n\t\t\t\t<\/div>\n\t\t\t\t\t<\/div>\n\t\t\t\t<\/div>\n\t\t<div class=\"elementor-element elementor-element-d0fd60f e-flex e-con-boxed e-con e-parent\" data-id=\"d0fd60f\" data-element_type=\"container\" data-e-type=\"container\">\n\t\t\t\t\t<div class=\"e-con-inner\">\n\t\t\t\t<div class=\"elementor-element elementor-element-2902586 elementor-widget-divider--view-line elementor-widget elementor-widget-divider\" data-id=\"2902586\" data-element_type=\"widget\" data-e-type=\"widget\" data-widget_type=\"divider.default\">\n\t\t\t\t<div class=\"elementor-widget-container\">\n\t\t\t\t\t\t\t<div class=\"elementor-divider\">\n\t\t\t<span class=\"elementor-divider-separator\">\n\t\t\t\t\t\t<\/span>\n\t\t<\/div>\n\t\t\t\t\t\t<\/div>\n\t\t\t\t<\/div>\n\t\t\t\t\t<\/div>\n\t\t\t\t<\/div>\n\t\t<div class=\"elementor-element elementor-element-f3da31f e-flex e-con-boxed e-con e-parent\" data-id=\"f3da31f\" data-element_type=\"container\" data-e-type=\"container\">\n\t\t\t\t\t<div class=\"e-con-inner\">\n\t\t<div class=\"elementor-element elementor-element-b5b6fbf e-con-full e-flex e-con e-child\" data-id=\"b5b6fbf\" data-element_type=\"container\" data-e-type=\"container\">\n\t\t\t\t<div class=\"elementor-element elementor-element-e582595 elementor-widget__width-initial elementor-widget elementor-widget-image\" data-id=\"e582595\" data-element_type=\"widget\" data-e-type=\"widget\" data-widget_type=\"image.default\">\n\t\t\t\t<div class=\"elementor-widget-container\">\n\t\t\t\t\t\t\t\t\t\t\t\t\t\t\t<img decoding=\"async\" src=\"https:\/\/dramaturgiaparalainfanciaylajuventud.com\/wp-content\/uploads\/elementor\/thumbs\/foto-Sol-e1714424455460-qnfvocakl3litnxy858edtjev60ufux3pxvpwqg6go.jpeg\" title=\"Paula Romero\" alt=\"Paula Romero\" loading=\"lazy\" \/>\t\t\t\t\t\t\t\t\t\t\t\t\t\t\t<\/div>\n\t\t\t\t<\/div>\n\t\t\t\t<\/div>\n\t\t<div class=\"elementor-element elementor-element-eaa6435 e-con-full e-flex e-con e-child\" data-id=\"eaa6435\" data-element_type=\"container\" data-e-type=\"container\">\n\t\t\t\t<div class=\"elementor-element elementor-element-79ed65d elementor-widget elementor-widget-heading\" data-id=\"79ed65d\" data-element_type=\"widget\" data-e-type=\"widget\" data-widget_type=\"heading.default\">\n\t\t\t\t<div class=\"elementor-widget-container\">\n\t\t\t\t\t<h2 class=\"elementor-heading-title elementor-size-default\">Paula Romero                                                  \n(La Coja Dansa)<\/h2>\t\t\t\t<\/div>\n\t\t\t\t<\/div>\n\t\t\t\t<div class=\"elementor-element elementor-element-0a278fe elementor-widget elementor-widget-text-editor\" data-id=\"0a278fe\" data-element_type=\"widget\" data-e-type=\"widget\" data-widget_type=\"text-editor.default\">\n\t\t\t\t<div class=\"elementor-widget-container\">\n\t\t\t\t\t\t\t\t\t<p>Bailarina y core\u00f3grafa interesada en la pr\u00e1ctica de la danza como potencia. Piensa el movimiento como generador de relaciones pol\u00edticas y de comunidad entre cuerpos. Tambi\u00e9n le interesa la pl\u00e1stica del cuerpo y su posible relaci\u00f3n con otros dispositivos.\u00a0 Sus trabajos mutan en forma y formato seg\u00fan \u00a0los diferentes espacios en los que trabaja. As\u00ed, se mueve en contextos teatrales pero tambi\u00e9n en museos y diferentes arquitecturas en el espacio p\u00fablico.<\/p><p><span style=\"color: var( --e-global-color-text );font-family: var( --e-global-typography-text-font-family ), Sans-serif;font-weight: var( --e-global-typography-text-font-weight );text-align: var(--text-align)\">Graduada en Coreograf\u00eda e Interpretaci\u00f3n de danza contempor\u00e1nea por el Conservatorio Superior de Danza de Val\u00e8ncia, as\u00ed como por el Conservatorio Profesional de Danza de Val\u00e8ncia. Forma parte del Programa de estudios Articulacions del IVAM-UV-UPV 2022\/23. En 2010 prosigue sus estudios en Italia en el curso de perfeccionamiento para profesionales M\u00f3dem Studio Atelier de la Compagnia Zappal\u00e0 Danza (Catania). Desde 2012 hasta 2014, trabaj\u00f3 con varias compa\u00f1\u00edas italianas: Petranura Danza, Twain Physical Dance Theater y Compagnia Loris Petrillo Danza.<\/span><\/p><p>Tambi\u00e9n colabora con compa\u00f1\u00edas como La Coja Dansa, R.O.P.A, Panicmap, Atiro Hecho, Fil d&#8217;arena, Visitants Teatre, De Soprano y Arpa o el creador Vicent Gisbert. Como core\u00f3grafa, ha colaborado en los montajes del IVC (Tot explota y RMINDS), as\u00ed como en proyectos de otras compa\u00f1\u00edas. Forma parte del colectivo Les Juntes y ha colaborado en la creaci\u00f3n de piezas con artistas como la ilustradora Eixa o el artista sonoro Mart\u00ed Guillem representadas en festivales como Dansa Val\u00e8ncia o Migrats.<\/p><p>Como docente imparte clases y talleres en varios centros privados. Tambi\u00e9n ha impartido talleres en el Conservatorio Profesional de Danza de Val\u00e8ncia.<\/p><p><span style=\"color: var( --e-global-color-text );font-family: var( --e-global-typography-text-font-family ), Sans-serif;font-weight: var( --e-global-typography-text-font-weight );text-align: var(--text-align)\">Recibe el Premio extraordinario de la Comunidad Valenciana 2009 al finalizar sus estudios en el CPDV y el premio Bailarina Destacada 2021 de la APDCV (Associaci\u00f3 de Professionals de Dansa de la C. Valenciana).<\/span><\/p>\t\t\t\t\t\t\t\t<\/div>\n\t\t\t\t<\/div>\n\t\t\t\t<\/div>\n\t\t\t\t\t<\/div>\n\t\t\t\t<\/div>\n\t\t<div class=\"elementor-element elementor-element-951a902 e-flex e-con-boxed e-con e-parent\" data-id=\"951a902\" data-element_type=\"container\" data-e-type=\"container\">\n\t\t\t\t\t<div class=\"e-con-inner\">\n\t\t\t\t<div class=\"elementor-element elementor-element-5d14799 elementor-widget-divider--view-line elementor-widget elementor-widget-divider\" data-id=\"5d14799\" data-element_type=\"widget\" data-e-type=\"widget\" data-widget_type=\"divider.default\">\n\t\t\t\t<div class=\"elementor-widget-container\">\n\t\t\t\t\t\t\t<div class=\"elementor-divider\">\n\t\t\t<span class=\"elementor-divider-separator\">\n\t\t\t\t\t\t<\/span>\n\t\t<\/div>\n\t\t\t\t\t\t<\/div>\n\t\t\t\t<\/div>\n\t\t\t\t\t<\/div>\n\t\t\t\t<\/div>\n\t\t<div class=\"elementor-element elementor-element-27d0ce2 e-flex e-con-boxed e-con e-parent\" data-id=\"27d0ce2\" data-element_type=\"container\" data-e-type=\"container\">\n\t\t\t\t\t<div class=\"e-con-inner\">\n\t\t<div class=\"elementor-element elementor-element-2afd823 e-con-full e-flex e-con e-child\" data-id=\"2afd823\" data-element_type=\"container\" data-e-type=\"container\">\n\t\t\t\t<div class=\"elementor-element elementor-element-0e41630 elementor-widget__width-initial elementor-widget elementor-widget-image\" data-id=\"0e41630\" data-element_type=\"widget\" data-e-type=\"widget\" data-widget_type=\"image.default\">\n\t\t\t\t<div class=\"elementor-widget-container\">\n\t\t\t\t\t\t\t\t\t\t\t\t\t\t\t<img decoding=\"async\" src=\"https:\/\/dramaturgiaparalainfanciaylajuventud.com\/wp-content\/uploads\/elementor\/thumbs\/ENRIQUE-CABRERA-082-1-qn9116h3gap0o7f5aku9cy22nka4629ha665wdo5h4.jpg\" title=\"ENRIQUE-CABRERA\" alt=\"ENRIQUE-CABRERA\" loading=\"lazy\" \/>\t\t\t\t\t\t\t\t\t\t\t\t\t\t\t<\/div>\n\t\t\t\t<\/div>\n\t\t\t\t<\/div>\n\t\t<div class=\"elementor-element elementor-element-b638117 e-con-full e-flex e-con e-child\" data-id=\"b638117\" data-element_type=\"container\" data-e-type=\"container\">\n\t\t<div class=\"elementor-element elementor-element-8e91d02 e-flex e-con-boxed e-con e-child\" data-id=\"8e91d02\" data-element_type=\"container\" data-e-type=\"container\">\n\t\t\t\t\t<div class=\"e-con-inner\">\n\t\t\t\t<div class=\"elementor-element elementor-element-0e83540 elementor-widget elementor-widget-heading\" data-id=\"0e83540\" data-element_type=\"widget\" data-e-type=\"widget\" data-widget_type=\"heading.default\">\n\t\t\t\t<div class=\"elementor-widget-container\">\n\t\t\t\t\t<h2 class=\"elementor-heading-title elementor-size-default\">Enrique Cabrera (Aracaladanza)<\/h2>\t\t\t\t<\/div>\n\t\t\t\t<\/div>\n\t\t\t\t\t<\/div>\n\t\t\t\t<\/div>\n\t\t<div class=\"elementor-element elementor-element-7c36788 e-flex e-con-boxed e-con e-child\" data-id=\"7c36788\" data-element_type=\"container\" data-e-type=\"container\">\n\t\t\t\t\t<div class=\"e-con-inner\">\n\t\t\t\t<div class=\"elementor-element elementor-element-1622543 elementor-widget elementor-widget-text-editor\" data-id=\"1622543\" data-element_type=\"widget\" data-e-type=\"widget\" data-widget_type=\"text-editor.default\">\n\t\t\t\t<div class=\"elementor-widget-container\">\n\t\t\t\t\t\t\t\t\t<p>Core\u00f3grafo argentino, residente en Madrid desde 1989, es el impulsor y el alma creativa de Aracaladanza, compa\u00f1\u00eda que funda en 1995 tras obtener el premio al core\u00f3grafo sobresaliente del VIII Certamen Coreogr\u00e1fico de Madrid.<\/p><p>Con una formaci\u00f3n ecl\u00e9ctica alcanzada en los m\u00e1s prestigiosos centros de estudios de artes esc\u00e9nicas de Buenos Aires, Enrique Cabrera form\u00f3 parte de los elencos estables de las compa\u00f1\u00edas de danza contempor\u00e1nea m\u00e1s importantes de Argentina.<\/p><p>Pionero en la concepci\u00f3n de espect\u00e1culos de danza para p\u00fablico familiar, su trabajo ha llamado la atenci\u00f3n en Europa y Asia, donde se ha convertido en referente creativo.<\/p><p>Adem\u00e1s de su trabajo como core\u00f3grafo, ha sido director de algunos montajes musicales, entre los que destaca los realizados para el\u00a0Palau de la M\u00fasica, el\u00a0Auditori de Barcelona\u00a0y la\u00a0Philharmonie de Paris.<\/p><p>Ganador del\u00a0Premio Coreograf\u00eda de Danza Antonio Ruiz Soler 2005, que concede el Ayuntamiento de Madrid por su obra <em>\u00a1Nada\u2026Nada!<\/em>. Enrique Cabrera tambi\u00e9n ha creado coreograf\u00edas para agencias de danza y compa\u00f1\u00edas brit\u00e1nicas; ha compartido experiencias con core\u00f3grafos\/as, educadores\/as, escritores\/as, pintores\/as y cineastas de talla internacional; ha formado parte de diferentes jurados de danza y ha ofrecido clases magistrales en universidades y escuelas de arte dram\u00e1tico y danza.<\/p>\t\t\t\t\t\t\t\t<\/div>\n\t\t\t\t<\/div>\n\t\t\t\t\t<\/div>\n\t\t\t\t<\/div>\n\t\t\t\t<\/div>\n\t\t\t\t\t<\/div>\n\t\t\t\t<\/div>\n\t\t<div class=\"elementor-element elementor-element-aca0f49 e-flex e-con-boxed e-con e-parent\" data-id=\"aca0f49\" data-element_type=\"container\" data-e-type=\"container\">\n\t\t\t\t\t<div class=\"e-con-inner\">\n\t\t\t\t<div class=\"elementor-element elementor-element-14cff91 elementor-widget-divider--view-line elementor-widget elementor-widget-divider\" data-id=\"14cff91\" data-element_type=\"widget\" data-e-type=\"widget\" data-widget_type=\"divider.default\">\n\t\t\t\t<div class=\"elementor-widget-container\">\n\t\t\t\t\t\t\t<div class=\"elementor-divider\">\n\t\t\t<span class=\"elementor-divider-separator\">\n\t\t\t\t\t\t<\/span>\n\t\t<\/div>\n\t\t\t\t\t\t<\/div>\n\t\t\t\t<\/div>\n\t\t\t\t\t<\/div>\n\t\t\t\t<\/div>\n\t\t<div class=\"elementor-element elementor-element-81ee00c e-flex e-con-boxed e-con e-parent\" data-id=\"81ee00c\" data-element_type=\"container\" data-e-type=\"container\">\n\t\t\t\t\t<div class=\"e-con-inner\">\n\t\t<div class=\"elementor-element elementor-element-d48a5b0 e-con-full e-flex e-con e-child\" data-id=\"d48a5b0\" data-element_type=\"container\" data-e-type=\"container\">\n\t\t\t\t<div class=\"elementor-element elementor-element-d266e3d elementor-widget__width-initial elementor-widget elementor-widget-image\" data-id=\"d266e3d\" data-element_type=\"widget\" data-e-type=\"widget\" data-widget_type=\"image.default\">\n\t\t\t\t<div class=\"elementor-widget-container\">\n\t\t\t\t\t\t\t\t\t\t\t\t\t\t\t<img decoding=\"async\" src=\"https:\/\/dramaturgiaparalainfanciaylajuventud.com\/wp-content\/uploads\/elementor\/thumbs\/FOTO-AUTOR-XAVO-bn-1-qn1oiul7xjccc74x0hz3pvf9jimu039tf0gzb0iw1k.jpg\" title=\"Xavo Gim\u00e9nez\" alt=\"Xavo Gim\u00e9nez\" loading=\"lazy\" \/>\t\t\t\t\t\t\t\t\t\t\t\t\t\t\t<\/div>\n\t\t\t\t<\/div>\n\t\t\t\t<\/div>\n\t\t<div class=\"elementor-element elementor-element-ad862ce e-con-full e-flex e-con e-child\" data-id=\"ad862ce\" data-element_type=\"container\" data-e-type=\"container\">\n\t\t\t\t<div class=\"elementor-element elementor-element-f6a5167 elementor-widget elementor-widget-heading\" data-id=\"f6a5167\" data-element_type=\"widget\" data-e-type=\"widget\" data-widget_type=\"heading.default\">\n\t\t\t\t<div class=\"elementor-widget-container\">\n\t\t\t\t\t<h2 class=\"elementor-heading-title elementor-size-default\">Xavo Gim\u00e9nez                                                      \n\n\n(La Teta Calva)<\/h2>\t\t\t\t<\/div>\n\t\t\t\t<\/div>\n\t\t\t\t<div class=\"elementor-element elementor-element-d548407 elementor-widget elementor-widget-text-editor\" data-id=\"d548407\" data-element_type=\"widget\" data-e-type=\"widget\" data-widget_type=\"text-editor.default\">\n\t\t\t\t<div class=\"elementor-widget-container\">\n\t\t\t\t\t\t\t\t\t<p><span data-contrast=\"none\">LA TETA CALVA nace y se reproduce en 2014. Mar\u00eda C\u00e1rdenas y Xavo Gim\u00e9nez<\/span> <span data-contrast=\"none\">inician su viaje teatral con la pieza de Gim\u00e9nez, <\/span><i><span data-contrast=\"none\">Penev,<\/span><\/i><span data-contrast=\"none\"> y siguen con <\/span><i><span data-contrast=\"none\">S\u00edndrhomo<\/span><\/i><span data-contrast=\"none\">, de Mar\u00eda C\u00e1rdenas, creada para el Festival Cabanyal Intim de 2015. Es por ese a\u00f1o cuando emprenden recorrido en el teatro infantil con <\/span><i><span data-contrast=\"none\">El oro de Jerem\u00edas<\/span><\/i><span data-contrast=\"none\">, una obra de teatro de objetos, musical y texto basada en el lejano oeste. Y de vaqueros familiares a vaqueros solitarios, Gim\u00e9nez escribe e interpreta <\/span><i><span data-contrast=\"none\">Llopis<\/span><\/i><span data-contrast=\"none\">, un western urbano y primer mon\u00f3logo de la compa\u00f1\u00eda. <\/span><span data-ccp-props=\"{&quot;134233117&quot;:false,&quot;134233118&quot;:false,&quot;201341983&quot;:0,&quot;335551550&quot;:6,&quot;335551620&quot;:6,&quot;335557856&quot;:16777215,&quot;335559731&quot;:0,&quot;335559738&quot;:0,&quot;335559739&quot;:0,&quot;335559740&quot;:259}\">\u00a0<\/span><\/p><p><span data-contrast=\"none\">C\u00e1rdenas y Gim\u00e9nez crean la versi\u00f3n del cl\u00e1sico de Mark Twain <\/span><i><span data-contrast=\"none\">Les Aventures de T. Sawyer<\/span><\/i><span data-contrast=\"none\"> para el Centre Teatral Escalante. <\/span><i><span data-contrast=\"none\">El tambor de Cora<\/span><\/i><span data-contrast=\"none\"> ser\u00e1 el siguiente trabajo para todos los p\u00fablicos, una obra que enfrenta la vida y la muerte en la historia de un ni\u00f1o que necesita un nuevo coraz\u00f3n porque el suyo se ha helado. <\/span><span data-ccp-props=\"{&quot;134233117&quot;:false,&quot;134233118&quot;:false,&quot;201341983&quot;:0,&quot;335551550&quot;:6,&quot;335551620&quot;:6,&quot;335557856&quot;:16777215,&quot;335559731&quot;:0,&quot;335559738&quot;:0,&quot;335559739&quot;:0,&quot;335559740&quot;:259}\">\u00a0<\/span><\/p><p><span data-contrast=\"none\">En el Teatre Musical de Valencia estrenan\u00a0<\/span><i><span data-contrast=\"none\">Qu\u00e9 pas\u00f3 con Michael Jackson<\/span><\/i><span data-contrast=\"none\">, Una pieza sobre el \u00e9xito y el fracaso, y en el siguiente a\u00f1o presentaron <\/span><i><span data-contrast=\"none\">El muro<\/span><\/i><span data-contrast=\"none\">, una versi\u00f3n castiza y bizarra basada en <\/span><i><span data-contrast=\"none\">The Wall,<\/span><\/i><span data-contrast=\"none\"> de Pink Floyd, estrenada en el Teatro Principal de Valencia. <\/span><span data-ccp-props=\"{&quot;134233117&quot;:false,&quot;134233118&quot;:false,&quot;201341983&quot;:0,&quot;335551550&quot;:6,&quot;335551620&quot;:6,&quot;335557856&quot;:16777215,&quot;335559731&quot;:0,&quot;335559738&quot;:0,&quot;335559739&quot;:0,&quot;335559740&quot;:259}\">\u00a0<\/span><\/p><p><span data-contrast=\"none\">Su \u00faltimo trabajo infantil es <\/span><i><span data-contrast=\"none\">Hay una sirena en mi sal\u00f3n,<\/span><\/i><span data-contrast=\"none\"> teatro inclusivo que nos cuenta la historia de una ni\u00f1a que no puede caminar pero que puede con todo lo dem\u00e1s. Teatro sin barreras ante los miedos. Estrenan la pieza corta <\/span><i><span data-contrast=\"none\">El camino de las cabras,<\/span><\/i><span data-contrast=\"none\"> de Mar\u00eda C\u00e1rdenas, para el festival Cabanyal Intim. <\/span><span data-ccp-props=\"{&quot;134233117&quot;:false,&quot;134233118&quot;:false,&quot;201341983&quot;:0,&quot;335551550&quot;:6,&quot;335551620&quot;:6,&quot;335557856&quot;:16777215,&quot;335559731&quot;:0,&quot;335559738&quot;:0,&quot;335559739&quot;:0,&quot;335559740&quot;:259}\">\u00a0<\/span><\/p><p><span data-contrast=\"none\">Su \u00faltima obra es <\/span><i><span data-contrast=\"none\">Espaldas de plata<\/span><\/i><span data-contrast=\"none\">, teatro punzante que mezcla la pol\u00edtica y los principios de segunda mano. Gim\u00e9nez y C\u00e1rdenas dirigen y escriben para otras compa\u00f1\u00edas de danza, m\u00fasica y teatro como Marea Danza, Mosquitas Muertas, La Negra, Malatesta, Miquel Ausina, Russafa Esc\u00e8nica, La Escuela del Actor, Purna Teatre, Hongaresa o el Institut Valenci\u00e0 de Cultura.<\/span><span data-ccp-props=\"{&quot;134233117&quot;:false,&quot;134233118&quot;:false,&quot;201341983&quot;:0,&quot;335551550&quot;:6,&quot;335551620&quot;:6,&quot;335557856&quot;:16777215,&quot;335559731&quot;:0,&quot;335559738&quot;:0,&quot;335559739&quot;:0,&quot;335559740&quot;:259}\">\u00a0<\/span><\/p><p><span data-contrast=\"none\">El teatro de La Teta Calva transita entre las dramaturgias sociales, donde la persona y su<\/span><span data-ccp-props=\"{&quot;134233117&quot;:false,&quot;134233118&quot;:false,&quot;201341983&quot;:0,&quot;335551550&quot;:6,&quot;335551620&quot;:6,&quot;335557856&quot;:16777215,&quot;335559731&quot;:0,&quot;335559738&quot;:0,&quot;335559739&quot;:0,&quot;335559740&quot;:259}\">\u00a0<\/span><span data-contrast=\"none\">desestructurado entorno vital son las piezas de cada una de sus obras. Un teatro cercano y basado en la palabra, en el humor punzante, en la proximidad, por no decir intimidad y, por encima de todo, en el actor como herramienta fundamental de un teatro cercano y despojado de artificio.<\/span><span data-ccp-props=\"{&quot;134233117&quot;:false,&quot;134233118&quot;:false,&quot;201341983&quot;:0,&quot;335551550&quot;:6,&quot;335551620&quot;:6,&quot;335557856&quot;:16777215,&quot;335559738&quot;:0,&quot;335559739&quot;:0,&quot;335559740&quot;:259}\">\u00a0<\/span><\/p>\t\t\t\t\t\t\t\t<\/div>\n\t\t\t\t<\/div>\n\t\t\t\t<\/div>\n\t\t\t\t\t<\/div>\n\t\t\t\t<\/div>\n\t\t<div class=\"elementor-element elementor-element-7dc2dd0 e-flex e-con-boxed e-con e-parent\" data-id=\"7dc2dd0\" data-element_type=\"container\" data-e-type=\"container\">\n\t\t\t\t\t<div class=\"e-con-inner\">\n\t\t\t\t<div class=\"elementor-element elementor-element-a52c80d elementor-widget-divider--view-line elementor-widget elementor-widget-divider\" data-id=\"a52c80d\" data-element_type=\"widget\" data-e-type=\"widget\" data-widget_type=\"divider.default\">\n\t\t\t\t<div class=\"elementor-widget-container\">\n\t\t\t\t\t\t\t<div class=\"elementor-divider\">\n\t\t\t<span class=\"elementor-divider-separator\">\n\t\t\t\t\t\t<\/span>\n\t\t<\/div>\n\t\t\t\t\t\t<\/div>\n\t\t\t\t<\/div>\n\t\t\t\t\t<\/div>\n\t\t\t\t<\/div>\n\t\t<div class=\"elementor-element elementor-element-5ad8cb8 e-flex e-con-boxed e-con e-parent\" data-id=\"5ad8cb8\" data-element_type=\"container\" data-e-type=\"container\">\n\t\t\t\t\t<div class=\"e-con-inner\">\n\t\t<div class=\"elementor-element elementor-element-c5a27fd e-con-full e-flex e-con e-child\" data-id=\"c5a27fd\" data-element_type=\"container\" data-e-type=\"container\">\n\t\t\t\t<div class=\"elementor-element elementor-element-cf3fd0a elementor-widget__width-initial elementor-widget elementor-widget-image\" data-id=\"cf3fd0a\" data-element_type=\"widget\" data-e-type=\"widget\" data-widget_type=\"image.default\">\n\t\t\t\t<div class=\"elementor-widget-container\">\n\t\t\t\t\t\t\t\t\t\t\t\t\t\t\t<img decoding=\"async\" src=\"https:\/\/dramaturgiaparalainfanciaylajuventud.com\/wp-content\/uploads\/elementor\/thumbs\/thumbnail_FOTO-RLM-qnvnkjvbk66i7zl4e9n37smmmv41nr0n7dyp59m4s8.jpg\" title=\"Ra\u00fal Le\u00f3n\" alt=\"Ra\u00fal Le\u00f3n\" loading=\"lazy\" \/>\t\t\t\t\t\t\t\t\t\t\t\t\t\t\t<\/div>\n\t\t\t\t<\/div>\n\t\t\t\t<\/div>\n\t\t<div class=\"elementor-element elementor-element-85c9b11 e-con-full e-flex e-con e-child\" data-id=\"85c9b11\" data-element_type=\"container\" data-e-type=\"container\">\n\t\t\t\t<div class=\"elementor-element elementor-element-96967bb elementor-widget elementor-widget-heading\" data-id=\"96967bb\" data-element_type=\"widget\" data-e-type=\"widget\" data-widget_type=\"heading.default\">\n\t\t\t\t<div class=\"elementor-widget-container\">\n\t\t\t\t\t<h2 class=\"elementor-heading-title elementor-size-default\">Ra\u00fal Le\u00f3n Mendoza                                              \n\n\n(La Coja Dansa)<\/h2>\t\t\t\t<\/div>\n\t\t\t\t<\/div>\n\t\t\t\t<div class=\"elementor-element elementor-element-98cee31 elementor-widget elementor-widget-text-editor\" data-id=\"98cee31\" data-element_type=\"widget\" data-e-type=\"widget\" data-widget_type=\"text-editor.default\">\n\t\t\t\t<div class=\"elementor-widget-container\">\n\t\t\t\t\t\t\t\t\t<p>La Coja Dansa lleva desde 2003 evitando ser reconocible y dando saltos de un formato a otro. Desde piezas m\u00e1s convencionales (siempre apostando por una dramaturgia herida y cosida) a experimentos con los que ninguna otra compa\u00f1\u00eda se atrever\u00eda a trabajar. Hemos llenado una sala de corcho, hemos montado una pista de hielo sint\u00e9tico en un teatro y hemos aprovechado las escenograf\u00edas de las piezas que nos preced\u00edan, de otras compa\u00f1\u00edas y de otras funciones, para montar nuestras piezas. Tambi\u00e9n tenemos piezas normales con las que nos han seleccionado en un mont\u00f3n de sitios e infantiles con los que hemos hecho giras largu\u00edsimas. Nos han llamado de todo, pero contamos con un mont\u00f3n de buenas amigas que nos siguen y nos aprecian. Tambi\u00e9n tenemos a unas cuantas programadoras enamoradas, y con eso vamos tirando.<\/p><p>Ra\u00fal Le\u00f3n es profesor asociado en el Departamento de Escultura de la Universistat Polit\u00e8cnica de Val\u00e8ncia. Doctor en Bellas Artes por la UPV y M\u00e1ster en Artes Visuales y Multimedia (UPV). Miembro del grupo de investigaci\u00f3n Laboratorio de Luz (UPV).<\/p><p>Su producci\u00f3n e investigaci\u00f3n se centran en la cultura visual y la pr\u00e1ctica esc\u00e9nica contempor\u00e1nea. Como profesional de las artes esc\u00e9nicas, ha mantenido una posici\u00f3n de investigaci\u00f3n contin\u00faa sobre nuevas dramaturgias asociadas con la tecnolog\u00eda. Esta incursi\u00f3n de la tecnolog\u00eda en la escena se ha materializado a trav\u00e9s del uso del video\u00a0como un elemento con capacidad de acci\u00f3n sobre la dramaturgia y el cuerpo de los y las int\u00e9rpretes.<\/p>\t\t\t\t\t\t\t\t<\/div>\n\t\t\t\t<\/div>\n\t\t\t\t<\/div>\n\t\t\t\t\t<\/div>\n\t\t\t\t<\/div>\n\t\t<div class=\"elementor-element elementor-element-eaa586e e-flex e-con-boxed e-con e-parent\" data-id=\"eaa586e\" data-element_type=\"container\" data-e-type=\"container\">\n\t\t\t\t\t<div class=\"e-con-inner\">\n\t\t\t\t<div class=\"elementor-element elementor-element-02731fb elementor-widget-divider--view-line elementor-widget elementor-widget-divider\" data-id=\"02731fb\" data-element_type=\"widget\" data-e-type=\"widget\" data-widget_type=\"divider.default\">\n\t\t\t\t<div class=\"elementor-widget-container\">\n\t\t\t\t\t\t\t<div class=\"elementor-divider\">\n\t\t\t<span class=\"elementor-divider-separator\">\n\t\t\t\t\t\t<\/span>\n\t\t<\/div>\n\t\t\t\t\t\t<\/div>\n\t\t\t\t<\/div>\n\t\t\t\t\t<\/div>\n\t\t\t\t<\/div>\n\t\t<div class=\"elementor-element elementor-element-6f1393a e-flex e-con-boxed e-con e-parent\" data-id=\"6f1393a\" data-element_type=\"container\" data-e-type=\"container\">\n\t\t\t\t\t<div class=\"e-con-inner\">\n\t\t<div class=\"elementor-element elementor-element-dec8613 e-con-full e-flex e-con e-child\" data-id=\"dec8613\" data-element_type=\"container\" data-e-type=\"container\">\n\t\t\t\t<div class=\"elementor-element elementor-element-9341a64 elementor-widget__width-initial elementor-widget elementor-widget-image\" data-id=\"9341a64\" data-element_type=\"widget\" data-e-type=\"widget\" data-widget_type=\"image.default\">\n\t\t\t\t<div class=\"elementor-widget-container\">\n\t\t\t\t\t\t\t\t\t\t\t\t\t\t\t<img decoding=\"async\" src=\"https:\/\/dramaturgiaparalainfanciaylajuventud.com\/wp-content\/uploads\/elementor\/thumbs\/ClaraCrespo-qoru6t8szkds2t3trr9iycts2ejq4huz60bx7te94o.jpg\" title=\"ClaraCrespo\" alt=\"ClaraCrespo\" loading=\"lazy\" \/>\t\t\t\t\t\t\t\t\t\t\t\t\t\t\t<\/div>\n\t\t\t\t<\/div>\n\t\t\t\t<\/div>\n\t\t<div class=\"elementor-element elementor-element-c0435d1 e-con-full e-flex e-con e-child\" data-id=\"c0435d1\" data-element_type=\"container\" data-e-type=\"container\">\n\t\t\t\t<div class=\"elementor-element elementor-element-4a08323 elementor-widget elementor-widget-heading\" data-id=\"4a08323\" data-element_type=\"widget\" data-e-type=\"widget\" data-widget_type=\"heading.default\">\n\t\t\t\t<div class=\"elementor-widget-container\">\n\t\t\t\t\t<h2 class=\"elementor-heading-title elementor-size-default\">Clara Crespo                                         \n\n\n(Fil d'Arena dansa-teatre)<\/h2>\t\t\t\t<\/div>\n\t\t\t\t<\/div>\n\t\t\t\t<div class=\"elementor-element elementor-element-5bcc37a elementor-widget elementor-widget-text-editor\" data-id=\"5bcc37a\" data-element_type=\"widget\" data-e-type=\"widget\" data-widget_type=\"text-editor.default\">\n\t\t\t\t<div class=\"elementor-widget-container\">\n\t\t\t\t\t\t\t\t\t<p>Fil d&#8217;Arena dansa-teatre surge en 2011, como un lugar donde materializar las inquietudes que nos surgen como colectivo. Nuestro lenguaje es el movimiento y nuestra herramienta el cuerpo.<\/p><p>Compa\u00f1\u00eda multidisciplinar compuesta por cuatro mujeres, que se organiza de manera horizontal, realizando creaci\u00f3n colectiva. La creaci\u00f3n colectiva es un sello que define a la compa\u00f1\u00eda, en cada unos de nuestros procesos de creaci\u00f3n los integrantes ponen sus mejores habilidades art\u00edsticas, personales y profesionales para llevar a cabo el proyecto.<\/p><p>Otra caracter\u00edstica de Fil d\u2019Arena es intentar acercar la danza a todo tipo de p\u00fablicos y llegar a conectar con la sociedad. La compa\u00f1\u00eda genera diferentes proyectos de danza comunitaria como <em>The Big Dance<\/em> en 2016 o <em>Pina Deltebre<\/em> en 2019. Tambi\u00e9n adapta sus espect\u00e1culos para ser representados en la calle o en otros espacios no convencionales.<\/p><p>Desde su nacimiento han estrenado ocho obras: <em>Caf\u00e9 Sol<\/em> (2011), <em>La Consagraci\u00f3n de la Primavera<\/em> (2014), <em>La Sal que ens ha Partit <\/em>(2015)<em>, Salt <\/em>(2017)<em>, Cos a Cos. E111 <\/em>(2019)<em>, Nina <\/em>(2019), <em>Senia<\/em> (2020), <em>Nimbes<\/em> (2021).<\/p><p>La compa\u00f1\u00eda tiene proyecci\u00f3n nacional e internacional y desde 2015 recibe el soporte del Instituto Valenciano de Cultura, del Programa Acci\u00f3n Cultural del Ayuntamiento de Valencia y de INAEM, as\u00ed como de entidades locales como las Residencias de Creaci\u00f3n de la Carme Teatre en 2017 o el programa de residencias Graners de Creaci\u00f3 2019-2022.<\/p><p>Clara Crespo Domingo es directora, bailarina, core\u00f3grafa y actriz.<\/p><p>M\u00e1ster en direcci\u00f3n esc\u00e9nica por la UNIR, Graduada en Arte Dram\u00e1tico, Licenciada en Coreograf\u00eda y t\u00e9cnicas de la interpretaci\u00f3n en el Conservatorio Superior de Valencia.<\/p><p>Co-fundadora de la compa\u00f1\u00eda Fil d\u2019Arena ha trabajado como directora, core\u00f3grafa y bailarina en esta y otras compa\u00f1\u00edas.<\/p>\t\t\t\t\t\t\t\t<\/div>\n\t\t\t\t<\/div>\n\t\t\t\t<\/div>\n\t\t\t\t\t<\/div>\n\t\t\t\t<\/div>\n\t\t<div class=\"elementor-element elementor-element-eed241b e-flex e-con-boxed e-con e-parent\" data-id=\"eed241b\" data-element_type=\"container\" data-e-type=\"container\">\n\t\t\t\t\t<div class=\"e-con-inner\">\n\t\t\t\t<div class=\"elementor-element elementor-element-57a0437 elementor-widget-divider--view-line elementor-widget elementor-widget-divider\" data-id=\"57a0437\" data-element_type=\"widget\" data-e-type=\"widget\" data-widget_type=\"divider.default\">\n\t\t\t\t<div class=\"elementor-widget-container\">\n\t\t\t\t\t\t\t<div class=\"elementor-divider\">\n\t\t\t<span class=\"elementor-divider-separator\">\n\t\t\t\t\t\t<\/span>\n\t\t<\/div>\n\t\t\t\t\t\t<\/div>\n\t\t\t\t<\/div>\n\t\t<div class=\"elementor-element elementor-element-d23663b e-con-full e-flex e-con e-child\" data-id=\"d23663b\" data-element_type=\"container\" data-e-type=\"container\">\n\t\t\t\t<div class=\"elementor-element elementor-element-8056857 elementor-widget elementor-widget-heading\" data-id=\"8056857\" data-element_type=\"widget\" data-e-type=\"widget\" data-widget_type=\"heading.default\">\n\t\t\t\t<div class=\"elementor-widget-container\">\n\t\t\t\t\t<h1 class=\"elementor-heading-title elementor-size-default\">MESA DE DEBATE: LA DRAMATURGIA EN LAS ESCUELAS SUPERIORES DE ARTE DRAM\u00c1TICO<\/h1>\t\t\t\t<\/div>\n\t\t\t\t<\/div>\n\t\t\t\t<\/div>\n\t\t\t\t\t<\/div>\n\t\t\t\t<\/div>\n\t\t<div class=\"elementor-element elementor-element-26b55a4 e-flex e-con-boxed e-con e-parent\" data-id=\"26b55a4\" data-element_type=\"container\" data-e-type=\"container\">\n\t\t\t\t\t<div class=\"e-con-inner\">\n\t\t<div class=\"elementor-element elementor-element-92fb440 e-con-full e-flex e-con e-child\" data-id=\"92fb440\" data-element_type=\"container\" data-e-type=\"container\">\n\t\t\t\t<div class=\"elementor-element elementor-element-ca321f9 elementor-widget elementor-widget-image\" data-id=\"ca321f9\" data-element_type=\"widget\" data-e-type=\"widget\" data-widget_type=\"image.default\">\n\t\t\t\t<div class=\"elementor-widget-container\">\n\t\t\t\t\t\t\t\t\t\t\t\t\t\t\t<img decoding=\"async\" src=\"https:\/\/dramaturgiaparalainfanciaylajuventud.com\/wp-content\/uploads\/elementor\/thumbs\/Itziar-Pascual-qn1om6wk8bx1maa5hxzcl129ku5tdcjgjjz4qfkhx4.png\" title=\"Itziar Pascual\" alt=\"Itziar Pascual\" loading=\"lazy\" \/>\t\t\t\t\t\t\t\t\t\t\t\t\t\t\t<\/div>\n\t\t\t\t<\/div>\n\t\t\t\t<\/div>\n\t\t<div class=\"elementor-element elementor-element-8d3a4cb e-con-full e-flex e-con e-child\" data-id=\"8d3a4cb\" data-element_type=\"container\" data-e-type=\"container\">\n\t\t\t\t<div class=\"elementor-element elementor-element-55dcb9e elementor-widget elementor-widget-heading\" data-id=\"55dcb9e\" data-element_type=\"widget\" data-e-type=\"widget\" data-widget_type=\"heading.default\">\n\t\t\t\t<div class=\"elementor-widget-container\">\n\t\t\t\t\t<h2 class=\"elementor-heading-title elementor-size-default\">Itziar Pascual<\/h2>\t\t\t\t<\/div>\n\t\t\t\t<\/div>\n\t\t\t\t<div class=\"elementor-element elementor-element-8cc7c22 elementor-widget elementor-widget-text-editor\" data-id=\"8cc7c22\" data-element_type=\"widget\" data-e-type=\"widget\" data-widget_type=\"text-editor.default\">\n\t\t\t\t<div class=\"elementor-widget-container\">\n\t\t\t\t\t\t\t\t\t<p><span class=\"TextRun SCXW71095522 BCX0\" lang=\"ES-ES\" xml:lang=\"ES-ES\" data-contrast=\"none\"><span class=\"NormalTextRun SCXW71095522 BCX0\">Itziar Pascual es dramaturga, investigadora, pedagoga y periodista. <\/span><\/span><\/p><p><span class=\"TextRun SCXW71095522 BCX0\" lang=\"ES-ES\" xml:lang=\"ES-ES\" data-contrast=\"none\"><span class=\"NormalTextRun SCXW71095522 BCX0\">En 2019 recibi\u00f3 el Premio Nacional de Artes Esc\u00e9nicas para la Infancia, del Ministerio <\/span><span class=\"NormalTextRun SCXW71095522 BCX0\">de Cultura<\/span><span class=\"NormalTextRun SCXW71095522 BCX0\">, siendo la \u00fanica dramaturga que ha logrado esta distinci\u00f3n, y en 2022 le fue otorgado el Premio ASSITEJ Espa\u00f1a. <\/span><\/span><\/p><p><span class=\"TextRun SCXW71095522 BCX0\" lang=\"ES-ES\" xml:lang=\"ES-ES\" data-contrast=\"none\"><span class=\"NormalTextRun SCXW71095522 BCX0\">Es autora del ensayo <em>Suzanne <\/em><\/span><em><span class=\"NormalTextRun SpellingErrorV2Themed SCXW71095522 BCX0\">Lebeau<\/span><\/em><span class=\"NormalTextRun SCXW71095522 BCX0\"><em>. Las huellas de la esperanza<\/em>\u00a0(ASSITEJ Espa\u00f1a) y sus obras de teatro para la infancia y la juventud han sido premiadas, publicadas, estrenadas y traducidas.\u00a0<\/span><\/span><span class=\"TextRun SCXW71095522 BCX0\" lang=\"ES-ES\" xml:lang=\"ES-ES\" data-contrast=\"auto\"><span class=\"NormalTextRun SCXW71095522 BCX0\">\u00a0<\/span><\/span><span class=\"EOP SCXW71095522 BCX0\" data-ccp-props=\"{&quot;134233117&quot;:false,&quot;134233118&quot;:false,&quot;201341983&quot;:0,&quot;335551550&quot;:1,&quot;335551620&quot;:1,&quot;335559685&quot;:0,&quot;335559737&quot;:0,&quot;335559738&quot;:0,&quot;335559739&quot;:160,&quot;335559740&quot;:259}\">\u00a0<\/span><\/p>\t\t\t\t\t\t\t\t<\/div>\n\t\t\t\t<\/div>\n\t\t\t\t<\/div>\n\t\t\t\t\t<\/div>\n\t\t\t\t<\/div>\n\t\t<div class=\"elementor-element elementor-element-6994382 e-flex e-con-boxed e-con e-parent\" data-id=\"6994382\" data-element_type=\"container\" data-e-type=\"container\">\n\t\t\t\t\t<div class=\"e-con-inner\">\n\t\t\t\t<div class=\"elementor-element elementor-element-7a63626 elementor-widget-divider--view-line elementor-widget elementor-widget-divider\" data-id=\"7a63626\" data-element_type=\"widget\" data-e-type=\"widget\" data-widget_type=\"divider.default\">\n\t\t\t\t<div class=\"elementor-widget-container\">\n\t\t\t\t\t\t\t<div class=\"elementor-divider\">\n\t\t\t<span class=\"elementor-divider-separator\">\n\t\t\t\t\t\t<\/span>\n\t\t<\/div>\n\t\t\t\t\t\t<\/div>\n\t\t\t\t<\/div>\n\t\t\t\t\t<\/div>\n\t\t\t\t<\/div>\n\t\t<div class=\"elementor-element elementor-element-dede28f e-flex e-con-boxed e-con e-parent\" data-id=\"dede28f\" data-element_type=\"container\" data-e-type=\"container\">\n\t\t\t\t\t<div class=\"e-con-inner\">\n\t\t<div class=\"elementor-element elementor-element-06d4629 e-con-full e-flex e-con e-child\" data-id=\"06d4629\" data-element_type=\"container\" data-e-type=\"container\">\n\t\t\t\t<div class=\"elementor-element elementor-element-37deba6 elementor-widget elementor-widget-image\" data-id=\"37deba6\" data-element_type=\"widget\" data-e-type=\"widget\" data-widget_type=\"image.default\">\n\t\t\t\t<div class=\"elementor-widget-container\">\n\t\t\t\t\t\t\t\t\t\t\t\t\t\t\t<img decoding=\"async\" src=\"https:\/\/dramaturgiaparalainfanciaylajuventud.com\/wp-content\/uploads\/elementor\/thumbs\/Nacho-qn2v9gmmypl4po7slkmh5lxuxb0dnzgfmfpncj7iyg.jpg\" title=\"Nacho Ortega\" alt=\"Nacho Ortega\" loading=\"lazy\" \/>\t\t\t\t\t\t\t\t\t\t\t\t\t\t\t<\/div>\n\t\t\t\t<\/div>\n\t\t\t\t<\/div>\n\t\t<div class=\"elementor-element elementor-element-ab8b770 e-con-full e-flex e-con e-child\" data-id=\"ab8b770\" data-element_type=\"container\" data-e-type=\"container\">\n\t\t\t\t<div class=\"elementor-element elementor-element-9e315a4 elementor-widget elementor-widget-heading\" data-id=\"9e315a4\" data-element_type=\"widget\" data-e-type=\"widget\" data-widget_type=\"heading.default\">\n\t\t\t\t<div class=\"elementor-widget-container\">\n\t\t\t\t\t<h2 class=\"elementor-heading-title elementor-size-default\">Nacho Ortega\u00a0<\/h2>\t\t\t\t<\/div>\n\t\t\t\t<\/div>\n\t\t\t\t<div class=\"elementor-element elementor-element-27a8671 elementor-widget elementor-widget-text-editor\" data-id=\"27a8671\" data-element_type=\"widget\" data-e-type=\"widget\" data-widget_type=\"text-editor.default\">\n\t\t\t\t<div class=\"elementor-widget-container\">\n\t\t\t\t\t\t\t\t\t<p><span data-contrast=\"none\">Director y profesor titular de la Escuela Superior de Arte Dram\u00e1tico del Principado de Asturias, es Miembro de la Permanente del Consejo Superior de Ense\u00f1anzas Art\u00edsticas, miembro de la Junta directiva de ACESEA (Asociaci\u00f3n Espa\u00f1ola de Centros Superiores de Ense\u00f1anzas Art\u00edsticas) y miembro de la Academia de las artes esc\u00e9nicas, ASSITEJ, SGAE y AISGE.<\/span><span data-ccp-props=\"{&quot;335551550&quot;:1,&quot;335551620&quot;:1,&quot;335559685&quot;:-20,&quot;335559737&quot;:-20}\">\u00a0<\/span><\/p><p><span data-contrast=\"none\">Es licenciado en Historia del arte por la Universidad de Valladolid, M\u00e1ster en Artes Esc\u00e9nicas por la Universidad Rey Juan Carlos de Madrid y M\u00e1ster Universitario en Lengua Espa\u00f1ola y Ling\u00fc\u00edstica por la Universidad de Oviedo, donde desarrolla su Doctorado \u201cSemiolog\u00eda y est\u00e9tica de la recepci\u00f3n teatral\u201d en Investigaciones Human\u00edsticas.<\/span><span data-ccp-props=\"{&quot;335551550&quot;:1,&quot;335551620&quot;:1,&quot;335559685&quot;:-20,&quot;335559737&quot;:-20}\">\u00a0<\/span><\/p><p><span data-contrast=\"none\">Desde el a\u00f1o 1998, que da sus primeros pasos como actor profesional, ha desarrollado una actividad continuada en el \u00e1mbito esc\u00e9nico, actualmente centrada en la compa\u00f1\u00eda Luz de gas Teatro.<\/span><span data-ccp-props=\"{&quot;335551550&quot;:1,&quot;335551620&quot;:1,&quot;335559685&quot;:-20,&quot;335559737&quot;:-20}\">\u00a0<\/span><\/p>\t\t\t\t\t\t\t\t<\/div>\n\t\t\t\t<\/div>\n\t\t\t\t<\/div>\n\t\t\t\t\t<\/div>\n\t\t\t\t<\/div>\n\t\t<div class=\"elementor-element elementor-element-a6d8f44 e-flex e-con-boxed e-con e-parent\" data-id=\"a6d8f44\" data-element_type=\"container\" data-e-type=\"container\">\n\t\t\t\t\t<div class=\"e-con-inner\">\n\t\t\t\t<div class=\"elementor-element elementor-element-9e316a7 elementor-widget-divider--view-line elementor-widget elementor-widget-divider\" data-id=\"9e316a7\" data-element_type=\"widget\" data-e-type=\"widget\" data-widget_type=\"divider.default\">\n\t\t\t\t<div class=\"elementor-widget-container\">\n\t\t\t\t\t\t\t<div class=\"elementor-divider\">\n\t\t\t<span class=\"elementor-divider-separator\">\n\t\t\t\t\t\t<\/span>\n\t\t<\/div>\n\t\t\t\t\t\t<\/div>\n\t\t\t\t<\/div>\n\t\t\t\t\t<\/div>\n\t\t\t\t<\/div>\n\t\t<div class=\"elementor-element elementor-element-3fc9f51 e-flex e-con-boxed e-con e-parent\" data-id=\"3fc9f51\" data-element_type=\"container\" data-e-type=\"container\">\n\t\t\t\t\t<div class=\"e-con-inner\">\n\t\t<div class=\"elementor-element elementor-element-0b866f6 e-con-full e-flex e-con e-child\" data-id=\"0b866f6\" data-element_type=\"container\" data-e-type=\"container\">\n\t\t\t\t<div class=\"elementor-element elementor-element-0b334d8 elementor-widget elementor-widget-image\" data-id=\"0b334d8\" data-element_type=\"widget\" data-e-type=\"widget\" data-widget_type=\"image.default\">\n\t\t\t\t<div class=\"elementor-widget-container\">\n\t\t\t\t\t\t\t\t\t\t\t\t\t\t\t<img decoding=\"async\" src=\"https:\/\/dramaturgiaparalainfanciaylajuventud.com\/wp-content\/uploads\/elementor\/thumbs\/Gemma-Quintana-Ramos1-qn2veomcxkqh7omq3tvv0ai1qd9sfg6r0a6rbvgse0.jpg\" title=\"Gemma Quintana Ramos\" alt=\"Gemma Quintana Ramos\" loading=\"lazy\" \/>\t\t\t\t\t\t\t\t\t\t\t\t\t\t\t<\/div>\n\t\t\t\t<\/div>\n\t\t\t\t<\/div>\n\t\t<div class=\"elementor-element elementor-element-37557a0 e-con-full e-flex e-con e-child\" data-id=\"37557a0\" data-element_type=\"container\" data-e-type=\"container\">\n\t\t\t\t<div class=\"elementor-element elementor-element-9a6dce4 elementor-widget elementor-widget-heading\" data-id=\"9a6dce4\" data-element_type=\"widget\" data-e-type=\"widget\" data-widget_type=\"heading.default\">\n\t\t\t\t<div class=\"elementor-widget-container\">\n\t\t\t\t\t<h2 class=\"elementor-heading-title elementor-size-default\">Gemma Quintana Ramos <\/h2>\t\t\t\t<\/div>\n\t\t\t\t<\/div>\n\t\t\t\t<div class=\"elementor-element elementor-element-6e6da7f elementor-widget elementor-widget-text-editor\" data-id=\"6e6da7f\" data-element_type=\"widget\" data-e-type=\"widget\" data-widget_type=\"text-editor.default\">\n\t\t\t\t<div class=\"elementor-widget-container\">\n\t\t\t\t\t\t\t\t\t<p><span data-contrast=\"auto\">Licenciada en Econom\u00eda y M\u00e1ster en Humanidades por la Universidad Carlos III de Madrid. Ha sido coordinadora de producci\u00f3n en el Teatro de la Abad\u00eda de Madrid y en la productora canaria Unahoramenos. Actualmente ultima el M\u00e1ster de Estudios Avanzados de Teatro de la UNIR con una investigaci\u00f3n sobre recepci\u00f3n teatral y espectador infantil.<\/span><span data-ccp-props=\"{}\">\u00a0<\/span><\/p><p><span data-contrast=\"auto\">Adem\u00e1s de la producci\u00f3n, en su carrera como gestora cultural se ha movido por el terreno de la mediaci\u00f3n cultural y el desarrollo de proyectos de artes esc\u00e9nicas para p\u00fablico infantil y juvenil. Es creadora y asesora pedag\u00f3gica de Teatrae, programa pedag\u00f3gico del teatro Cuy\u00e1s, que se desarrolla desde 2011. Desde 2019, coordina este programa, dirigido a p\u00fablico escolar y a la comunidad educativa. Como mediadora, conduce el evento Jueves del Cuy\u00e1s, un encuentro entre creadores y espectadores, desde 2011; y ha sido la coordinadora de participaci\u00f3n y responsable del \u00e1rea educativa del Laboratorio Gald\u00f3s. <\/span><span data-ccp-props=\"{}\">\u00a0<\/span><\/p><p><span data-contrast=\"auto\">Ha dirigido el Colaboratorio Gald\u00f3s, proyecto creativo, educativo y social del Laboratorio Gald\u00f3s que ha desarrollado tres proyectos de creaci\u00f3n colectiva con centros educativos: #Todoesnavegar (2018-2019), <\/span><i><span data-contrast=\"auto\">Episodios Extraordinarios<\/span><\/i><span data-contrast=\"auto\"> (2019-2020) y <\/span><i><span data-contrast=\"auto\">En el umbral <\/span><\/i><span data-contrast=\"auto\">(2022-2023).<\/span><span data-ccp-props=\"{}\">\u00a0<\/span><\/p><p><span data-contrast=\"auto\">Es la autora del libro <\/span><i><span data-contrast=\"auto\">El teatro por dentro,<\/span><\/i><span data-contrast=\"auto\"> dirigido a lectores a partir de 8 a\u00f1os, un libro para conocer el teatro como espacio de creaci\u00f3n en compa\u00f1\u00eda y su historia de m\u00e1s de 2000 a\u00f1os. Publica en <em>Don Gal\u00e1n<\/em>, revista de investigaci\u00f3n teatral del <\/span>Centro de Documentaci\u00f3n de las Artes Esc\u00e9nicas y de la M\u00fasica (CDAEM) <span data-contrast=\"auto\">y en <em>Far\u00e1ndula<\/em>. <\/span><span data-ccp-props=\"{}\">\u00a0<\/span><\/p><p><span data-contrast=\"auto\">Como dramaturga, se ha formado con autoras como Suzanne Lebeau (Quebec), Itziar Pascual (Espa\u00f1a) o Mar\u00eda In\u00e9s Falconi (Argentina). Es d<\/span><span data-contrast=\"auto\">iplomada en Escritura Dram\u00e1tica para J\u00f3venes Audiencias por Teatro UNAM (Universidad Nacional Aut\u00f3noma de M\u00e9xico) y es socia y colaboradora de ASSITEJ. Actualmente imparte un m\u00f3dulo de Dramaturgia Infantil y Juvenil en la Escuela de Actores de Canarias, donde tambi\u00e9n es docente de Producci\u00f3n en Artes Esc\u00e9nicas.<\/span><span data-ccp-props=\"{}\">\u00a0<\/span><\/p><p><span data-contrast=\"auto\">Ha escrito <\/span><i><span data-contrast=\"auto\">El sue\u00f1o de Max<\/span><\/i><span data-contrast=\"auto\">, estrenado en la Sala Josefina de la Torre del teatro Cuy\u00e1s en 2017. Para la Orquesta Filarm\u00f3nica de Gran Canaria escribi\u00f3 y dirigi\u00f3 el concierto escenificado <\/span><i><span data-contrast=\"auto\">Yo, compositora<\/span><\/i><span data-contrast=\"auto\"> para la celebraci\u00f3n de los 30 a\u00f1os de sus Conciertos Escolares. Estren\u00f3 recientemente en el Teatro P\u00e9rez Gald\u00f3s la obra familiar <\/span><i><span data-contrast=\"auto\">Cazopera<\/span><\/i><span data-contrast=\"auto\">, una versi\u00f3n libre del cuento de Ende <\/span><i><span data-contrast=\"auto\">La sopera y el cazo<\/span><\/i><span data-contrast=\"auto\">.<\/span><span data-ccp-props=\"{}\">\u00a0<\/span><\/p>\t\t\t\t\t\t\t\t<\/div>\n\t\t\t\t<\/div>\n\t\t\t\t<\/div>\n\t\t\t\t\t<\/div>\n\t\t\t\t<\/div>\n\t\t<div class=\"elementor-element elementor-element-15d6b99 e-flex e-con-boxed e-con e-parent\" data-id=\"15d6b99\" data-element_type=\"container\" data-e-type=\"container\">\n\t\t\t\t\t<div class=\"e-con-inner\">\n\t\t\t\t<div class=\"elementor-element elementor-element-17b8e24 elementor-widget-divider--view-line elementor-widget elementor-widget-divider\" data-id=\"17b8e24\" data-element_type=\"widget\" data-e-type=\"widget\" data-widget_type=\"divider.default\">\n\t\t\t\t<div class=\"elementor-widget-container\">\n\t\t\t\t\t\t\t<div class=\"elementor-divider\">\n\t\t\t<span class=\"elementor-divider-separator\">\n\t\t\t\t\t\t<\/span>\n\t\t<\/div>\n\t\t\t\t\t\t<\/div>\n\t\t\t\t<\/div>\n\t\t\t\t\t<\/div>\n\t\t\t\t<\/div>\n\t\t<div class=\"elementor-element elementor-element-3e3a4a9 e-flex e-con-boxed e-con e-parent\" data-id=\"3e3a4a9\" data-element_type=\"container\" data-e-type=\"container\">\n\t\t\t\t\t<div class=\"e-con-inner\">\n\t\t<div class=\"elementor-element elementor-element-44a871e e-con-full e-flex e-con e-child\" data-id=\"44a871e\" data-element_type=\"container\" data-e-type=\"container\">\n\t\t\t\t<div class=\"elementor-element elementor-element-d465015 elementor-widget elementor-widget-image\" data-id=\"d465015\" data-element_type=\"widget\" data-e-type=\"widget\" data-widget_type=\"image.default\">\n\t\t\t\t<div class=\"elementor-widget-container\">\n\t\t\t\t\t\t\t\t\t\t\t\t\t\t\t<img decoding=\"async\" src=\"https:\/\/dramaturgiaparalainfanciaylajuventud.com\/wp-content\/uploads\/elementor\/thumbs\/Galindo-Dolores-scaled-e1715207056687-qnvna2y1fluiwcsmj8poxxqsfcpux4ga3kczpb503c.jpg\" title=\"Dolores Galindo\" alt=\"Dolores Galindo\" loading=\"lazy\" \/>\t\t\t\t\t\t\t\t\t\t\t\t\t\t\t<\/div>\n\t\t\t\t<\/div>\n\t\t\t\t<\/div>\n\t\t<div class=\"elementor-element elementor-element-eb5dd0f e-con-full e-flex e-con e-child\" data-id=\"eb5dd0f\" data-element_type=\"container\" data-e-type=\"container\">\n\t\t\t\t<div class=\"elementor-element elementor-element-0f10d86 elementor-widget elementor-widget-heading\" data-id=\"0f10d86\" data-element_type=\"widget\" data-e-type=\"widget\" data-widget_type=\"heading.default\">\n\t\t\t\t<div class=\"elementor-widget-container\">\n\t\t\t\t\t<h2 class=\"elementor-heading-title elementor-size-default\">Dolores Galindo Mar\u00edn<\/h2>\t\t\t\t<\/div>\n\t\t\t\t<\/div>\n\t\t\t\t<div class=\"elementor-element elementor-element-461ef34 elementor-widget elementor-widget-text-editor\" data-id=\"461ef34\" data-element_type=\"widget\" data-e-type=\"widget\" data-widget_type=\"text-editor.default\">\n\t\t\t\t<div class=\"elementor-widget-container\">\n\t\t\t\t\t\t\t\t\t<p>Jefa de estudios y profesora de Interpretaci\u00f3n en la Escuela Superior de Arte Dram\u00e1tico de Murcia, doctora en Psicolog\u00eda y licenciada en Historia del Arte (Universidad de Murcia). Titulada Superior en Arte Dram\u00e1tico (ESAD Murcia).<\/p><p>Como docente ha impartido numerosos cursos de interpretaci\u00f3n y comunicaci\u00f3n en diferentes universidades.<\/p><p>Ha participado en m\u00e1s de 30 montajes para distintas instituciones y compa\u00f1\u00edas de Murcia (Alquibla Teatro, La Murga y Mentira Teatro), de Alicante (Compa\u00f1\u00eda Ferroviaria) y de Madrid (Compa\u00f1\u00eda Juan Pedro Aguilar), destacando sus trabajos en: <em>La casa de Bernarda Alba<\/em> de F. Garc\u00eda Lorca, <em>El Jard\u00edn de los cerezos<\/em> de A. Chejov (dirigidos por C\u00e9sar Bernad); <em>Pesadilla de una noche de verano<\/em> de Howard Benton (direcci\u00f3n de Steve Nicholson); <em>Baal<\/em> de B. Brecht y <em>Rapsodia Fulano de Tal<\/em>, con textos de M\u00fcller, Becket e Ionesco (direcci\u00f3n de Antonio Saura); <em>El despertar de Dario Fo<\/em> (direcci\u00f3n de Ana L\u00f3pez); <em>Madame de Sade<\/em> de Jukio Mishima, <em>Delito en la Isla de las Cabras<\/em> de Ugo Betti, <em>\u00a1Estos Fantasmas!<\/em> de Eduardo de Filippo (dirigidos por Javier Mateo); <em>La suegra de Terencio<\/em> (direcci\u00f3n Juan Pedro Aguilar, con el que hace una gira por Sudam\u00e9rica) y <em>Hamlet<\/em> de William Shakespeare (con direcci\u00f3n de Paco Maci\u00e1 y Javier Mateo), entre otros.<\/p><p>En su labor como profesora de Interpretaci\u00f3n ha dirigido para la Escuela Superior de Arte Dram\u00e1tico montajes como <em>T\u00edo Vania<\/em>, de Anton Chejov, <em>El abanico<\/em> de Goldoni, <em>Primaveras<\/em> de A\u00edda Bortnik, <em>El Saperl\u00f3n<\/em> de Gildas Bourdiet y los musicales: <em>El escuadr\u00f3n del milagro<\/em> en colaboraci\u00f3n con Encarna Ill\u00e1n, <em>Chicago<\/em> (Kander&amp;Ebb) y <em>A tiempo de tango<\/em> (Textos de S\u00e1bato, V\u00e1zquez-Montalb\u00e1n), <em>Agua, Azucarillo y Aguardiente <\/em>de Chueca y Valverde. <em>Songs for a new World<\/em>, entre otros.<\/p>\t\t\t\t\t\t\t\t<\/div>\n\t\t\t\t<\/div>\n\t\t\t\t<\/div>\n\t\t\t\t\t<\/div>\n\t\t\t\t<\/div>\n\t\t<div class=\"elementor-element elementor-element-627f391 e-flex e-con-boxed e-con e-parent\" data-id=\"627f391\" data-element_type=\"container\" data-e-type=\"container\">\n\t\t\t\t\t<div class=\"e-con-inner\">\n\t\t\t\t<div class=\"elementor-element elementor-element-9446b74 elementor-widget-divider--view-line elementor-widget elementor-widget-divider\" data-id=\"9446b74\" data-element_type=\"widget\" data-e-type=\"widget\" data-widget_type=\"divider.default\">\n\t\t\t\t<div class=\"elementor-widget-container\">\n\t\t\t\t\t\t\t<div class=\"elementor-divider\">\n\t\t\t<span class=\"elementor-divider-separator\">\n\t\t\t\t\t\t<\/span>\n\t\t<\/div>\n\t\t\t\t\t\t<\/div>\n\t\t\t\t<\/div>\n\t\t\t\t\t<\/div>\n\t\t\t\t<\/div>\n\t\t<div class=\"elementor-element elementor-element-e532e47 e-flex e-con-boxed e-con e-parent\" data-id=\"e532e47\" data-element_type=\"container\" data-e-type=\"container\">\n\t\t\t\t\t<div class=\"e-con-inner\">\n\t\t<div class=\"elementor-element elementor-element-b5a97f0 e-con-full e-flex e-con e-child\" data-id=\"b5a97f0\" data-element_type=\"container\" data-e-type=\"container\">\n\t\t\t\t<div class=\"elementor-element elementor-element-379164c elementor-widget elementor-widget-image\" data-id=\"379164c\" data-element_type=\"widget\" data-e-type=\"widget\" data-widget_type=\"image.default\">\n\t\t\t\t<div class=\"elementor-widget-container\">\n\t\t\t\t\t\t\t\t\t\t\t\t\t\t\t<img decoding=\"async\" src=\"https:\/\/dramaturgiaparalainfanciaylajuventud.com\/wp-content\/uploads\/elementor\/thumbs\/alabor-qo7ii836aa3qsea2aw5uyb867zy9ldjx07dh84uit4.jpg\" title=\"alabor\" alt=\"alabor\" loading=\"lazy\" \/>\t\t\t\t\t\t\t\t\t\t\t\t\t\t\t<\/div>\n\t\t\t\t<\/div>\n\t\t\t\t<\/div>\n\t\t<div class=\"elementor-element elementor-element-6c1e77d e-con-full e-flex e-con e-child\" data-id=\"6c1e77d\" data-element_type=\"container\" data-e-type=\"container\">\n\t\t\t\t<div class=\"elementor-element elementor-element-f0bff95 elementor-widget elementor-widget-heading\" data-id=\"f0bff95\" data-element_type=\"widget\" data-e-type=\"widget\" data-widget_type=\"heading.default\">\n\t\t\t\t<div class=\"elementor-widget-container\">\n\t\t\t\t\t<h2 class=\"elementor-heading-title elementor-size-default\">Ester Alabor<\/h2>\t\t\t\t<\/div>\n\t\t\t\t<\/div>\n\t\t\t\t<div class=\"elementor-element elementor-element-e963ace elementor-widget elementor-widget-text-editor\" data-id=\"e963ace\" data-element_type=\"widget\" data-e-type=\"widget\" data-widget_type=\"text-editor.default\">\n\t\t\t\t<div class=\"elementor-widget-container\">\n\t\t\t\t\t\t\t\t\t<p>Directora de la Escuela Superior de Arte Dram\u00e1tico de Valencia desde el 1 de julio de 2021.\u00a0\u00a0<\/p><p>Doctora en Musicolog\u00eda por la Universidad de Oviedo con la tesis \u201cLa compa\u00f1\u00eda valenciana Bambalina Teatre Practicable: an\u00e1lisis de una po\u00e9tica esc\u00e9nica y musical en evoluci\u00f3n (1981-2017)\u201d, por la que obtiene la menci\u00f3n al Premio Extraordinario de Doctorado 2017.\u00a0\u00a0\u00a0<\/p><p>Licenciada en Arte Dram\u00e1tico (especialidad Interpretaci\u00f3n) por la Escuela Superior de Arte Dram\u00e1tico de Valencia en 1990 y en Filolog\u00eda Hisp\u00e1nica (especialidad Valenciano) por la Universidad de Valencia en 2001.<\/p><p>Ampl\u00eda sus estudios en interpretaci\u00f3n dram\u00e1tica de la mano de profesionales como John Strasberg, Paul Weibel, Michael L\u00f3pez, Michael Stubblefield, Carme Portaceli, Em\u00edlio Hern\u00e1ndez, Joaqu\u00edn Hinojosa, Jorge Eines, Sol Garre, Jes\u00fas Aladr\u00e9n, Sara Molina, Mart\u00edn Adjemi\u00e1n, Maurici Farr\u00e9, Rafael P\u00e9rez Arroyo, J. M. Chumilla Carbajosa, Alejandra Prieto, entre otros.<\/p><p>Ha trasladado la actividad art\u00edstica al mundo acad\u00e9mico y, fruto de esta experimentaci\u00f3n, imparte docencia en:\u00a0 \u00a0 \u00a0 \u00a0 \u00a0 \u00a0 \u00a0 \u00a0 \u00a0 \u00a0 \u00a0 \u00a0<\/p><p>Escuela Superior de Arte Dram\u00e1tico de Valencia (cursos 96-97 y 98-99), Escuela Escalante Centro Teatral de la Diputaci\u00f3n de Valencia (de 1994 a 2003), Escuela Superior de Arte Dram\u00e1tico del Principado de Asturias en Gij\u00f3n (de 2003 a 2006), Conservatorio Superior de M\u00fasica \u201cEduardo Mart\u00ednez Torner\u201d del Principado de Asturias en Oviedo (de 2006 a 2014), Escuela Superior de Arte Dram\u00e1tico del Principado de Asturias (de 2014 a 2017).<\/p><p>En 2008, obtiene por concurso-oposici\u00f3n el T\u00edtulo de Funcionaria de Carrera del Cuerpo de Profesores de M\u00fasica y Artes Esc\u00e9nicas, en la especialidad de Interpretaci\u00f3n.<\/p><p>Participa en el Proyecto de Innovaci\u00f3n Educativa Educa con M\u00fasica: \u201cDesarrollo de competencias b\u00e1sicas a trav\u00e9s de la m\u00fasica\u201d promovido por la Consejer\u00eda de Educaci\u00f3n y Ciencia del Principado de Asturias y del proyecto \u201cAulas de M\u00fasica en vivo\u201d del CPR de Oviedo.\u00a0 \u00a0 \u00a0 \u00a0 \u00a0 \u00a0 \u00a0 \u00a0 \u00a0 \u00a0 \u00a0 \u00a0 \u00a0 \u00a0 \u00a0 \u00a0 \u00a0 \u00a0 \u00a0 \u00a0 \u00a0 \u00a0 Profesora en la Escuela Internacional de M\u00fasica de la Fundaci\u00f3n Princesa de Asturias de \u201cRecursos del cuerpo humano aplicados al cantante\u201d y \u201cEscena L\u00edrica\u201d.<\/p><p>Como profesional del teatro, cuenta desde 1987 con una amplia experiencia como actriz, que desarroll\u00f3 de acuerdo a dos l\u00edneas de actuaci\u00f3n: el teatro institucional (Centre Dram\u00e0tic de la Generalitat Valenciana, Teatres de la Generalitat Valenciana, Diputaci\u00f3 de Val\u00e8ncia, Fundaci\u00f3 Ausi\u00e0s March, etc.) y producciones y coproducciones con compa\u00f1\u00edas privadas (Arden Producciones, La Cuina Teatre, Posid\u00f2nia Teatre, etc.).\u00a0 Gracias a esto goz\u00f3 de la direcci\u00f3n de profesionales como Dar\u00edo Fo, Mar\u00eda Ru\u00edz, Carme Portacelli, Frederic Roda, Maurici Farr\u00e9, Antonio D\u00edaz Zamora, Juli Leal, Rafael Calatayud, Ram\u00f3n Moreno, Vicente Genov\u00e9s, entre otros.<\/p><p>Recibe el premio a la \u201cMejor Interpretaci\u00f3n Femenina\u201d en los Premios de las Artes Esc\u00e9nicas de la Generalitat Valenciana 1999 por su personaje hist\u00f3rico de Mar\u00eda Calder\u00f3n \u201cLa Calderona\u201d en <em>La Puta Enamorada\u201d.<\/em><\/p><p>Coautora del material <em>Educa con M\u00fasica. Gu\u00eda Did\u00e1ctico-Musical para el desarrollo de las competencias b\u00e1sicas<\/em> (Consejer\u00eda de Educaci\u00f3n, Cultura y Deporte del Principado de Asturias, 2014). En formato LIBRO+DVD.<\/p><p>Coautora del libro <em>Artes esc\u00e9nicas <\/em>para Bachillerato y ESO (Micomicona, 2018).<\/p>\t\t\t\t\t\t\t\t<\/div>\n\t\t\t\t<\/div>\n\t\t\t\t<\/div>\n\t\t\t\t\t<\/div>\n\t\t\t\t<\/div>\n\t\t\t\t<\/div>\n\t\t","protected":false},"excerpt":{"rendered":"<p>TALLERES Jokin Oregi Dramaturgo y director, es conocido por sus trabajos en la compa\u00f1\u00eda Marie de Jongh, aunque tambi\u00e9n ha colaborado con compa\u00f1\u00edas como Gorakada, La Baldufa, Arena en los Bolsillos, Zum-Zum, La Mar, Yarleku, Vaiv\u00e9n circo, La monto o Engruna Teatre. En su carrera ha recibido numerosos premios tanto como dramaturgo como director. Le &#8230; <a title=\"PONENTES Y TALLERISTAS\" class=\"read-more\" href=\"https:\/\/dramaturgiaparalainfanciaylajuventud.com\/?page_id=1213\" aria-label=\"Leer m\u00e1s sobre PONENTES Y TALLERISTAS\">Leer m\u00e1s<\/a><\/p>\n","protected":false},"author":1,"featured_media":0,"parent":0,"menu_order":0,"comment_status":"closed","ping_status":"closed","template":"","meta":{"footnotes":""},"class_list":["post-1213","page","type-page","status-publish"],"yoast_head":"<!-- This site is optimized with the Yoast SEO plugin v27.4 - https:\/\/yoast.com\/product\/yoast-seo-wordpress\/ -->\n<title>PONENTES Y TALLERISTAS | Encuentro de Dramaturgia para la Infancia y la Juventud 2024<\/title>\n<meta name=\"robots\" content=\"index, follow, max-snippet:-1, max-image-preview:large, max-video-preview:-1\" \/>\n<link rel=\"canonical\" href=\"https:\/\/dramaturgiaparalainfanciaylajuventud.com\/?page_id=1213\" \/>\n<meta property=\"og:locale\" content=\"es_ES\" \/>\n<meta property=\"og:type\" content=\"article\" \/>\n<meta property=\"og:title\" content=\"PONENTES Y TALLERISTAS | Encuentro de Dramaturgia para la Infancia y la Juventud 2024\" \/>\n<meta property=\"og:description\" content=\"TALLERES Jokin Oregi Dramaturgo y director, es conocido por sus trabajos en la compa\u00f1\u00eda Marie de Jongh, aunque tambi\u00e9n ha colaborado con compa\u00f1\u00edas como Gorakada, La Baldufa, Arena en los Bolsillos, Zum-Zum, La Mar, Yarleku, Vaiv\u00e9n circo, La monto o Engruna Teatre. En su carrera ha recibido numerosos premios tanto como dramaturgo como director. Le ... Leer m\u00e1s\" \/>\n<meta property=\"og:url\" content=\"https:\/\/dramaturgiaparalainfanciaylajuventud.com\/?page_id=1213\" \/>\n<meta property=\"og:site_name\" content=\"Encuentro de Dramaturgia para la Infancia y la Juventud 2024\" \/>\n<meta property=\"article:modified_time\" content=\"2026-04-27T09:20:30+00:00\" \/>\n<meta property=\"og:image\" content=\"https:\/\/dramaturgiaparalainfanciaylajuventud.com\/wp-content\/uploads\/elementor\/thumbs\/Imagen2-qm5xt5mjk2xwmbxj906hbbr6qj379yhbuc2g59sji0.jpg\" \/>\n<meta name=\"twitter:card\" content=\"summary_large_image\" \/>\n<meta name=\"twitter:label1\" content=\"Tiempo de lectura\" \/>\n\t<meta name=\"twitter:data1\" content=\"32 minutos\" \/>\n<script type=\"application\/ld+json\" class=\"yoast-schema-graph\">{\"@context\":\"https:\\\/\\\/schema.org\",\"@graph\":[{\"@type\":\"WebPage\",\"@id\":\"https:\\\/\\\/dramaturgiaparalainfanciaylajuventud.com\\\/?page_id=1213\",\"url\":\"https:\\\/\\\/dramaturgiaparalainfanciaylajuventud.com\\\/?page_id=1213\",\"name\":\"PONENTES Y TALLERISTAS | Encuentro de Dramaturgia para la Infancia y la Juventud 2024\",\"isPartOf\":{\"@id\":\"https:\\\/\\\/dramaturgiaparalainfanciaylajuventud.com\\\/es_es\\\/#website\"},\"primaryImageOfPage\":{\"@id\":\"https:\\\/\\\/dramaturgiaparalainfanciaylajuventud.com\\\/?page_id=1213#primaryimage\"},\"image\":{\"@id\":\"https:\\\/\\\/dramaturgiaparalainfanciaylajuventud.com\\\/?page_id=1213#primaryimage\"},\"thumbnailUrl\":\"https:\\\/\\\/dramaturgiaparalainfanciaylajuventud.com\\\/wp-content\\\/uploads\\\/elementor\\\/thumbs\\\/Imagen2-qm5xt5mjk2xwmbxj906hbbr6qj379yhbuc2g59sji0.jpg\",\"datePublished\":\"2021-07-22T13:25:26+00:00\",\"dateModified\":\"2026-04-27T09:20:30+00:00\",\"breadcrumb\":{\"@id\":\"https:\\\/\\\/dramaturgiaparalainfanciaylajuventud.com\\\/?page_id=1213#breadcrumb\"},\"inLanguage\":\"es\",\"potentialAction\":[{\"@type\":\"ReadAction\",\"target\":[\"https:\\\/\\\/dramaturgiaparalainfanciaylajuventud.com\\\/?page_id=1213\"]}]},{\"@type\":\"ImageObject\",\"inLanguage\":\"es\",\"@id\":\"https:\\\/\\\/dramaturgiaparalainfanciaylajuventud.com\\\/?page_id=1213#primaryimage\",\"url\":\"https:\\\/\\\/dramaturgiaparalainfanciaylajuventud.com\\\/wp-content\\\/uploads\\\/elementor\\\/thumbs\\\/Imagen2-qm5xt5mjk2xwmbxj906hbbr6qj379yhbuc2g59sji0.jpg\",\"contentUrl\":\"https:\\\/\\\/dramaturgiaparalainfanciaylajuventud.com\\\/wp-content\\\/uploads\\\/elementor\\\/thumbs\\\/Imagen2-qm5xt5mjk2xwmbxj906hbbr6qj379yhbuc2g59sji0.jpg\"},{\"@type\":\"BreadcrumbList\",\"@id\":\"https:\\\/\\\/dramaturgiaparalainfanciaylajuventud.com\\\/?page_id=1213#breadcrumb\",\"itemListElement\":[{\"@type\":\"ListItem\",\"position\":1,\"name\":\"Portada\",\"item\":\"https:\\\/\\\/dramaturgiaparalainfanciaylajuventud.com\\\/\"},{\"@type\":\"ListItem\",\"position\":2,\"name\":\"PONENTES Y TALLERISTAS\"}]},{\"@type\":\"WebSite\",\"@id\":\"https:\\\/\\\/dramaturgiaparalainfanciaylajuventud.com\\\/es_es\\\/#website\",\"url\":\"https:\\\/\\\/dramaturgiaparalainfanciaylajuventud.com\\\/es_es\\\/\",\"name\":\"Encuentro de Dramaturgia para la Infancia y la Juventud 2024\",\"description\":\"\",\"publisher\":{\"@id\":\"https:\\\/\\\/dramaturgiaparalainfanciaylajuventud.com\\\/es_es\\\/#organization\"},\"potentialAction\":[{\"@type\":\"SearchAction\",\"target\":{\"@type\":\"EntryPoint\",\"urlTemplate\":\"https:\\\/\\\/dramaturgiaparalainfanciaylajuventud.com\\\/es_es\\\/?s={search_term_string}\"},\"query-input\":{\"@type\":\"PropertyValueSpecification\",\"valueRequired\":true,\"valueName\":\"search_term_string\"}}],\"inLanguage\":\"es\"},{\"@type\":\"Organization\",\"@id\":\"https:\\\/\\\/dramaturgiaparalainfanciaylajuventud.com\\\/es_es\\\/#organization\",\"name\":\"Encuentro de Dramaturgia para la Infancia y la Juventud 2024\",\"url\":\"https:\\\/\\\/dramaturgiaparalainfanciaylajuventud.com\\\/es_es\\\/\",\"logo\":{\"@type\":\"ImageObject\",\"inLanguage\":\"es\",\"@id\":\"https:\\\/\\\/dramaturgiaparalainfanciaylajuventud.com\\\/es_es\\\/#\\\/schema\\\/logo\\\/image\\\/\",\"url\":\"https:\\\/\\\/dramaturgiaparalainfanciaylajuventud.com\\\/wp-content\\\/uploads\\\/2024\\\/04\\\/Encuentrodramaturgiaweb.png\",\"contentUrl\":\"https:\\\/\\\/dramaturgiaparalainfanciaylajuventud.com\\\/wp-content\\\/uploads\\\/2024\\\/04\\\/Encuentrodramaturgiaweb.png\",\"width\":1024,\"height\":512,\"caption\":\"Encuentro de Dramaturgia para la Infancia y la Juventud 2024\"},\"image\":{\"@id\":\"https:\\\/\\\/dramaturgiaparalainfanciaylajuventud.com\\\/es_es\\\/#\\\/schema\\\/logo\\\/image\\\/\"}}]}<\/script>\n<!-- \/ Yoast SEO plugin. -->","yoast_head_json":{"title":"PONENTES Y TALLERISTAS | Encuentro de Dramaturgia para la Infancia y la Juventud 2024","robots":{"index":"index","follow":"follow","max-snippet":"max-snippet:-1","max-image-preview":"max-image-preview:large","max-video-preview":"max-video-preview:-1"},"canonical":"https:\/\/dramaturgiaparalainfanciaylajuventud.com\/?page_id=1213","og_locale":"es_ES","og_type":"article","og_title":"PONENTES Y TALLERISTAS | Encuentro de Dramaturgia para la Infancia y la Juventud 2024","og_description":"TALLERES Jokin Oregi Dramaturgo y director, es conocido por sus trabajos en la compa\u00f1\u00eda Marie de Jongh, aunque tambi\u00e9n ha colaborado con compa\u00f1\u00edas como Gorakada, La Baldufa, Arena en los Bolsillos, Zum-Zum, La Mar, Yarleku, Vaiv\u00e9n circo, La monto o Engruna Teatre. En su carrera ha recibido numerosos premios tanto como dramaturgo como director. Le ... Leer m\u00e1s","og_url":"https:\/\/dramaturgiaparalainfanciaylajuventud.com\/?page_id=1213","og_site_name":"Encuentro de Dramaturgia para la Infancia y la Juventud 2024","article_modified_time":"2026-04-27T09:20:30+00:00","og_image":[{"url":"https:\/\/dramaturgiaparalainfanciaylajuventud.com\/wp-content\/uploads\/elementor\/thumbs\/Imagen2-qm5xt5mjk2xwmbxj906hbbr6qj379yhbuc2g59sji0.jpg","type":"","width":"","height":""}],"twitter_card":"summary_large_image","twitter_misc":{"Tiempo de lectura":"32 minutos"},"schema":{"@context":"https:\/\/schema.org","@graph":[{"@type":"WebPage","@id":"https:\/\/dramaturgiaparalainfanciaylajuventud.com\/?page_id=1213","url":"https:\/\/dramaturgiaparalainfanciaylajuventud.com\/?page_id=1213","name":"PONENTES Y TALLERISTAS | Encuentro de Dramaturgia para la Infancia y la Juventud 2024","isPartOf":{"@id":"https:\/\/dramaturgiaparalainfanciaylajuventud.com\/es_es\/#website"},"primaryImageOfPage":{"@id":"https:\/\/dramaturgiaparalainfanciaylajuventud.com\/?page_id=1213#primaryimage"},"image":{"@id":"https:\/\/dramaturgiaparalainfanciaylajuventud.com\/?page_id=1213#primaryimage"},"thumbnailUrl":"https:\/\/dramaturgiaparalainfanciaylajuventud.com\/wp-content\/uploads\/elementor\/thumbs\/Imagen2-qm5xt5mjk2xwmbxj906hbbr6qj379yhbuc2g59sji0.jpg","datePublished":"2021-07-22T13:25:26+00:00","dateModified":"2026-04-27T09:20:30+00:00","breadcrumb":{"@id":"https:\/\/dramaturgiaparalainfanciaylajuventud.com\/?page_id=1213#breadcrumb"},"inLanguage":"es","potentialAction":[{"@type":"ReadAction","target":["https:\/\/dramaturgiaparalainfanciaylajuventud.com\/?page_id=1213"]}]},{"@type":"ImageObject","inLanguage":"es","@id":"https:\/\/dramaturgiaparalainfanciaylajuventud.com\/?page_id=1213#primaryimage","url":"https:\/\/dramaturgiaparalainfanciaylajuventud.com\/wp-content\/uploads\/elementor\/thumbs\/Imagen2-qm5xt5mjk2xwmbxj906hbbr6qj379yhbuc2g59sji0.jpg","contentUrl":"https:\/\/dramaturgiaparalainfanciaylajuventud.com\/wp-content\/uploads\/elementor\/thumbs\/Imagen2-qm5xt5mjk2xwmbxj906hbbr6qj379yhbuc2g59sji0.jpg"},{"@type":"BreadcrumbList","@id":"https:\/\/dramaturgiaparalainfanciaylajuventud.com\/?page_id=1213#breadcrumb","itemListElement":[{"@type":"ListItem","position":1,"name":"Portada","item":"https:\/\/dramaturgiaparalainfanciaylajuventud.com\/"},{"@type":"ListItem","position":2,"name":"PONENTES Y TALLERISTAS"}]},{"@type":"WebSite","@id":"https:\/\/dramaturgiaparalainfanciaylajuventud.com\/es_es\/#website","url":"https:\/\/dramaturgiaparalainfanciaylajuventud.com\/es_es\/","name":"Encuentro de Dramaturgia para la Infancia y la Juventud 2024","description":"","publisher":{"@id":"https:\/\/dramaturgiaparalainfanciaylajuventud.com\/es_es\/#organization"},"potentialAction":[{"@type":"SearchAction","target":{"@type":"EntryPoint","urlTemplate":"https:\/\/dramaturgiaparalainfanciaylajuventud.com\/es_es\/?s={search_term_string}"},"query-input":{"@type":"PropertyValueSpecification","valueRequired":true,"valueName":"search_term_string"}}],"inLanguage":"es"},{"@type":"Organization","@id":"https:\/\/dramaturgiaparalainfanciaylajuventud.com\/es_es\/#organization","name":"Encuentro de Dramaturgia para la Infancia y la Juventud 2024","url":"https:\/\/dramaturgiaparalainfanciaylajuventud.com\/es_es\/","logo":{"@type":"ImageObject","inLanguage":"es","@id":"https:\/\/dramaturgiaparalainfanciaylajuventud.com\/es_es\/#\/schema\/logo\/image\/","url":"https:\/\/dramaturgiaparalainfanciaylajuventud.com\/wp-content\/uploads\/2024\/04\/Encuentrodramaturgiaweb.png","contentUrl":"https:\/\/dramaturgiaparalainfanciaylajuventud.com\/wp-content\/uploads\/2024\/04\/Encuentrodramaturgiaweb.png","width":1024,"height":512,"caption":"Encuentro de Dramaturgia para la Infancia y la Juventud 2024"},"image":{"@id":"https:\/\/dramaturgiaparalainfanciaylajuventud.com\/es_es\/#\/schema\/logo\/image\/"}}]}},"_links":{"self":[{"href":"https:\/\/dramaturgiaparalainfanciaylajuventud.com\/index.php?rest_route=\/wp\/v2\/pages\/1213","targetHints":{"allow":["GET"]}}],"collection":[{"href":"https:\/\/dramaturgiaparalainfanciaylajuventud.com\/index.php?rest_route=\/wp\/v2\/pages"}],"about":[{"href":"https:\/\/dramaturgiaparalainfanciaylajuventud.com\/index.php?rest_route=\/wp\/v2\/types\/page"}],"author":[{"embeddable":true,"href":"https:\/\/dramaturgiaparalainfanciaylajuventud.com\/index.php?rest_route=\/wp\/v2\/users\/1"}],"replies":[{"embeddable":true,"href":"https:\/\/dramaturgiaparalainfanciaylajuventud.com\/index.php?rest_route=%2Fwp%2Fv2%2Fcomments&post=1213"}],"version-history":[{"count":0,"href":"https:\/\/dramaturgiaparalainfanciaylajuventud.com\/index.php?rest_route=\/wp\/v2\/pages\/1213\/revisions"}],"wp:attachment":[{"href":"https:\/\/dramaturgiaparalainfanciaylajuventud.com\/index.php?rest_route=%2Fwp%2Fv2%2Fmedia&parent=1213"}],"curies":[{"name":"wp","href":"https:\/\/api.w.org\/{rel}","templated":true}]}}