{"id":2403,"date":"2024-04-23T16:07:47","date_gmt":"2024-04-23T16:07:47","guid":{"rendered":"https:\/\/dramaturgiaparalainfanciaylajuventud.com\/?page_id=2403"},"modified":"2024-05-09T16:12:03","modified_gmt":"2024-05-09T16:12:03","slug":"dramaturgia-para-la-infancia-y-la-juventud","status":"publish","type":"page","link":"https:\/\/dramaturgiaparalainfanciaylajuventud.com\/","title":{"rendered":"dramaturgia para la infancia y la juventud"},"content":{"rendered":"\t\t<div data-elementor-type=\"wp-page\" data-elementor-id=\"2403\" class=\"elementor elementor-2403\" data-elementor-post-type=\"page\">\n\t\t\t\t<div class=\"elementor-element elementor-element-d74ccdb e-flex e-con-boxed e-con e-parent\" data-id=\"d74ccdb\" data-element_type=\"container\" data-e-type=\"container\">\n\t\t\t\t\t<div class=\"e-con-inner\">\n\t\t<div class=\"elementor-element elementor-element-bc47392 e-con-full e-flex e-con e-child\" data-id=\"bc47392\" data-element_type=\"container\" data-e-type=\"container\">\n\t\t\t\t<div class=\"elementor-element elementor-element-c3a81ef elementor-widget elementor-widget-text-editor\" data-id=\"c3a81ef\" data-element_type=\"widget\" data-e-type=\"widget\" data-widget_type=\"text-editor.default\">\n\t\t\t\t<div class=\"elementor-widget-container\">\n\t\t\t\t\t\t\t\t\t<p>La dramaturgia para la infancia y la juventud en nuestro pa\u00eds se encuentra en un momento\u00a0enormemente rico. Son muchos los autores y sobre todo autoras que vienen\u00a0desarrollando una literatura dram\u00e1tica de alta calidad, arriesgada, con\u00a0nuevos lenguajes, que habla a ni\u00f1os y ni\u00f1as, sin tab\u00faes, de la realidad que ellos y\u00a0ellas comparten.\u00a0<\/p><p>La naturaleza del p\u00fablico al que se orienta este teatro hace necesario un compromiso para acabar con la infantilizaci\u00f3n y el didactismo, planteando propuestas de calidad art\u00edstica.\u00a0Reflexionar sobre c\u00f3mo nos dirigirnos a la infancia y la juventud requiere de\u00a0una mirada abierta y compartida. Es una cuesti\u00f3n que involucra a dramaturgos y\u00a0dramaturgas, pero tambi\u00e9n a compa\u00f1\u00edas, productoras, gestores\/as, programadores\/as,\u00a0docentes e investigadores\/as.\u00a0<\/p><p>Por todo lo anterior, consideramos necesario la celebraci\u00f3n de este Encuentro de Dramaturgia para la Infancia y la Juventud, que nace de la colaboraci\u00f3n entre AVEET (Associaci\u00f3 Valenciana d\u2019Escriptores i Escriptors teatrals), el Centro de Artes Esc\u00e9nicas Escalante y ASSITEJ (Association Internationale du Th\u00e9\u00e2tre pour l\u2019Enfance et la Jeunesse).\u00a0<\/p><p>Ya puedes inscribirte para participar en todas las actividades, talleres y mesas de debate en las que compartir y profundizar en la dramaturgia para la infancia y la juventud.<\/p>\t\t\t\t\t\t\t\t<\/div>\n\t\t\t\t<\/div>\n\t\t\t\t<\/div>\n\t\t<div class=\"elementor-element elementor-element-8633afd e-con-full e-flex e-con e-child\" data-id=\"8633afd\" data-element_type=\"container\" data-e-type=\"container\">\n\t\t\t\t<div class=\"elementor-element elementor-element-ace01b3 elementor-widget elementor-widget-image\" data-id=\"ace01b3\" data-element_type=\"widget\" data-e-type=\"widget\" data-widget_type=\"image.default\">\n\t\t\t\t<div class=\"elementor-widget-container\">\n\t\t\t\t\t\t\t\t\t\t\t\t\t\t\t<img fetchpriority=\"high\" decoding=\"async\" width=\"668\" height=\"1024\" src=\"https:\/\/dramaturgiaparalainfanciaylajuventud.com\/wp-content\/uploads\/2024\/04\/Sin-titulo-1-668x1024.png\" class=\"attachment-large size-large wp-image-2436\" alt=\"\" srcset=\"https:\/\/dramaturgiaparalainfanciaylajuventud.com\/wp-content\/uploads\/2024\/04\/Sin-titulo-1-668x1024.png 668w, https:\/\/dramaturgiaparalainfanciaylajuventud.com\/wp-content\/uploads\/2024\/04\/Sin-titulo-1-196x300.png 196w, https:\/\/dramaturgiaparalainfanciaylajuventud.com\/wp-content\/uploads\/2024\/04\/Sin-titulo-1-768x1178.png 768w, https:\/\/dramaturgiaparalainfanciaylajuventud.com\/wp-content\/uploads\/2024\/04\/Sin-titulo-1-1002x1536.png 1002w, https:\/\/dramaturgiaparalainfanciaylajuventud.com\/wp-content\/uploads\/2024\/04\/Sin-titulo-1-1335x2048.png 1335w, https:\/\/dramaturgiaparalainfanciaylajuventud.com\/wp-content\/uploads\/2024\/04\/Sin-titulo-1-8x12.png 8w, https:\/\/dramaturgiaparalainfanciaylajuventud.com\/wp-content\/uploads\/2024\/04\/Sin-titulo-1.png 1604w\" sizes=\"(max-width: 668px) 100vw, 668px\" \/>\t\t\t\t\t\t\t\t\t\t\t\t\t\t\t<\/div>\n\t\t\t\t<\/div>\n\t\t\t\t<\/div>\n\t\t\t\t\t<\/div>\n\t\t\t\t<\/div>\n\t\t<div class=\"elementor-element elementor-element-43af994 e-flex e-con-boxed e-con e-parent\" data-id=\"43af994\" data-element_type=\"container\" data-e-type=\"container\">\n\t\t\t\t\t<div class=\"e-con-inner\">\n\t\t<div class=\"elementor-element elementor-element-f0b0cca e-con-full e-flex e-con e-child\" data-id=\"f0b0cca\" data-element_type=\"container\" data-e-type=\"container\">\n\t\t\t\t<div class=\"elementor-element elementor-element-90771d4 elementor-widget elementor-widget-image\" data-id=\"90771d4\" data-element_type=\"widget\" data-e-type=\"widget\" data-widget_type=\"image.default\">\n\t\t\t\t<div class=\"elementor-widget-container\">\n\t\t\t\t\t\t\t\t\t\t\t\t\t\t\t<img decoding=\"async\" width=\"300\" height=\"264\" src=\"https:\/\/dramaturgiaparalainfanciaylajuventud.com\/wp-content\/uploads\/2024\/04\/Mesa-de-trabajo-1-e1713889636636-300x264.png\" class=\"attachment-medium size-medium wp-image-2413\" alt=\"\" srcset=\"https:\/\/dramaturgiaparalainfanciaylajuventud.com\/wp-content\/uploads\/2024\/04\/Mesa-de-trabajo-1-e1713889636636-300x264.png 300w, https:\/\/dramaturgiaparalainfanciaylajuventud.com\/wp-content\/uploads\/2024\/04\/Mesa-de-trabajo-1-e1713889636636-14x12.png 14w, https:\/\/dramaturgiaparalainfanciaylajuventud.com\/wp-content\/uploads\/2024\/04\/Mesa-de-trabajo-1-e1713889636636.png 696w\" sizes=\"(max-width: 300px) 100vw, 300px\" \/>\t\t\t\t\t\t\t\t\t\t\t\t\t\t\t<\/div>\n\t\t\t\t<\/div>\n\t\t\t\t<\/div>\n\t\t<div class=\"elementor-element elementor-element-4ffcd85 e-con-full e-flex e-con e-child\" data-id=\"4ffcd85\" data-element_type=\"container\" data-e-type=\"container\">\n\t\t\t\t<div class=\"elementor-element elementor-element-881b349 elementor-widget elementor-widget-text-editor\" data-id=\"881b349\" data-element_type=\"widget\" data-e-type=\"widget\" data-widget_type=\"text-editor.default\">\n\t\t\t\t<div class=\"elementor-widget-container\">\n\t\t\t\t\t\t\t\t\t<p><strong>Del 15 al 18 de mayo<\/strong> el encuentro pretende ser un espacio compartido con profesionales del sector y otros agentes en el que podamos intercambiar preguntas y reflexionar en torno a la dramaturgia y c\u00f3mo dirigirnos a ni\u00f1os, ni\u00f1as y j\u00f3venes.<\/p><p>Contaremos con <strong>dos talleres de creaci\u00f3n<\/strong>, uno dirigido a profesionales y otro a j\u00f3venes de la mano de Jokin Oregi y Luc\u00eda Miranda. Abrimos as\u00ed una gran oportunidad de formaci\u00f3n con profesionales de gran prestigio con quienes explorar nuestras capacidades creativas.<\/p><p>Se han programado distintas mesas y actividades en las que profundizar en distintos aspectos relacionados con la dramaturgia, su presencia en las escuelas superiores, su difusi\u00f3n, etc.<\/p><p>Ante la necesidad de seguir explorando el camino de la escritura y de profundizar en el aspecto de la edici\u00f3n y difusi\u00f3n de las obras literarias, este a\u00f1o planteamos un <b>Encuentro Editorial<\/b> con un\u00a0destacado foco en la internacionalizaci\u00f3n.\u00a0As\u00ed mismo, se fomentar\u00e1 el debate sobre la dramaturgia en otras disciplinas como la danza.<\/p><p>El encuentro pretende poner en contacto y conocernos por lo que tambi\u00e9n tendremos espacio para presentaciones de proyectos y textos que busquen aliados y aliadas en su camino.<\/p>\t\t\t\t\t\t\t\t<\/div>\n\t\t\t\t<\/div>\n\t\t\t\t<\/div>\n\t\t\t\t\t<\/div>\n\t\t\t\t<\/div>\n\t\t<div class=\"elementor-element elementor-element-24aad4e e-flex e-con-boxed e-con e-parent\" data-id=\"24aad4e\" data-element_type=\"container\" data-e-type=\"container\">\n\t\t\t\t\t<div class=\"e-con-inner\">\n\t\t\t\t\t<\/div>\n\t\t\t\t<\/div>\n\t\t<div class=\"elementor-element elementor-element-a096581 e-flex e-con-boxed e-con e-parent\" data-id=\"a096581\" data-element_type=\"container\" data-e-type=\"container\">\n\t\t\t\t\t<div class=\"e-con-inner\">\n\t\t<div class=\"elementor-element elementor-element-a8d6307 e-con-full e-flex e-con e-child\" data-id=\"a8d6307\" data-element_type=\"container\" data-e-type=\"container\">\n\t\t\t\t<div class=\"elementor-element elementor-element-f1ba90b elementor-widget elementor-widget-text-editor\" data-id=\"f1ba90b\" data-element_type=\"widget\" data-e-type=\"widget\" data-widget_type=\"text-editor.default\">\n\t\t\t\t<div class=\"elementor-widget-container\">\n\t\t\t\t\t\t\t\t\t<p><span style=\"color: #8c088c;\"><strong>Ya puedes inscribirte para participar en todas las actividades, talleres y mesas de debate en las que compartir y profundizar en la dramaturgia para la infancia y la juventud.<\/strong><\/span><\/p>\t\t\t\t\t\t\t\t<\/div>\n\t\t\t\t<\/div>\n\t\t\t\t<div class=\"elementor-element elementor-element-0c32c51 elementor-align-center e-transform elementor-widget elementor-widget-button\" data-id=\"0c32c51\" data-element_type=\"widget\" data-e-type=\"widget\" data-settings=\"{&quot;_transform_scale_effect_hover&quot;:{&quot;unit&quot;:&quot;px&quot;,&quot;size&quot;:1.1,&quot;sizes&quot;:[]},&quot;_transform_scale_effect_hover_tablet&quot;:{&quot;unit&quot;:&quot;px&quot;,&quot;size&quot;:&quot;&quot;,&quot;sizes&quot;:[]},&quot;_transform_scale_effect_hover_mobile&quot;:{&quot;unit&quot;:&quot;px&quot;,&quot;size&quot;:&quot;&quot;,&quot;sizes&quot;:[]}}\" data-widget_type=\"button.default\">\n\t\t\t\t<div class=\"elementor-widget-container\">\n\t\t\t\t\t\t\t\t\t<div class=\"elementor-button-wrapper\">\n\t\t\t\t\t<a class=\"elementor-button elementor-button-link elementor-size-sm\" href=\"https:\/\/dramaturgiaparalainfanciaylajuventud.com\/es_es\/inscripcion\/\">\n\t\t\t\t\t\t<span class=\"elementor-button-content-wrapper\">\n\t\t\t\t\t\t\t\t\t<span class=\"elementor-button-text\">quiero asistir<\/span>\n\t\t\t\t\t<\/span>\n\t\t\t\t\t<\/a>\n\t\t\t\t<\/div>\n\t\t\t\t\t\t\t\t<\/div>\n\t\t\t\t<\/div>\n\t\t\t\t<\/div>\n\t\t<div class=\"elementor-element elementor-element-0ef4d5f e-con-full e-flex e-con e-child\" data-id=\"0ef4d5f\" data-element_type=\"container\" data-e-type=\"container\">\n\t\t\t\t<div class=\"elementor-element elementor-element-966362a elementor-widget elementor-widget-image\" data-id=\"966362a\" data-element_type=\"widget\" data-e-type=\"widget\" data-widget_type=\"image.default\">\n\t\t\t\t<div class=\"elementor-widget-container\">\n\t\t\t\t\t\t\t\t\t\t\t\t\t\t\t<img decoding=\"async\" width=\"108\" height=\"300\" src=\"https:\/\/dramaturgiaparalainfanciaylajuventud.com\/wp-content\/uploads\/2024\/04\/lapces-108x300.png\" class=\"attachment-medium size-medium wp-image-2531\" alt=\"\" srcset=\"https:\/\/dramaturgiaparalainfanciaylajuventud.com\/wp-content\/uploads\/2024\/04\/lapces-108x300.png 108w, https:\/\/dramaturgiaparalainfanciaylajuventud.com\/wp-content\/uploads\/2024\/04\/lapces-369x1024.png 369w, https:\/\/dramaturgiaparalainfanciaylajuventud.com\/wp-content\/uploads\/2024\/04\/lapces-768x2129.png 768w, https:\/\/dramaturgiaparalainfanciaylajuventud.com\/wp-content\/uploads\/2024\/04\/lapces-554x1536.png 554w, https:\/\/dramaturgiaparalainfanciaylajuventud.com\/wp-content\/uploads\/2024\/04\/lapces-739x2048.png 739w, https:\/\/dramaturgiaparalainfanciaylajuventud.com\/wp-content\/uploads\/2024\/04\/lapces-4x12.png 4w, https:\/\/dramaturgiaparalainfanciaylajuventud.com\/wp-content\/uploads\/2024\/04\/lapces.png 1081w\" sizes=\"(max-width: 108px) 100vw, 108px\" \/>\t\t\t\t\t\t\t\t\t\t\t\t\t\t\t<\/div>\n\t\t\t\t<\/div>\n\t\t\t\t<\/div>\n\t\t\t\t\t<\/div>\n\t\t\t\t<\/div>\n\t\t<div class=\"elementor-element elementor-element-3047314 e-flex e-con-boxed e-con e-parent\" data-id=\"3047314\" data-element_type=\"container\" data-e-type=\"container\">\n\t\t\t\t\t<div class=\"e-con-inner\">\n\t\t\t\t\t<\/div>\n\t\t\t\t<\/div>\n\t\t<div class=\"elementor-element elementor-element-0dcf37e e-flex e-con-boxed e-con e-parent\" data-id=\"0dcf37e\" data-element_type=\"container\" data-e-type=\"container\">\n\t\t\t\t\t<div class=\"e-con-inner\">\n\t\t\t\t<div class=\"elementor-element elementor-element-4d61758 elementor-widget-divider--view-line elementor-widget elementor-widget-divider\" data-id=\"4d61758\" data-element_type=\"widget\" data-e-type=\"widget\" data-widget_type=\"divider.default\">\n\t\t\t\t<div class=\"elementor-widget-container\">\n\t\t\t\t\t\t\t<div class=\"elementor-divider\">\n\t\t\t<span class=\"elementor-divider-separator\">\n\t\t\t\t\t\t<\/span>\n\t\t<\/div>\n\t\t\t\t\t\t<\/div>\n\t\t\t\t<\/div>\n\t\t\t\t\t<\/div>\n\t\t\t\t<\/div>\n\t\t<div class=\"elementor-element elementor-element-d01cfb6 e-flex e-con-boxed e-con e-parent\" data-id=\"d01cfb6\" data-element_type=\"container\" data-e-type=\"container\">\n\t\t\t\t\t<div class=\"e-con-inner\">\n\t\t\t\t<div class=\"elementor-element elementor-element-779ee10 elementor-widget elementor-widget-heading\" data-id=\"779ee10\" data-element_type=\"widget\" data-e-type=\"widget\" data-widget_type=\"heading.default\">\n\t\t\t\t<div class=\"elementor-widget-container\">\n\t\t\t\t\t<h1 class=\"elementor-heading-title elementor-size-default\">Espacios de celebraci\u00f3n<\/h1>\t\t\t\t<\/div>\n\t\t\t\t<\/div>\n\t\t\t\t<div class=\"elementor-element elementor-element-c1aca68 elementor-widget elementor-widget-text-editor\" data-id=\"c1aca68\" data-element_type=\"widget\" data-e-type=\"widget\" data-widget_type=\"text-editor.default\">\n\t\t\t\t<div class=\"elementor-widget-container\">\n\t\t\t\t\t\t\t\t\t<p>Las actividades programadas en el encuentro\u00a0 se dividir\u00e1n en distintos espacios de la Ciudad de Valencia.<\/p>\t\t\t\t\t\t\t\t<\/div>\n\t\t\t\t<\/div>\n\t\t\t\t\t<\/div>\n\t\t\t\t<\/div>\n\t\t<div class=\"elementor-element elementor-element-b4a3082 e-flex e-con-boxed e-con e-parent\" data-id=\"b4a3082\" data-element_type=\"container\" data-e-type=\"container\">\n\t\t\t\t\t<div class=\"e-con-inner\">\n\t\t<div class=\"elementor-element elementor-element-4effbfc e-con-full e-flex e-con e-child\" data-id=\"4effbfc\" data-element_type=\"container\" data-e-type=\"container\">\n\t\t\t\t<div class=\"elementor-element elementor-element-e1d2051 elementor-widget elementor-widget-image\" data-id=\"e1d2051\" data-element_type=\"widget\" data-e-type=\"widget\" data-widget_type=\"image.default\">\n\t\t\t\t<div class=\"elementor-widget-container\">\n\t\t\t\t\t\t\t\t\t\t\t\t\t\t\t<img loading=\"lazy\" decoding=\"async\" width=\"1024\" height=\"682\" src=\"https:\/\/dramaturgiaparalainfanciaylajuventud.com\/wp-content\/uploads\/2024\/04\/Arts_Esceniques_VI_VLC_1757-1024x682.jpg\" class=\"attachment-large size-large wp-image-2606\" alt=\"\" srcset=\"https:\/\/dramaturgiaparalainfanciaylajuventud.com\/wp-content\/uploads\/2024\/04\/Arts_Esceniques_VI_VLC_1757-1024x682.jpg 1024w, https:\/\/dramaturgiaparalainfanciaylajuventud.com\/wp-content\/uploads\/2024\/04\/Arts_Esceniques_VI_VLC_1757-300x200.jpg 300w, https:\/\/dramaturgiaparalainfanciaylajuventud.com\/wp-content\/uploads\/2024\/04\/Arts_Esceniques_VI_VLC_1757-768x512.jpg 768w, https:\/\/dramaturgiaparalainfanciaylajuventud.com\/wp-content\/uploads\/2024\/04\/Arts_Esceniques_VI_VLC_1757-1536x1024.jpg 1536w, https:\/\/dramaturgiaparalainfanciaylajuventud.com\/wp-content\/uploads\/2024\/04\/Arts_Esceniques_VI_VLC_1757-18x12.jpg 18w, https:\/\/dramaturgiaparalainfanciaylajuventud.com\/wp-content\/uploads\/2024\/04\/Arts_Esceniques_VI_VLC_1757.jpg 1613w\" sizes=\"(max-width: 1024px) 100vw, 1024px\" \/>\t\t\t\t\t\t\t\t\t\t\t\t\t\t\t<\/div>\n\t\t\t\t<\/div>\n\t\t\t\t<\/div>\n\t\t<div class=\"elementor-element elementor-element-3b2bdb8 e-con-full e-flex e-con e-child\" data-id=\"3b2bdb8\" data-element_type=\"container\" data-e-type=\"container\">\n\t\t\t\t<div class=\"elementor-element elementor-element-c73a8c8 elementor-widget elementor-widget-text-editor\" data-id=\"c73a8c8\" data-element_type=\"widget\" data-e-type=\"widget\" data-widget_type=\"text-editor.default\">\n\t\t\t\t<div class=\"elementor-widget-container\">\n\t\t\t\t\t\t\t\t\t<h4><b>Teatro Principal de Valencia<\/b><\/h4><p>El Teatro Principal de Valencia est\u00e1 situado en el distrito de Ciutat Vella y su apertura data del a\u00f1o 1832.<br \/>Actualmente el recinto se dedica principalmente tanto al teatro, como la danza y espect\u00e1culos musicales y cuenta con un aforo de 1226 personas.<\/p><p>Las actividades del Encuentro se celebrar\u00e1n en el Hall.<\/p><p><a style=\"text-decoration-line: underline; -webkit-tap-highlight-color: rgba(0, 0, 0, 0.1); outline: 0px; font-family: arial, sans-serif; font-size: 14px; background-color: #ffffff; cursor: pointer;\" tabindex=\"0\" href=\"https:\/\/www.google.com\/maps\/place\/\/data=!4m2!3m1!1s0xd6048b354483b25:0xe9b2b53af4192847?sa=X&amp;ved=1t:8290&amp;ictx=111\" data-url=\"\/maps\/place\/\/data=!4m2!3m1!1s0xd6048b354483b25:0xe9b2b53af4192847?sa=X&amp;ved=2ahUKEwi17eO1xN-FAxVGX_EDHQToDR0Q4kB6BAgZEAA\">C\/ de les Barques, 15, Ciutat Vella, 46002 Val\u00e8ncia, Valencia<\/a><\/p>\t\t\t\t\t\t\t\t<\/div>\n\t\t\t\t<\/div>\n\t\t\t\t<\/div>\n\t\t\t\t\t<\/div>\n\t\t\t\t<\/div>\n\t\t<div class=\"elementor-element elementor-element-62ac908 e-flex e-con-boxed e-con e-parent\" data-id=\"62ac908\" data-element_type=\"container\" data-e-type=\"container\">\n\t\t\t\t\t<div class=\"e-con-inner\">\n\t\t\t\t<div class=\"elementor-element elementor-element-7cd3344 elementor-widget elementor-widget-google_maps\" data-id=\"7cd3344\" data-element_type=\"widget\" data-e-type=\"widget\" data-widget_type=\"google_maps.default\">\n\t\t\t\t<div class=\"elementor-widget-container\">\n\t\t\t\t\t\t\t<div class=\"elementor-custom-embed\">\n\t\t\t<iframe loading=\"lazy\"\n\t\t\t\t\tsrc=\"https:\/\/maps.google.com\/maps?q=teatre%20principal%20valencia&#038;t=m&#038;z=15&#038;output=embed&#038;iwloc=near\"\n\t\t\t\t\ttitle=\"teatre principal valencia\"\n\t\t\t\t\taria-label=\"teatre principal valencia\"\n\t\t\t><\/iframe>\n\t\t<\/div>\n\t\t\t\t\t\t<\/div>\n\t\t\t\t<\/div>\n\t\t\t\t<div class=\"elementor-element elementor-element-2749827 elementor-widget-divider--view-line elementor-widget elementor-widget-divider\" data-id=\"2749827\" data-element_type=\"widget\" data-e-type=\"widget\" data-widget_type=\"divider.default\">\n\t\t\t\t<div class=\"elementor-widget-container\">\n\t\t\t\t\t\t\t<div class=\"elementor-divider\">\n\t\t\t<span class=\"elementor-divider-separator\">\n\t\t\t\t\t\t<\/span>\n\t\t<\/div>\n\t\t\t\t\t\t<\/div>\n\t\t\t\t<\/div>\n\t\t\t\t\t<\/div>\n\t\t\t\t<\/div>\n\t\t<div class=\"elementor-element elementor-element-f47a6a7 e-flex e-con-boxed e-con e-parent\" data-id=\"f47a6a7\" data-element_type=\"container\" data-e-type=\"container\">\n\t\t\t\t\t<div class=\"e-con-inner\">\n\t\t<div class=\"elementor-element elementor-element-dcb6d8c e-con-full e-flex e-con e-child\" data-id=\"dcb6d8c\" data-element_type=\"container\" data-e-type=\"container\">\n\t\t\t\t<div class=\"elementor-element elementor-element-4838bac elementor-widget elementor-widget-image\" data-id=\"4838bac\" data-element_type=\"widget\" data-e-type=\"widget\" data-widget_type=\"image.default\">\n\t\t\t\t<div class=\"elementor-widget-container\">\n\t\t\t\t\t\t\t\t\t\t\t\t\t\t\t<img loading=\"lazy\" decoding=\"async\" width=\"1024\" height=\"682\" src=\"https:\/\/dramaturgiaparalainfanciaylajuventud.com\/wp-content\/uploads\/2024\/04\/NAVE-DE-RIBES.jpg\" class=\"attachment-large size-large wp-image-2610\" alt=\"\" srcset=\"https:\/\/dramaturgiaparalainfanciaylajuventud.com\/wp-content\/uploads\/2024\/04\/NAVE-DE-RIBES.jpg 1024w, https:\/\/dramaturgiaparalainfanciaylajuventud.com\/wp-content\/uploads\/2024\/04\/NAVE-DE-RIBES-300x200.jpg 300w, https:\/\/dramaturgiaparalainfanciaylajuventud.com\/wp-content\/uploads\/2024\/04\/NAVE-DE-RIBES-768x512.jpg 768w, https:\/\/dramaturgiaparalainfanciaylajuventud.com\/wp-content\/uploads\/2024\/04\/NAVE-DE-RIBES-18x12.jpg 18w\" sizes=\"(max-width: 1024px) 100vw, 1024px\" \/>\t\t\t\t\t\t\t\t\t\t\t\t\t\t\t<\/div>\n\t\t\t\t<\/div>\n\t\t\t\t<\/div>\n\t\t<div class=\"elementor-element elementor-element-54a3638 e-con-full e-flex e-con e-child\" data-id=\"54a3638\" data-element_type=\"container\" data-e-type=\"container\">\n\t\t\t\t<div class=\"elementor-element elementor-element-7e2aaac elementor-widget elementor-widget-text-editor\" data-id=\"7e2aaac\" data-element_type=\"widget\" data-e-type=\"widget\" data-widget_type=\"text-editor.default\">\n\t\t\t\t<div class=\"elementor-widget-container\">\n\t\t\t\t\t\t\t\t\t<h4><b>Ribes <\/b><b>Espai<\/b><b> Cultural<\/b><\/h4><p>El Ribes Espai Universitat Popular es un espacio sociocultural que pertenece a la Universitat Popular de Val\u00e8ncia, situado en una de las naves industriales obra del arquitecto Demetrio Ribes, construidas a principios del siglo XX.<\/p><p><a tabindex=\"0\" href=\"https:\/\/www.google.com\/maps\/place\/\/data=!4m2!3m1!1s0xd604f347a93bbbf:0x2d0ac7dc9b8bf6fd?sa=X&amp;ved=1t:8290&amp;ictx=111\" data-url=\"\/maps\/place\/\/data=!4m2!3m1!1s0xd604f347a93bbbf:0x2d0ac7dc9b8bf6fd?sa=X&amp;ved=2ahUKEwjfg4LDxN-FAxWtVvEDHXU_Cz8Q4kB6BAgZEAA\">C. de les Filipines, 2, L&#8217;Eixample, 46004 Val\u00e8ncia, Valencia<\/a><\/p>\t\t\t\t\t\t\t\t<\/div>\n\t\t\t\t<\/div>\n\t\t\t\t<\/div>\n\t\t\t\t\t<\/div>\n\t\t\t\t<\/div>\n\t\t<div class=\"elementor-element elementor-element-5eace23 e-flex e-con-boxed e-con e-parent\" data-id=\"5eace23\" data-element_type=\"container\" data-e-type=\"container\">\n\t\t\t\t\t<div class=\"e-con-inner\">\n\t\t\t\t<div class=\"elementor-element elementor-element-79a7c21 elementor-widget elementor-widget-google_maps\" data-id=\"79a7c21\" data-element_type=\"widget\" data-e-type=\"widget\" data-widget_type=\"google_maps.default\">\n\t\t\t\t<div class=\"elementor-widget-container\">\n\t\t\t\t\t\t\t<div class=\"elementor-custom-embed\">\n\t\t\t<iframe loading=\"lazy\"\n\t\t\t\t\tsrc=\"https:\/\/maps.google.com\/maps?q=ribes%20espai%20cultural&#038;t=m&#038;z=15&#038;output=embed&#038;iwloc=near\"\n\t\t\t\t\ttitle=\"ribes espai cultural\"\n\t\t\t\t\taria-label=\"ribes espai cultural\"\n\t\t\t><\/iframe>\n\t\t<\/div>\n\t\t\t\t\t\t<\/div>\n\t\t\t\t<\/div>\n\t\t\t\t<div class=\"elementor-element elementor-element-a6893f1 elementor-widget-divider--view-line elementor-widget elementor-widget-divider\" data-id=\"a6893f1\" data-element_type=\"widget\" data-e-type=\"widget\" data-widget_type=\"divider.default\">\n\t\t\t\t<div class=\"elementor-widget-container\">\n\t\t\t\t\t\t\t<div class=\"elementor-divider\">\n\t\t\t<span class=\"elementor-divider-separator\">\n\t\t\t\t\t\t<\/span>\n\t\t<\/div>\n\t\t\t\t\t\t<\/div>\n\t\t\t\t<\/div>\n\t\t\t\t\t<\/div>\n\t\t\t\t<\/div>\n\t\t<div class=\"elementor-element elementor-element-2147dde e-flex e-con-boxed e-con e-parent\" data-id=\"2147dde\" data-element_type=\"container\" data-e-type=\"container\">\n\t\t\t\t\t<div class=\"e-con-inner\">\n\t\t<div class=\"elementor-element elementor-element-6bb92dd e-con-full e-flex e-con e-child\" data-id=\"6bb92dd\" data-element_type=\"container\" data-e-type=\"container\">\n\t\t\t\t<div class=\"elementor-element elementor-element-7a6c63e elementor-widget elementor-widget-image\" data-id=\"7a6c63e\" data-element_type=\"widget\" data-e-type=\"widget\" data-widget_type=\"image.default\">\n\t\t\t\t<div class=\"elementor-widget-container\">\n\t\t\t\t\t\t\t\t\t\t\t\t\t\t\t<img loading=\"lazy\" decoding=\"async\" width=\"960\" height=\"751\" src=\"https:\/\/dramaturgiaparalainfanciaylajuventud.com\/wp-content\/uploads\/2024\/05\/308121789_455262726636878_6254987503558666780_n.jpg\" class=\"attachment-large size-large wp-image-2761\" alt=\"\" srcset=\"https:\/\/dramaturgiaparalainfanciaylajuventud.com\/wp-content\/uploads\/2024\/05\/308121789_455262726636878_6254987503558666780_n.jpg 960w, https:\/\/dramaturgiaparalainfanciaylajuventud.com\/wp-content\/uploads\/2024\/05\/308121789_455262726636878_6254987503558666780_n-300x235.jpg 300w, https:\/\/dramaturgiaparalainfanciaylajuventud.com\/wp-content\/uploads\/2024\/05\/308121789_455262726636878_6254987503558666780_n-768x601.jpg 768w, https:\/\/dramaturgiaparalainfanciaylajuventud.com\/wp-content\/uploads\/2024\/05\/308121789_455262726636878_6254987503558666780_n-15x12.jpg 15w\" sizes=\"(max-width: 960px) 100vw, 960px\" \/>\t\t\t\t\t\t\t\t\t\t\t\t\t\t\t<\/div>\n\t\t\t\t<\/div>\n\t\t\t\t<\/div>\n\t\t<div class=\"elementor-element elementor-element-168d70a e-con-full e-flex e-con e-child\" data-id=\"168d70a\" data-element_type=\"container\" data-e-type=\"container\">\n\t\t\t\t<div class=\"elementor-element elementor-element-736ce46 elementor-widget elementor-widget-text-editor\" data-id=\"736ce46\" data-element_type=\"widget\" data-e-type=\"widget\" data-widget_type=\"text-editor.default\">\n\t\t\t\t<div class=\"elementor-widget-container\">\n\t\t\t\t\t\t\t\t\t<h4><b>Sala SGAE Centre Cultural<br \/><\/b><\/h4><p>La sede de la Fundaci\u00f3n SGAE acoger\u00e1 la celebraci\u00f3n del Laboratorio de creaci\u00f3n dram\u00e1tica impartido por Jokin Oregi.<\/p><p><a href=\"http:\/\/C. de la Blanqueria, 6, Ciutat Vella, 46003 Val\u00e8ncia\" data-wplink-url-error=\"true\">Calle Blanquer\u00edas, 6 46003 Valencia<\/a><\/p>\t\t\t\t\t\t\t\t<\/div>\n\t\t\t\t<\/div>\n\t\t\t\t<\/div>\n\t\t\t\t\t<\/div>\n\t\t\t\t<\/div>\n\t\t<div class=\"elementor-element elementor-element-724a28b e-flex e-con-boxed e-con e-parent\" data-id=\"724a28b\" data-element_type=\"container\" data-e-type=\"container\">\n\t\t\t\t\t<div class=\"e-con-inner\">\n\t\t\t\t<div class=\"elementor-element elementor-element-bafa081 elementor-widget elementor-widget-google_maps\" data-id=\"bafa081\" data-element_type=\"widget\" data-e-type=\"widget\" data-widget_type=\"google_maps.default\">\n\t\t\t\t<div class=\"elementor-widget-container\">\n\t\t\t\t\t\t\t<div class=\"elementor-custom-embed\">\n\t\t\t<iframe loading=\"lazy\"\n\t\t\t\t\tsrc=\"https:\/\/maps.google.com\/maps?q=Fundaci%C3%B3n%20Sgae%20C.%20de%20la%20Blanqueria%2C%206%2C%20Ciutat%20Vella%2C%2046003%20Val%C3%A8ncia&#038;t=m&#038;z=15&#038;output=embed&#038;iwloc=near\"\n\t\t\t\t\ttitle=\"Fundaci\u00f3n Sgae C. de la Blanqueria, 6, Ciutat Vella, 46003 Val\u00e8ncia\"\n\t\t\t\t\taria-label=\"Fundaci\u00f3n Sgae C. de la Blanqueria, 6, Ciutat Vella, 46003 Val\u00e8ncia\"\n\t\t\t><\/iframe>\n\t\t<\/div>\n\t\t\t\t\t\t<\/div>\n\t\t\t\t<\/div>\n\t\t\t\t<div class=\"elementor-element elementor-element-e82fc5b elementor-widget-divider--view-line elementor-widget elementor-widget-divider\" data-id=\"e82fc5b\" data-element_type=\"widget\" data-e-type=\"widget\" data-widget_type=\"divider.default\">\n\t\t\t\t<div class=\"elementor-widget-container\">\n\t\t\t\t\t\t\t<div class=\"elementor-divider\">\n\t\t\t<span class=\"elementor-divider-separator\">\n\t\t\t\t\t\t<\/span>\n\t\t<\/div>\n\t\t\t\t\t\t<\/div>\n\t\t\t\t<\/div>\n\t\t\t\t<div class=\"elementor-element elementor-element-3c8e8c0 elementor-widget elementor-widget-heading\" data-id=\"3c8e8c0\" data-element_type=\"widget\" data-e-type=\"widget\" data-widget_type=\"heading.default\">\n\t\t\t\t<div class=\"elementor-widget-container\">\n\t\t\t\t\t<h1 class=\"elementor-heading-title elementor-size-default\">\u00a1Estamos a punto de empezar!<\/h1>\t\t\t\t<\/div>\n\t\t\t\t<\/div>\n\t\t\t\t\t<\/div>\n\t\t\t\t<\/div>\n\t\t<div class=\"elementor-element elementor-element-460e6e8 e-flex e-con-boxed e-con e-parent\" data-id=\"460e6e8\" data-element_type=\"container\" data-e-type=\"container\">\n\t\t\t\t\t<div class=\"e-con-inner\">\n\t\t\t\t<div class=\"elementor-element elementor-element-40b88d2 elementor-countdown--label-block elementor-widget elementor-widget-countdown\" data-id=\"40b88d2\" data-element_type=\"widget\" data-e-type=\"widget\" data-widget_type=\"countdown.default\">\n\t\t\t\t<div class=\"elementor-widget-container\">\n\t\t\t\t\t\t\t<div class=\"elementor-countdown-wrapper\" data-date=\"1715787480\">\n\t\t\t<div class=\"elementor-countdown-item\"><span class=\"elementor-countdown-digits elementor-countdown-days\"><\/span> <span class=\"elementor-countdown-label\">D\u00edas<\/span><\/div><div class=\"elementor-countdown-item\"><span class=\"elementor-countdown-digits elementor-countdown-hours\"><\/span> <span class=\"elementor-countdown-label\">Horas<\/span><\/div><div class=\"elementor-countdown-item\"><span class=\"elementor-countdown-digits elementor-countdown-minutes\"><\/span> <span class=\"elementor-countdown-label\">Minutos<\/span><\/div><div class=\"elementor-countdown-item\"><span class=\"elementor-countdown-digits elementor-countdown-seconds\"><\/span> <span class=\"elementor-countdown-label\">Segundos<\/span><\/div>\t\t<\/div>\n\t\t\t\t\t\t<\/div>\n\t\t\t\t<\/div>\n\t\t\t\t\t<\/div>\n\t\t\t\t<\/div>\n\t\t\t\t<\/div>\n\t\t","protected":false},"excerpt":{"rendered":"<p>La dramaturgia para la infancia y la juventud en nuestro pa\u00eds se encuentra en un momento\u00a0enormemente rico. Son muchos los autores y sobre todo autoras que vienen\u00a0desarrollando una literatura dram\u00e1tica de alta calidad, arriesgada, con\u00a0nuevos lenguajes, que habla a ni\u00f1os y ni\u00f1as, sin tab\u00faes, de la realidad que ellos y\u00a0ellas comparten.\u00a0 La naturaleza del p\u00fablico &#8230; <a title=\"dramaturgia para la infancia y la juventud\" class=\"read-more\" href=\"https:\/\/dramaturgiaparalainfanciaylajuventud.com\/\" aria-label=\"Leer m\u00e1s sobre dramaturgia para la infancia y la juventud\">Leer m\u00e1s<\/a><\/p>\n","protected":false},"author":1,"featured_media":0,"parent":0,"menu_order":0,"comment_status":"closed","ping_status":"closed","template":"","meta":{"footnotes":""},"class_list":["post-2403","page","type-page","status-publish"],"yoast_head":"<!-- This site is optimized with the Yoast SEO plugin v27.4 - https:\/\/yoast.com\/product\/yoast-seo-wordpress\/ -->\n<title>dramaturgia para la infancia y la juventud | Encuentro de Dramaturgia para la Infancia y la Juventud 2024<\/title>\n<meta name=\"robots\" content=\"index, follow, max-snippet:-1, max-image-preview:large, max-video-preview:-1\" \/>\n<link rel=\"canonical\" href=\"https:\/\/dramaturgiaparalainfanciaylajuventud.com\/\" \/>\n<meta property=\"og:locale\" content=\"es_ES\" \/>\n<meta property=\"og:type\" content=\"article\" \/>\n<meta property=\"og:title\" content=\"dramaturgia para la infancia y la juventud | Encuentro de Dramaturgia para la Infancia y la Juventud 2024\" \/>\n<meta property=\"og:description\" content=\"La dramaturgia para la infancia y la juventud en nuestro pa\u00eds se encuentra en un momento\u00a0enormemente rico. Son muchos los autores y sobre todo autoras que vienen\u00a0desarrollando una literatura dram\u00e1tica de alta calidad, arriesgada, con\u00a0nuevos lenguajes, que habla a ni\u00f1os y ni\u00f1as, sin tab\u00faes, de la realidad que ellos y\u00a0ellas comparten.\u00a0 La naturaleza del p\u00fablico ... Leer m\u00e1s\" \/>\n<meta property=\"og:url\" content=\"https:\/\/dramaturgiaparalainfanciaylajuventud.com\/\" \/>\n<meta property=\"og:site_name\" content=\"Encuentro de Dramaturgia para la Infancia y la Juventud 2024\" \/>\n<meta property=\"article:modified_time\" content=\"2024-05-09T16:12:03+00:00\" \/>\n<meta property=\"og:image\" content=\"https:\/\/dramaturgiaparalainfanciaylajuventud.com\/wp-content\/uploads\/2024\/04\/Sin-titulo-1-668x1024.png\" \/>\n<meta name=\"twitter:card\" content=\"summary_large_image\" \/>\n<meta name=\"twitter:label1\" content=\"Tiempo de lectura\" \/>\n\t<meta name=\"twitter:data1\" content=\"8 minutos\" \/>\n<script type=\"application\/ld+json\" class=\"yoast-schema-graph\">{\"@context\":\"https:\\\/\\\/schema.org\",\"@graph\":[{\"@type\":\"WebPage\",\"@id\":\"https:\\\/\\\/dramaturgiaparalainfanciaylajuventud.com\\\/\",\"url\":\"https:\\\/\\\/dramaturgiaparalainfanciaylajuventud.com\\\/\",\"name\":\"dramaturgia para la infancia y la juventud | Encuentro de Dramaturgia para la Infancia y la Juventud 2024\",\"isPartOf\":{\"@id\":\"https:\\\/\\\/dramaturgiaparalainfanciaylajuventud.com\\\/es_es\\\/#website\"},\"primaryImageOfPage\":{\"@id\":\"https:\\\/\\\/dramaturgiaparalainfanciaylajuventud.com\\\/#primaryimage\"},\"image\":{\"@id\":\"https:\\\/\\\/dramaturgiaparalainfanciaylajuventud.com\\\/#primaryimage\"},\"thumbnailUrl\":\"https:\\\/\\\/dramaturgiaparalainfanciaylajuventud.com\\\/wp-content\\\/uploads\\\/2024\\\/04\\\/Sin-titulo-1-668x1024.png\",\"datePublished\":\"2024-04-23T16:07:47+00:00\",\"dateModified\":\"2024-05-09T16:12:03+00:00\",\"breadcrumb\":{\"@id\":\"https:\\\/\\\/dramaturgiaparalainfanciaylajuventud.com\\\/#breadcrumb\"},\"inLanguage\":\"es\",\"potentialAction\":[{\"@type\":\"ReadAction\",\"target\":[\"https:\\\/\\\/dramaturgiaparalainfanciaylajuventud.com\\\/\"]}]},{\"@type\":\"ImageObject\",\"inLanguage\":\"es\",\"@id\":\"https:\\\/\\\/dramaturgiaparalainfanciaylajuventud.com\\\/#primaryimage\",\"url\":\"https:\\\/\\\/dramaturgiaparalainfanciaylajuventud.com\\\/wp-content\\\/uploads\\\/2024\\\/04\\\/Sin-titulo-1.png\",\"contentUrl\":\"https:\\\/\\\/dramaturgiaparalainfanciaylajuventud.com\\\/wp-content\\\/uploads\\\/2024\\\/04\\\/Sin-titulo-1.png\",\"width\":1604,\"height\":2460},{\"@type\":\"BreadcrumbList\",\"@id\":\"https:\\\/\\\/dramaturgiaparalainfanciaylajuventud.com\\\/#breadcrumb\",\"itemListElement\":[{\"@type\":\"ListItem\",\"position\":1,\"name\":\"Portada\",\"item\":\"https:\\\/\\\/dramaturgiaparalainfanciaylajuventud.com\\\/\"},{\"@type\":\"ListItem\",\"position\":2,\"name\":\"dramaturgia para la infancia y la juventud\"}]},{\"@type\":\"WebSite\",\"@id\":\"https:\\\/\\\/dramaturgiaparalainfanciaylajuventud.com\\\/es_es\\\/#website\",\"url\":\"https:\\\/\\\/dramaturgiaparalainfanciaylajuventud.com\\\/es_es\\\/\",\"name\":\"Encuentro de Dramaturgia para la Infancia y la Juventud 2024\",\"description\":\"\",\"publisher\":{\"@id\":\"https:\\\/\\\/dramaturgiaparalainfanciaylajuventud.com\\\/es_es\\\/#organization\"},\"potentialAction\":[{\"@type\":\"SearchAction\",\"target\":{\"@type\":\"EntryPoint\",\"urlTemplate\":\"https:\\\/\\\/dramaturgiaparalainfanciaylajuventud.com\\\/es_es\\\/?s={search_term_string}\"},\"query-input\":{\"@type\":\"PropertyValueSpecification\",\"valueRequired\":true,\"valueName\":\"search_term_string\"}}],\"inLanguage\":\"es\"},{\"@type\":\"Organization\",\"@id\":\"https:\\\/\\\/dramaturgiaparalainfanciaylajuventud.com\\\/es_es\\\/#organization\",\"name\":\"Encuentro de Dramaturgia para la Infancia y la Juventud 2024\",\"url\":\"https:\\\/\\\/dramaturgiaparalainfanciaylajuventud.com\\\/es_es\\\/\",\"logo\":{\"@type\":\"ImageObject\",\"inLanguage\":\"es\",\"@id\":\"https:\\\/\\\/dramaturgiaparalainfanciaylajuventud.com\\\/es_es\\\/#\\\/schema\\\/logo\\\/image\\\/\",\"url\":\"https:\\\/\\\/dramaturgiaparalainfanciaylajuventud.com\\\/wp-content\\\/uploads\\\/2024\\\/04\\\/Encuentrodramaturgiaweb.png\",\"contentUrl\":\"https:\\\/\\\/dramaturgiaparalainfanciaylajuventud.com\\\/wp-content\\\/uploads\\\/2024\\\/04\\\/Encuentrodramaturgiaweb.png\",\"width\":1024,\"height\":512,\"caption\":\"Encuentro de Dramaturgia para la Infancia y la Juventud 2024\"},\"image\":{\"@id\":\"https:\\\/\\\/dramaturgiaparalainfanciaylajuventud.com\\\/es_es\\\/#\\\/schema\\\/logo\\\/image\\\/\"}}]}<\/script>\n<!-- \/ Yoast SEO plugin. -->","yoast_head_json":{"title":"dramaturgia para la infancia y la juventud | Encuentro de Dramaturgia para la Infancia y la Juventud 2024","robots":{"index":"index","follow":"follow","max-snippet":"max-snippet:-1","max-image-preview":"max-image-preview:large","max-video-preview":"max-video-preview:-1"},"canonical":"https:\/\/dramaturgiaparalainfanciaylajuventud.com\/","og_locale":"es_ES","og_type":"article","og_title":"dramaturgia para la infancia y la juventud | Encuentro de Dramaturgia para la Infancia y la Juventud 2024","og_description":"La dramaturgia para la infancia y la juventud en nuestro pa\u00eds se encuentra en un momento\u00a0enormemente rico. Son muchos los autores y sobre todo autoras que vienen\u00a0desarrollando una literatura dram\u00e1tica de alta calidad, arriesgada, con\u00a0nuevos lenguajes, que habla a ni\u00f1os y ni\u00f1as, sin tab\u00faes, de la realidad que ellos y\u00a0ellas comparten.\u00a0 La naturaleza del p\u00fablico ... Leer m\u00e1s","og_url":"https:\/\/dramaturgiaparalainfanciaylajuventud.com\/","og_site_name":"Encuentro de Dramaturgia para la Infancia y la Juventud 2024","article_modified_time":"2024-05-09T16:12:03+00:00","og_image":[{"url":"https:\/\/dramaturgiaparalainfanciaylajuventud.com\/wp-content\/uploads\/2024\/04\/Sin-titulo-1-668x1024.png","type":"","width":"","height":""}],"twitter_card":"summary_large_image","twitter_misc":{"Tiempo de lectura":"8 minutos"},"schema":{"@context":"https:\/\/schema.org","@graph":[{"@type":"WebPage","@id":"https:\/\/dramaturgiaparalainfanciaylajuventud.com\/","url":"https:\/\/dramaturgiaparalainfanciaylajuventud.com\/","name":"dramaturgia para la infancia y la juventud | Encuentro de Dramaturgia para la Infancia y la Juventud 2024","isPartOf":{"@id":"https:\/\/dramaturgiaparalainfanciaylajuventud.com\/es_es\/#website"},"primaryImageOfPage":{"@id":"https:\/\/dramaturgiaparalainfanciaylajuventud.com\/#primaryimage"},"image":{"@id":"https:\/\/dramaturgiaparalainfanciaylajuventud.com\/#primaryimage"},"thumbnailUrl":"https:\/\/dramaturgiaparalainfanciaylajuventud.com\/wp-content\/uploads\/2024\/04\/Sin-titulo-1-668x1024.png","datePublished":"2024-04-23T16:07:47+00:00","dateModified":"2024-05-09T16:12:03+00:00","breadcrumb":{"@id":"https:\/\/dramaturgiaparalainfanciaylajuventud.com\/#breadcrumb"},"inLanguage":"es","potentialAction":[{"@type":"ReadAction","target":["https:\/\/dramaturgiaparalainfanciaylajuventud.com\/"]}]},{"@type":"ImageObject","inLanguage":"es","@id":"https:\/\/dramaturgiaparalainfanciaylajuventud.com\/#primaryimage","url":"https:\/\/dramaturgiaparalainfanciaylajuventud.com\/wp-content\/uploads\/2024\/04\/Sin-titulo-1.png","contentUrl":"https:\/\/dramaturgiaparalainfanciaylajuventud.com\/wp-content\/uploads\/2024\/04\/Sin-titulo-1.png","width":1604,"height":2460},{"@type":"BreadcrumbList","@id":"https:\/\/dramaturgiaparalainfanciaylajuventud.com\/#breadcrumb","itemListElement":[{"@type":"ListItem","position":1,"name":"Portada","item":"https:\/\/dramaturgiaparalainfanciaylajuventud.com\/"},{"@type":"ListItem","position":2,"name":"dramaturgia para la infancia y la juventud"}]},{"@type":"WebSite","@id":"https:\/\/dramaturgiaparalainfanciaylajuventud.com\/es_es\/#website","url":"https:\/\/dramaturgiaparalainfanciaylajuventud.com\/es_es\/","name":"Encuentro de Dramaturgia para la Infancia y la Juventud 2024","description":"","publisher":{"@id":"https:\/\/dramaturgiaparalainfanciaylajuventud.com\/es_es\/#organization"},"potentialAction":[{"@type":"SearchAction","target":{"@type":"EntryPoint","urlTemplate":"https:\/\/dramaturgiaparalainfanciaylajuventud.com\/es_es\/?s={search_term_string}"},"query-input":{"@type":"PropertyValueSpecification","valueRequired":true,"valueName":"search_term_string"}}],"inLanguage":"es"},{"@type":"Organization","@id":"https:\/\/dramaturgiaparalainfanciaylajuventud.com\/es_es\/#organization","name":"Encuentro de Dramaturgia para la Infancia y la Juventud 2024","url":"https:\/\/dramaturgiaparalainfanciaylajuventud.com\/es_es\/","logo":{"@type":"ImageObject","inLanguage":"es","@id":"https:\/\/dramaturgiaparalainfanciaylajuventud.com\/es_es\/#\/schema\/logo\/image\/","url":"https:\/\/dramaturgiaparalainfanciaylajuventud.com\/wp-content\/uploads\/2024\/04\/Encuentrodramaturgiaweb.png","contentUrl":"https:\/\/dramaturgiaparalainfanciaylajuventud.com\/wp-content\/uploads\/2024\/04\/Encuentrodramaturgiaweb.png","width":1024,"height":512,"caption":"Encuentro de Dramaturgia para la Infancia y la Juventud 2024"},"image":{"@id":"https:\/\/dramaturgiaparalainfanciaylajuventud.com\/es_es\/#\/schema\/logo\/image\/"}}]}},"_links":{"self":[{"href":"https:\/\/dramaturgiaparalainfanciaylajuventud.com\/index.php?rest_route=\/wp\/v2\/pages\/2403","targetHints":{"allow":["GET"]}}],"collection":[{"href":"https:\/\/dramaturgiaparalainfanciaylajuventud.com\/index.php?rest_route=\/wp\/v2\/pages"}],"about":[{"href":"https:\/\/dramaturgiaparalainfanciaylajuventud.com\/index.php?rest_route=\/wp\/v2\/types\/page"}],"author":[{"embeddable":true,"href":"https:\/\/dramaturgiaparalainfanciaylajuventud.com\/index.php?rest_route=\/wp\/v2\/users\/1"}],"replies":[{"embeddable":true,"href":"https:\/\/dramaturgiaparalainfanciaylajuventud.com\/index.php?rest_route=%2Fwp%2Fv2%2Fcomments&post=2403"}],"version-history":[{"count":0,"href":"https:\/\/dramaturgiaparalainfanciaylajuventud.com\/index.php?rest_route=\/wp\/v2\/pages\/2403\/revisions"}],"wp:attachment":[{"href":"https:\/\/dramaturgiaparalainfanciaylajuventud.com\/index.php?rest_route=%2Fwp%2Fv2%2Fmedia&parent=2403"}],"curies":[{"name":"wp","href":"https:\/\/api.w.org\/{rel}","templated":true}]}}